{"id":3817,"date":"2023-07-20T13:02:30","date_gmt":"2023-07-20T11:02:30","guid":{"rendered":"https:\/\/www.lasgabias.es\/portal-transparencia\/?page_id=3817"},"modified":"2023-12-13T13:59:03","modified_gmt":"2023-12-13T12:59:03","slug":"concurso-de-meritos-de-tres-plazas-de-monitor-a-deportivo-a-por-estabilizacion-de-empleo-temporal","status":"publish","type":"page","link":"https:\/\/www.lasgabias.es\/portal-transparencia\/concurso-de-meritos-de-tres-plazas-de-monitor-a-deportivo-a-por-estabilizacion-de-empleo-temporal\/","title":{"rendered":"Concurso de m\u00e9ritos de tres plazas de Monitor\/a Deportivo\/a por estabilizaci\u00f3n de empleo temporal"},"content":{"rendered":"<div class=\"wpb-content-wrapper\"><p>[vc_row][vc_column]<div id=\"ultimate-heading-364869f214bb01fc9\" class=\"uvc-heading ult-adjust-bottom-margin ultimate-heading-364869f214bb01fc9 uvc-4219  uvc-heading-default-font-sizes\" data-hspacer=\"no_spacer\"  data-halign=\"left\" style=\"text-align:left\"><div class=\"uvc-heading-spacer no_spacer\" style=\"top\"><\/div><div class=\"uvc-main-heading ult-responsive\"  data-ultimate-target='.uvc-heading.ultimate-heading-364869f214bb01fc9 h3'  data-responsive-json-new='{\"font-size\":\"\",\"line-height\":\"\"}' ><h3 style=\"font-weight:bold;margin-bottom:10px;\">Concurso de m\u00e9ritos de tres plazas de Monitor\/a Deportivo\/a por estabilizaci\u00f3n de empleo temporal<\/h3><\/div><div class=\"uvc-sub-heading ult-responsive\"  data-ultimate-target='.uvc-heading.ultimate-heading-364869f214bb01fc9 .uvc-sub-heading '  data-responsive-json-new='{\"font-size\":\"\",\"line-height\":\"\"}'  style=\"font-style:italic;font-weight:normal;margin-bottom:10px;\"><\/p>\n<p style=\"text-align: justify\">Documentaci\u00f3n relativa a las bases para la provisi\u00f3n en propiedad, mediante concurso de m\u00e9ritos de tres plazas de Monitor\/a Deportivo\/a, dos plazas a jornada completa y una plaza a tiempo parcial (12 horas semanales), vacante en la plantilla de personal laboral fijo del Ayuntamiento de Las Gabias.<\/p>\n<p><\/div><\/div>[vc_empty_space height=\u00bb22px\u00bb][vc_message color=\u00bbinfo\u00bb]<\/p>\n<p style=\"text-align: justify\"><strong>Estado del proceso selectivo:<\/strong><\/p>\n<div dir=\"ltr\">Anuncio de baremaci\u00f3n definitiva y propuesta de contrataci\u00f3n tras elevar a definitiva la puntuaci\u00f3n de D. Luis Samos Rinc\u00f3n.<\/div>\n<div dir=\"ltr\"><\/div>\n<p>[\/vc_message][vc_empty_space height=\u00bb22px\u00bb][\/vc_column][\/vc_row][vc_row][vc_column][vc_tta_tabs title_tag=\u00bbh5&#8243; style=\u00bbmodern\u00bb color=\u00bbmulled-wine\u00bb active_section=\u00bb1&#8243; title=\u00bbDocumentaci\u00f3n adjunta:\u00bb][vc_tta_section i_icon_fontawesome=\u00bbfas fa-file-pdf\u00bb add_icon=\u00bbtrue\u00bb title=\u00bbBases y anuncios\u00bb tab_id=\u00bb1679074197028-2291d4ea-5b4a\u00bb][vc_row_inner][vc_column_inner]<div class=\"standard-number-list bullet-top\"><ul>\n<li><a href=\"https:\/\/www.lasgabias.es\/wp-content\/uploads\/sites\/8\/2023\/02\/Bases-de-estabilizaci%C3%B3n-personal-funcionario-y-personal-laboral-fijo-mediante-concurso-1-1.pdf\" target=\"_blank\" rel=\"noopener\">Bases de estabilizaci\u00f3n personal funcionario y personal laboral fijo mediante concurso<\/a><\/li>\n<li><strong>20\/12\/2022<\/strong>\u00a0<a href=\"https:\/\/www.lasgabias.es\/wp-content\/uploads\/sites\/8\/2023\/02\/Publicaci%C3%B3n-BOP.pdf\" target=\"_blank\" rel=\"noopener\">Publicaci\u00f3n en BOP<\/a><\/li>\n<li><strong>20\/01\/2023<\/strong>\u00a0<a href=\"https:\/\/www.lasgabias.es\/wp-content\/uploads\/sites\/8\/2023\/02\/Publicaci%C3%B3n-BOJA.pdf\" target=\"_blank\" rel=\"noopener\">Publicaci\u00f3n en BOJA<\/a><\/li>\n<li><strong>06\/02\/2023<\/strong>\u00a0<a href=\"https:\/\/www.lasgabias.es\/wp-content\/uploads\/sites\/8\/2023\/02\/Publicaci%C3%B3n-BOE.pdf\" target=\"_blank\" rel=\"noopener\">Publicaci\u00f3n BOE<\/a><\/li>\n<li><strong>20\/07\/2023<\/strong>\u00a0<a href=\"https:\/\/www.lasgabias.es\/portal-transparencia\/wp-content\/uploads\/sites\/8\/2023\/07\/Anuncio-listado-provisional-de-admitidos-excluidos-Monitor-Deportivo.pdf\" target=\"_blank\" rel=\"noopener\">Anuncio del listado provisional de admitidos y excluidos<\/a><\/li>\n<li><strong>08\/08\/2023\u00a0<\/strong><a href=\"https:\/\/www.lasgabias.es\/portal-transparencia\/wp-content\/uploads\/sites\/8\/2023\/08\/RECTIFICACION-ANUNCIO-LISTADO-PROVISIONAL-3-plazas-Monitor-Deportivo.pdf\" target=\"_blank\" rel=\"noopener\">Rectificaci\u00f3n Anuncio listado provisional de admitidos y excluidos<\/a><\/li>\n<li><strong>09\/08\/2023<\/strong> <a href=\"https:\/\/www.lasgabias.es\/portal-transparencia\/wp-content\/uploads\/sites\/8\/2023\/08\/ANUNCIO-LISTADO-DEFINITIVO-ADMITIDOS-EXCLUIDOS-MONITOR-DEPORTIVO.pdf\" target=\"_blank\" rel=\"noopener\">Anuncio listado definitivo admitidos-excluidos Monitor Deportivo<\/a><\/li>\n<li><strong>11\/08\/2023\u00a0<\/strong> <a href=\"https:\/\/www.lasgabias.es\/portal-transparencia\/wp-content\/uploads\/sites\/8\/2023\/08\/Anuncio-Normas-Funcionamiento-Tribunal-y-Criterios-Baremacion-de-Meritos.pdf\">Anuncio Normas Funcionamiento Tribunal y Criterios Baremaci\u00f3n de M\u00e9ritos<\/a><\/li>\n<li><strong>22\/08\/2023<\/strong> <a href=\"https:\/\/www.lasgabias.es\/portal-transparencia\/wp-content\/uploads\/sites\/8\/2023\/08\/anuncio.pdf\" target=\"_blank\" rel=\"noopener\">Anuncio de puntuaciones provisionales<\/a><\/li>\n<li><strong>22\/09\/2023<\/strong> <a href=\"https:\/\/www.lasgabias.es\/portal-transparencia\/wp-content\/uploads\/sites\/8\/2023\/09\/ANUNCIO-BAREMACION-DEFINITIVA-Y-PROPUESTA-DE-NOMBRAMIENTO.pdf\" target=\"_blank\" rel=\"noopener\">Anuncio de baremaci\u00f3n definitiva y propuesta de contrataci\u00f3n<\/a><\/li>\n<li><strong>09\/11\/2023<\/strong> <a href=\"https:\/\/www.lasgabias.es\/portal-transparencia\/wp-content\/uploads\/sites\/8\/2023\/11\/Anuncio-rectificacion-listado-definitivo-Monitor-Deportivo.pdf\" target=\"_blank\" rel=\"noopener\">Anuncio Rectificaci\u00f3n listado Definitivo de admitidos excluidos 3 Plazas Monitor Deportivo<\/a><\/li>\n<li><strong>30\/11\/2023<\/strong> <a href=\"https:\/\/www.lasgabias.es\/portal-transparencia\/wp-content\/uploads\/sites\/8\/2023\/11\/anuncio-acta-4-baremacion-provisional-.pdf\" target=\"_blank\" rel=\"noopener\">Anuncio de puntuaci\u00f3n provisional de D. Luis Samos Rinc\u00f3n<\/a><\/li>\n<li><strong>13\/12\/2023<\/strong> <a href=\"https:\/\/www.lasgabias.es\/portal-transparencia\/wp-content\/uploads\/sites\/8\/2023\/12\/Anuncio-de-baremacion-definitiva-y-propuesta-de-contratacion-tras-elevar-a-definitiva-la-puntuacion-de-D-Luis-Samos-Rincon.pdf\">Anuncio de baremaci\u00f3n definitiva y propuesta de contrataci\u00f3n tras elevar a definitiva la puntuaci\u00f3n de D Luis Samos Rinc\u00f3n<\/a><\/li>\n<\/ul>\n<\/div>[\/vc_column_inner][\/vc_row_inner][\/vc_tta_section][vc_tta_section i_icon_fontawesome=\u00bbfar fa-edit\u00bb add_icon=\u00bbtrue\u00bb title=\u00bbPlazo Presentaci\u00f3n de Solicitudes\u00bb tab_id=\u00bb1679508176256-9e937d96-1ce5&#8243;][vc_column_text]<\/p>\n<p align=\"justify\">El plazo para presentar las solicitudes ser\u00e1 de veinte d\u00edas h\u00e1biles, a contar desde el siguiente en que aparezca el extracto de la convocatoria del proceso selectivo en el Bolet\u00edn Oficial del Estado (BOE).<\/p>\n<ul>\n<li>Desde el d\u00eda 07\/02\/2023 hasta el d\u00eda 07\/03\/2023, ambos inclusive. <b>(CERRADO)<\/b><\/li>\n<\/ul>\n<p>[\/vc_column_text][\/vc_tta_section][vc_tta_section i_icon_fontawesome=\u00bbfar fa-file-alt\u00bb add_icon=\u00bbtrue\u00bb title=\u00bbSolicitud\u00bb tab_id=\u00bb1679074328015-641a4d7b-8df2&#8243;]<div class=\"standard-arrow bullet-top\"><ul>\n<li><a href=\"https:\/\/www.lasgabias.es\/wp-content\/uploads\/sites\/8\/2023\/02\/ANEXO-II-SOLICITUD-proceso-estabilizaci%C3%B3n-concurso-rellenable.pdf\" target=\"_blank\" rel=\"noopener\">Anexo II: Solicitud<\/a><\/li>\n<li><a href=\"https:\/\/www.lasgabias.es\/wp-content\/uploads\/sites\/8\/2023\/02\/ANEXO-II-AUTOBAREMACION-proceso-estabilizaci%C3%B3n-concurso.pdf\" target=\"_blank\" rel=\"noopener\">Anexo II: Autobaremaci\u00f3n<\/a><\/li>\n<\/ul>\n<\/div>[\/vc_tta_section][\/vc_tta_tabs][\/vc_column][\/vc_row][vc_row][vc_column][\/vc_column][\/vc_row]<\/p>\n<\/div>","protected":false},"excerpt":{"rendered":"<p>[vc_row][vc_column][vc_empty_space height=\u00bb22px\u00bb][vc_message color=\u00bbinfo\u00bb] Estado del proceso selectivo: Anuncio de baremaci\u00f3n definitiva y propuesta de contrataci\u00f3n tras elevar a definitiva la puntuaci\u00f3n de D. Luis Samos Rinc\u00f3n. [\/vc_message][vc_empty_space height=\u00bb22px\u00bb][\/vc_column][\/vc_row][vc_row][vc_column][vc_tta_tabs title_tag=\u00bbh5&#8243; style=\u00bbmodern\u00bb color=\u00bbmulled-wine\u00bb active_section=\u00bb1&#8243; title=\u00bbDocumentaci\u00f3n adjunta:\u00bb][vc_tta_section i_icon_fontawesome=\u00bbfas fa-file-pdf\u00bb add_icon=\u00bbtrue\u00bb title=\u00bbBases y anuncios\u00bb tab_id=\u00bb1679074197028-2291d4ea-5b4a\u00bb][vc_row_inner][vc_column_inner][\/vc_column_inner][\/vc_row_inner][\/vc_tta_section][vc_tta_section i_icon_fontawesome=\u00bbfar fa-edit\u00bb add_icon=\u00bbtrue\u00bb title=\u00bbPlazo Presentaci\u00f3n de Solicitudes\u00bb tab_id=\u00bb1679508176256-9e937d96-1ce5&#8243;][vc_column_text] El plazo para presentar las solicitudes&hellip;<\/p>\n","protected":false},"author":141,"featured_media":0,"parent":0,"menu_order":0,"comment_status":"closed","ping_status":"closed","template":"","meta":{"_acf_changed":false,"footnotes":""},"class_list":["post-3817","page","type-page","status-publish","hentry","description-off"],"acf":[],"_links":{"self":[{"href":"https:\/\/www.lasgabias.es\/portal-transparencia\/wp-json\/wp\/v2\/pages\/3817","targetHints":{"allow":["GET"]}}],"collection":[{"href":"https:\/\/www.lasgabias.es\/portal-transparencia\/wp-json\/wp\/v2\/pages"}],"about":[{"href":"https:\/\/www.lasgabias.es\/portal-transparencia\/wp-json\/wp\/v2\/types\/page"}],"author":[{"embeddable":true,"href":"https:\/\/www.lasgabias.es\/portal-transparencia\/wp-json\/wp\/v2\/users\/141"}],"replies":[{"embeddable":true,"href":"https:\/\/www.lasgabias.es\/portal-transparencia\/wp-json\/wp\/v2\/comments?post=3817"}],"version-history":[{"count":17,"href":"https:\/\/www.lasgabias.es\/portal-transparencia\/wp-json\/wp\/v2\/pages\/3817\/revisions"}],"predecessor-version":[{"id":4678,"href":"https:\/\/www.lasgabias.es\/portal-transparencia\/wp-json\/wp\/v2\/pages\/3817\/revisions\/4678"}],"wp:attachment":[{"href":"https:\/\/www.lasgabias.es\/portal-transparencia\/wp-json\/wp\/v2\/media?parent=3817"}],"curies":[{"name":"wp","href":"https:\/\/api.w.org\/{rel}","templated":true}]}}