{"id":7283,"date":"2025-05-22T13:50:55","date_gmt":"2025-05-22T11:50:55","guid":{"rendered":"https:\/\/www.lasgabias.es\/portal-transparencia\/?page_id=7283"},"modified":"2025-11-06T11:44:46","modified_gmt":"2025-11-06T10:44:46","slug":"concejalias-delegadas","status":"publish","type":"page","link":"https:\/\/www.lasgabias.es\/portal-transparencia\/informacion-institucional\/organos-municipales\/concejalias-delegadas\/","title":{"rendered":"Concejal\u00edas Delegadas"},"content":{"rendered":"<div class=\"wpb-content-wrapper\"><p>[vc_row][vc_column]<div id=\"ultimate-heading-547169f176ca14cc9\" class=\"uvc-heading ult-adjust-bottom-margin ultimate-heading-547169f176ca14cc9 uvc-4083  uvc-heading-default-font-sizes\" data-hspacer=\"line_only\"  data-halign=\"left\" style=\"text-align:left\"><div class=\"uvc-main-heading ult-responsive\"  data-ultimate-target='.uvc-heading.ultimate-heading-547169f176ca14cc9 h2'  data-responsive-json-new='{\"font-size\":\"\",\"line-height\":\"\"}' ><h2 style=\"--font-weight:theme;\">Concejal\u00edas Delegadas<\/h2><\/div><div class=\"uvc-heading-spacer line_only\" style=\"topheight:1px;\"><span class=\"uvc-headings-line\" style=\"border-style:solid;border-bottom-width:1px;border-color:#ccc;width:autopx;\"><\/span><\/div><\/div>[vc_empty_space height=\u00bb22px\u00bb][vc_btn title=\u00bbDECRETO NOMBRAMIENTO Y COMPETENCIAS\u00bb style=\u00bbgradient\u00bb gradient_color_1=\u00bbmulled-wine\u00bb gradient_color_2=\u00bbchino\u00bb size=\u00bblg\u00bb align=\u00bbcenter\u00bb i_icon_fontawesome=\u00bbfa fa-solid fa-file-pdf\u00bb css=\u00bb\u00bb add_icon=\u00bbtrue\u00bb link=\u00bburl:%2Fportal-transparencia%2Fwp-content%2Fuploads%2Fsites%2F8%2F2025%2F11%2Fcertificado-competencias-noviembre-2025-Transparencia.pdf|target:_blank\u00bb][vc_empty_space][\/vc_column][\/vc_row][vc_row][vc_column][vc_tta_accordion section_title_tag=\u00bbp\u00bb style=\u00bbmodern\u00bb color=\u00bbmulled-wine\u00bb spacing=\u00bb5&#8243; gap=\u00bb25&#8243; c_icon=\u00bbtriangle\u00bb active_section=\u00bb15&#8243; collapsible_all=\u00bbtrue\u00bb][vc_tta_section title=\u00bbConcejal\u00eda de Fiestas, Cultura y Promoci\u00f3n de la Ciudad: D. Javier Bravo S\u00e1nchez\u00bb tab_id=\u00bb1751445662424-09846476-0ee7&#8243;][vc_column_text css=\u00bb\u00bb]<\/p>\n<p style=\"text-align: justify;\">Le corresponde la facultad de dirigir los servicios correspondientes, as\u00ed como la de gestionarlos en general, incluida la facultad de resolver mediante actos administrativos que afecten a terceros y la resoluci\u00f3n de los recursos de reposici\u00f3n contra los actos\u00a0 dictados por el \u00f3rgano delegado.<\/p>\n<p><strong>Fiestas:<\/strong><br \/>\n&#8211; La direcci\u00f3n interna y gesti\u00f3n de los servicios de fiestas, incluida la gesti\u00f3n de las ferias de Las Gabias (Patronales, H\u00edjar y Gabia Chica), y actividades con ocasi\u00f3n de la Navidad.<\/p>\n<p><strong>Cultura:<\/strong><br \/>\n&#8211; La direcci\u00f3n y gesti\u00f3n del Servicio de Cultura.<\/p>\n<p>&#8211; Gesti\u00f3n, Conservaci\u00f3n y Promoci\u00f3n del Patrimonio Hist\u00f3rico y de los espacios culturales.<br \/>\n&#8211; Coordinaci\u00f3n de la Semana Santa, las festividades de San Sebasti\u00e1n y San Ant\u00f3n, Candelaria, Carnaval y San Marcos, as\u00ed como el impulso y fomento de las tradiciones locales.<\/p>\n<p><strong>Promoci\u00f3n de la Ciudad:<\/strong><br \/>\n&#8211; Fomento y Desarrollo del Turismo Local.<br \/>\n&#8211; Direcci\u00f3n y Coordinaci\u00f3n de la marca promocional \u201cLas Gabias Ciudad de Eventos\u201d.<br \/>\n&#8211; Direcci\u00f3n y Coordinaci\u00f3n de las acciones promocionales de la ciudad.<\/p>\n<p>&#8211; El impulso y tramitaci\u00f3n de los contratos menores de sus \u00e1reas de delegaci\u00f3n, salvo su adjudicaci\u00f3n.[\/vc_column_text][\/vc_tta_section][vc_tta_section title=\u00bbConcejal\u00eda de Presidencia, Personal, Juventud y Desarrollo: D. Mariano Delgado Beltr\u00e1n\u00bb tab_id=\u00bb1751446134131-580937ac-7d7b\u00bb][vc_column_text css=\u00bb\u00bb]<\/p>\n<p style=\"text-align: justify;\">Le corresponde la facultad de dirigir los servicios correspondientes, as\u00ed como la de gestionarlos en general, incluida la facultad de resolver mediante actos administrativos que afecten a terceros y la resoluci\u00f3n de los recursos de reposici\u00f3n contra los actos\u00a0 dictados por el \u00f3rgano delegado.<\/p>\n<p><strong>Presidencia:<\/strong><br \/>\n&#8211; Relaciones Institucionales, adem\u00e1s de las establecidas con los diferentes grupos pol\u00edticos.<br \/>\n&#8211; La gesti\u00f3n con los medios de comunicaci\u00f3n, as\u00ed como la comunicaci\u00f3n y publicidad institucional.<br \/>\n&#8211; Desarrollo de las pol\u00edticas relativas al r\u00e9gimen interno, asistir a la Alcald\u00eda en materias relacionadas con la organizaci\u00f3n municipal, as\u00ed como en procesos de reorganizaci\u00f3n administrativa y redistribuci\u00f3n competencial.<br \/>\n&#8211; Coordinaci\u00f3n del Personal Eventual de la Instituci\u00f3n.<\/p>\n<p><strong>Personal:<\/strong><br \/>\n&#8211; La direcci\u00f3n y gesti\u00f3n del \u00c1rea de Personal, Formaci\u00f3n y Empleo.<br \/>\n&#8211; Coordinar las actuaciones del Ayuntamiento en la relaci\u00f3n con los trabajadores a trav\u00e9s de sus sindicatos y organizaciones representativas.<br \/>\n&#8211; Establecer la organizaci\u00f3n administrativa y log\u00edstica municipal relacionada con los puestos de trabajo.<br \/>\n&#8211; Desarrollo del Plan de Formaci\u00f3n de los empleados p\u00fablicos.<br \/>\n&#8211; Gesti\u00f3n de las actuaciones relacionadas con la Prevenci\u00f3n de Riesgos Laborales<\/p>\n<p><strong>Juventud:<\/strong><br \/>\n&#8211; La direcci\u00f3n interna y gesti\u00f3n del servicio de Juventud.<br \/>\n&#8211; Coordinaci\u00f3n Plan Municipal de Juventud.<br \/>\n&#8211; Desempe\u00f1ar la gesti\u00f3n municipal destinada a la promoci\u00f3n y desarrollo de las actividades que impliquen la asunci\u00f3n de las aspiraciones y necesidades de la juventud dentro del municipio.<\/p>\n<p><strong>Desarrollo:<\/strong><br \/>\n&#8211; Gesti\u00f3n de las pol\u00edticas y actuaciones de Desarrollo, Programas de Fomento del Empleo y Orientaci\u00f3n Laboral.<br \/>\n&#8211; Implementaci\u00f3n y Desarrollo de la Agenda Urbana en los servicios y gesti\u00f3n municipal.<br \/>\n&#8211; Direcci\u00f3n y Coordinaci\u00f3n de la gesti\u00f3n de Subvenciones, Financiaci\u00f3n Exterior y Fondos Europeos.<\/p>\n<p>&#8211; El impulso y tramitaci\u00f3n de los contratos menores de sus \u00e1reas de delegaci\u00f3n, salvo su adjudicaci\u00f3n.[\/vc_column_text][\/vc_tta_section][vc_tta_section title=\u00bbConcejal\u00eda de Urbanismo, Mantenimiento y Desarrollo Sostenible: D\u00aa. Inmaculada Paloma L\u00f3pez Garc\u00eda\u00bb tab_id=\u00bb1751446568402-a2311d29-5f79&#8243;][vc_column_text css=\u00bb\u00bb]<\/p>\n<p style=\"text-align: justify;\">Le corresponde la facultad de dirigir los servicios correspondientes, as\u00ed como la de gestionarlos en general, incluida la facultad de resolver mediante actos administrativos que afecten a terceros y la resoluci\u00f3n de los recursos de reposici\u00f3n contra los actos\u00a0 dictados por el \u00f3rgano delegado.<\/p>\n<p style=\"text-align: justify;\"><strong>Urbanismo:<\/strong><br \/>\n&#8211; La direcci\u00f3n interna y gesti\u00f3n del servicio de Servicio de Urbanismo.<br \/>\n&#8211; Impulso de los instrumentos de planeamiento, incluyendo la aprobaci\u00f3n de los que competan a la Alcald\u00eda.<br \/>\n&#8211; La gesti\u00f3n de pol\u00edticas en materia de vivienda.<br \/>\n&#8211; La gesti\u00f3n patrimonial y del dominio p\u00fablico, as\u00ed como la protecci\u00f3n y defensa del patrimonio y el inventario municipal de bienes y derechos, salvo la formalizaci\u00f3n de los contratos y concesiones, que corresponder\u00e1 a la Alcald\u00eda.<br \/>\n&#8211; Actividades Econ\u00f3micas.<br \/>\n&#8211; Calificaci\u00f3n ambiental.<br \/>\n&#8211; Organizaci\u00f3n y gesti\u00f3n del cementerio municipal.<\/p>\n<p style=\"text-align: justify;\"><strong>Mantenimiento:<\/strong><br \/>\n&#8211; La direcci\u00f3n interna y gesti\u00f3n del servicio de Mantenimiento (Carpinter\u00eda, Metalister\u00eda, Pintura, Alba\u00f1iler\u00eda, Electricidad y Suministros).<br \/>\n&#8211; Mantenimiento y Reparaci\u00f3n de mobiliario e infraestructuras p\u00fablicas.<br \/>\n&#8211; Asistencia a las diferentes \u00e1reas y servicios municipales para el desarrollo de sus funciones.<br \/>\n&#8211; Asistencia a los eventos municipales.<\/p>\n<p style=\"text-align: justify;\"><strong>Desarrollo Sostenible:<\/strong><br \/>\n&#8211; La gesti\u00f3n de pol\u00edticas en materia de Desarrollo Sostenible, incluyendo Medioambiente, Agua, Agricultura y Bienestar Animal.<br \/>\n&#8211; Planificaci\u00f3n del servicio de gesti\u00f3n de Residuos.<\/p>\n<p style=\"text-align: justify;\">&#8211; El impulso y tramitaci\u00f3n de los contratos menores de sus \u00e1reas de delegaci\u00f3n, salvo su adjudicaci\u00f3n.<\/p>\n<p><strong>Limpieza Viaria y Jardines:<\/strong><\/p>\n<p>&#8211; La direcci\u00f3n interna y gesti\u00f3n del Servicio Municipal de Limpieza Viaria.<\/p>\n<p>&#8211; Mantenimiento y Embellecimiento Zonas Verdes y Jardines.[\/vc_column_text][\/vc_tta_section][vc_tta_section title=\u00bbConcejal\u00eda de H\u00edjar, Derechos Sociales y Desarrollo Educativo: D\u00aa. Cristina Moreno Ayuso\u00bb tab_id=\u00bb1751447155584-5bca9262-da5f\u00bb][vc_column_text css=\u00bb\u00bb]<\/p>\n<p style=\"text-align: justify;\">Le corresponde la facultad de dirigir los servicios correspondientes, as\u00ed como la de gestionarlos en general, incluida la facultad de resolver mediante actos administrativos que afecten a terceros y la resoluci\u00f3n de los recursos de reposici\u00f3n contra los actos\u00a0 dictados por el \u00f3rgano delegado.<\/p>\n<p style=\"text-align: justify;\"><strong>H\u00edjar:<\/strong><br \/>\n&#8211; Coordinar las pol\u00edticas y actuaciones del Ayuntamiento en relaci\u00f3n con el n\u00facleo de poblaci\u00f3n de H\u00edjar.<\/p>\n<p style=\"text-align: justify;\"><strong>Derechos Sociales:<\/strong><br \/>\n&#8211; La direcci\u00f3n interna y gesti\u00f3n del servicio de Servicios Sociales.<br \/>\n&#8211; Dirigir el Centro de Asuntos Sociales Comunitarios.<br \/>\n&#8211; Gesti\u00f3n del Servicio de Ayuda a Domicilio.<br \/>\n&#8211; Asumir las gestiones encaminadas a la Protecci\u00f3n de los Menores, Familias, Dependencia, Inmigraci\u00f3n, Atenci\u00f3n a la Drogodependencia, Minor\u00edas \u00c9tnicas, y Programas de Voluntariado Social.<br \/>\n&#8211; Coordinar las actuaciones del Ayuntamiento en relaci\u00f3n con las organizaciones no gubernamentales con fines humanitarios.<br \/>\n&#8211; Gesti\u00f3n de los servicios y pol\u00edticas en materia de Participaci\u00f3n Ciudadana, incluidas las relaciones con las Asociaciones.<\/p>\n<p style=\"text-align: justify;\"><strong>Desarrollo Educativo<\/strong>:<br \/>\n-La direcci\u00f3n interna y gesti\u00f3n del Servicio de Educaci\u00f3n.<br \/>\n-Llevar a cabo actuaciones de participaci\u00f3n en la programaci\u00f3n de la ense\u00f1anza y en la vigilancia del cumplimiento de la escolaridad obligatoria.<br \/>\n-Coordinar las relaciones del Ayuntamiento con el Consejo Escolar Municipal, los diferentes Consejos Escolares y las Asociaciones de Madres Padres y Alumnos.<br \/>\n-Impulso de proyectos de innovaci\u00f3n y calidad educativa.<\/p>\n<p style=\"text-align: justify;\">&#8211; El impulso y tramitaci\u00f3n de los contratos menores de sus \u00e1reas de delegaci\u00f3n, salvo su adjudicaci\u00f3n.<\/p>\n<p>[\/vc_column_text][\/vc_tta_section][vc_tta_section title=\u00bbConcejal\u00eda de Obras P\u00fablicas, Infraestructuras y Movilidad: D. Daniel Casares Carrillo\u00bb tab_id=\u00bb1751447226145-a93c0ffe-bbd5&#8243;][vc_column_text css=\u00bb\u00bb]<\/p>\n<p style=\"text-align: justify;\">Le corresponde la facultad de dirigir los servicios correspondientes, as\u00ed como la de gestionarlos en general, incluida la facultad de resolver mediante actos administrativos que afecten a terceros y la resoluci\u00f3n de los recursos de reposici\u00f3n contra los actos\u00a0 dictados por el \u00f3rgano delegado.<\/p>\n<p><strong>Obras P\u00fablicas e Infraestructuras:<\/strong><br \/>\n&#8211; La direcci\u00f3n y gesti\u00f3n del Servicio de Obras.<br \/>\n&#8211; La gesti\u00f3n de obras municipales.<br \/>\n&#8211; La gesti\u00f3n de los planes provinciales de cooperaci\u00f3n a las obras.<br \/>\n&#8211; La gesti\u00f3n interna de la ejecuci\u00f3n de las obras de los planes de fomento del<br \/>\nempleo agrario, tanto ordinarios como especiales.<br \/>\n&#8211; Gesti\u00f3n de las infraestructuras y Equipamientos municipales: Edificios Municipales, Centros Educativos, Instalaciones Deportivas y Culturales, Parques Infantiles y Zonas de Ocio.<\/p>\n<p><strong>Movilidad:<\/strong><br \/>\n&#8211; Gesti\u00f3n y Ordenaci\u00f3n del Tr\u00e1fico Urbano y Ocupaci\u00f3n de V\u00eda P\u00fablica, salvo las relacionadas con el Mercado Ambulante.<br \/>\n&#8211; Desarrollo del Plan de Movilidad Urbana Sostenible.<br \/>\n&#8211; Desarrollo del Plan de Accesibilidad.<br \/>\n&#8211; Coordinaci\u00f3n del Servicio P\u00fablico de Transportes.<br \/>\n&#8211; Gesti\u00f3n e Inspecci\u00f3n del Servicio de Taxi.<\/p>\n<p>&#8211; El impulso y tramitaci\u00f3n de los contratos menores de sus \u00e1reas de delegaci\u00f3n, salvo su adjudicaci\u00f3n.[\/vc_column_text][\/vc_tta_section][vc_tta_section title=\u00bbConcejal\u00eda de Seguridad Ciudadana, Protecci\u00f3n Civil y Salud: D. Abraham Guerrero Rinc\u00f3n\u00bb tab_id=\u00bb1751447267238-58fe3969-8dd2&#8243;][vc_column_text css=\u00bb\u00bb]<\/p>\n<p style=\"text-align: justify;\">Le corresponde la facultad de dirigir los servicios correspondientes, as\u00ed como la de gestionarlos en general, incluida la facultad de resolver mediante actos administrativos que afecten a terceros y la resoluci\u00f3n de los recursos de reposici\u00f3n contra los actos\u00a0 dictados por el \u00f3rgano delegado.<\/p>\n<p><strong>Seguridad Ciudadana y Protecci\u00f3n Civil:<\/strong><br \/>\n&#8211; La direcci\u00f3n y gesti\u00f3n del \u00c1rea de Seguridad Ciudadana.<br \/>\n&#8211; Desarrollo de Pol\u00edticas de Seguridad P\u00fablica y Convivencia.<br \/>\n&#8211; Coordinaci\u00f3n de Emergencias y Cat\u00e1strofes.<br \/>\n&#8211; Gesti\u00f3n y Coordinaci\u00f3n Agrupaci\u00f3n Local de Protecci\u00f3n Civil.<br \/>\n&#8211; Gesti\u00f3n y Coordinaci\u00f3n del Proyecto de Smart City de la Ciudad.<br \/>\n&#8211; Impulso de la Digitalizaci\u00f3n de los servicios mediante el uso de dispositivos digitales.<\/p>\n<p><strong>Salud:<\/strong><br \/>\n&#8211; Promoci\u00f3n, defensa y protecci\u00f3n de la salud p\u00fablica.<br \/>\n&#8211; Coordinar las actuaciones del Ayuntamiento en la elaboraci\u00f3n del Plan Local de Salud.<br \/>\n&#8211; Coordinar las relaciones del Ayuntamiento con el Distrito Metropolitano de Salud y la Direcci\u00f3n del Centro de Salud.<\/p>\n<p>&#8211; El impulso y tramitaci\u00f3n de los contratos menores de sus \u00e1reas de delegaci\u00f3n, salvo su adjudicaci\u00f3n.[\/vc_column_text][\/vc_tta_section][vc_tta_section title=\u00bbConcejal\u00eda de Comercio Local y Empresas: D\u00aa. M\u00aa. del Carmen Viceira D\u00edaz\u00bb tab_id=\u00bb1751447269891-55d661a3-3a8e\u00bb][vc_column_text css=\u00bb\u00bb]<\/p>\n<p style=\"text-align: justify;\">Le corresponde la facultad de dirigir los servicios correspondientes, as\u00ed como la de gestionarlos en general, incluida la facultad de resolver mediante actos administrativos que afecten a terceros y la resoluci\u00f3n de los recursos de reposici\u00f3n contra los actos\u00a0 dictados por el \u00f3rgano delegado.<\/p>\n<p><strong>Comercio Local y Empresas:<\/strong><br \/>\n&#8211; Gesti\u00f3n de las Pol\u00edticas relacionadas con el Comercio de Proximidad, Empresas y Aut\u00f3nomos y Consumo.<br \/>\n&#8211; Gesti\u00f3n e impulso del Pol\u00edgono Industrial.<br \/>\n&#8211; Coordinaci\u00f3n de las pol\u00edticas relacionadas con el Mercado Ambulante.<\/p>\n<p>&#8211; El impulso y tramitaci\u00f3n de los contratos menores de sus \u00e1reas de delegaci\u00f3n, salvo su adjudicaci\u00f3n.[\/vc_column_text][\/vc_tta_section][vc_tta_section title=\u00bbConcejal\u00eda de Deportes: D. Sebasti\u00e1n Pert\u00ed\u00f1ez Reyes\u00bb tab_id=\u00bb1751447275678-450394c2-8e48&#8243;][vc_column_text css=\u00bb\u00bb]<\/p>\n<p style=\"text-align: justify;\">Le corresponde la facultad de dirigir los servicios correspondientes, as\u00ed como la de gestionarlos en general, incluida la facultad de resolver mediante actos administrativos que afecten a terceros y la resoluci\u00f3n de los recursos de reposici\u00f3n contra los actos\u00a0 dictados por el \u00f3rgano delegado.<\/p>\n<p><strong>Deportes:<\/strong><br \/>\n&#8211; La direcci\u00f3n interna y gesti\u00f3n del Servicio de Deportes.<br \/>\n&#8211; La formulaci\u00f3n de la planificaci\u00f3n deportiva local.<br \/>\n&#8211; La organizaci\u00f3n de las diferentes instalaciones deportivas.<br \/>\n&#8211; Impulsar la promoci\u00f3n del deporte en el municipio.<br \/>\n&#8211; Coordinar las relaciones del Ayuntamiento con los diferentes Clubes deportivos.<\/p>\n<p>&#8211; El impulso y tramitaci\u00f3n de los contratos menores de sus \u00e1reas de delegaci\u00f3n, salvo su adjudicaci\u00f3n.[\/vc_column_text][\/vc_tta_section][vc_tta_section title=\u00bbConcejal\u00eda de Servicios Generales e Igualdad: D\u00aa. Sonia Moreno Delgado\u00bb tab_id=\u00bb1751447285522-e1db61c8-6edf\u00bb][vc_column_text css=\u00bb\u00bb]<\/p>\n<p style=\"text-align: justify;\">Le corresponde la facultad de dirigir los servicios correspondientes, as\u00ed como la de gestionarlos en general, incluida la facultad de resolver mediante actos administrativos que afecten a terceros y la resoluci\u00f3n de los recursos de reposici\u00f3n contra los actos\u00a0 dictados por el \u00f3rgano delegado.<\/p>\n<p><strong>Servicios Generales:<\/strong><br \/>\n&#8211; La direcci\u00f3n y gesti\u00f3n del \u00c1rea de Secretar\u00eda, Contrataci\u00f3n y Nuevas Tecnolog\u00edas, sin perjuicio de las funciones que corresponden al funcionario que desempe\u00f1e el puesto de Secretar\u00eda.<br \/>\n&#8211; Responsabilidad patrimonial de la Administraci\u00f3n.<br \/>\n&#8211; La direcci\u00f3n y gesti\u00f3n de la Administraci\u00f3n Electr\u00f3nica, la Sede Electr\u00f3nica y el Portal Web, as\u00ed como el desarrollo de las pol\u00edticas de modernizaci\u00f3n administrativa.<br \/>\n&#8211; Impulso de las pol\u00edticas Antifraude y de la Transparencia.<br \/>\n&#8211; Seguimiento y Control del Plan Normativo Municipal.<br \/>\n&#8211; La direcci\u00f3n interna y gesti\u00f3n de la Oficina de Atenci\u00f3n Ciudadana.<\/p>\n<p><strong>Igualdad:<\/strong><br \/>\n&#8211; La direcci\u00f3n interna y gesti\u00f3n del servicio de Igualdad.<br \/>\n&#8211; Desarrollo de Pol\u00edticas de Diversidad.<br \/>\n&#8211; Asumir las gestiones encaminadas a la defensa de los derechos de la Mujer.<br \/>\n&#8211; Coordinaci\u00f3n Plan Municipal de Igualdad.<\/p>\n<p>&#8211; El impulso y tramitaci\u00f3n de los contratos menores de sus \u00e1reas de delegaci\u00f3n, salvo su adjudicaci\u00f3n.[\/vc_column_text][\/vc_tta_section][vc_tta_section title=\u00bbConcejal\u00eda de Mayores y Bibliotecas: D\u00aa. Miriam Ramos Fern\u00e1ndez\u00bb tab_id=\u00bb1751447287692-83631850-f5a2&#8243;][vc_column_text css=\u00bb\u00bb]<\/p>\n<p style=\"text-align: justify;\">Le corresponde la facultad de dirigir los servicios correspondientes, as\u00ed como la de gestionarlos en general, incluida la facultad de resolver mediante actos administrativos que afecten a terceros y la resoluci\u00f3n de los recursos de reposici\u00f3n contra los actos\u00a0 dictados por el \u00f3rgano delegado.<\/p>\n<p><strong>Mayores:<\/strong><br \/>\n&#8211; La direcci\u00f3n interna y gesti\u00f3n del servicio de Mayores.<br \/>\n&#8211; Asumir las gestiones encaminadas a la Protecci\u00f3n de la Tercera Edad y la Promoci\u00f3n del Envejecimiento Activo.<br \/>\n&#8211; Coordinaci\u00f3n y Gesti\u00f3n del Hogar del Pensionista de Las Gabias y sus servicios.<\/p>\n<p><strong>Bibliotecas:<\/strong><br \/>\n&#8211; La direcci\u00f3n y gesti\u00f3n de las Bibliotecas Municipales.<\/p>\n<p>&#8211; El impulso y tramitaci\u00f3n de los contratos menores de sus \u00e1reas de delegaci\u00f3n, salvo su adjudicaci\u00f3n.[\/vc_column_text][\/vc_tta_section][\/vc_tta_accordion][\/vc_column][\/vc_row]<\/p>\n<\/div>","protected":false},"excerpt":{"rendered":"<p>[vc_row][vc_column][vc_empty_space height=\u00bb22px\u00bb][vc_btn title=\u00bbDECRETO NOMBRAMIENTO Y COMPETENCIAS\u00bb style=\u00bbgradient\u00bb gradient_color_1=\u00bbmulled-wine\u00bb gradient_color_2=\u00bbchino\u00bb size=\u00bblg\u00bb align=\u00bbcenter\u00bb i_icon_fontawesome=\u00bbfa fa-solid fa-file-pdf\u00bb css=\u00bb\u00bb add_icon=\u00bbtrue\u00bb link=\u00bburl:%2Fportal-transparencia%2Fwp-content%2Fuploads%2Fsites%2F8%2F2025%2F11%2Fcertificado-competencias-noviembre-2025-Transparencia.pdf|target:_blank\u00bb][vc_empty_space][\/vc_column][\/vc_row][vc_row][vc_column][vc_tta_accordion section_title_tag=\u00bbp\u00bb style=\u00bbmodern\u00bb color=\u00bbmulled-wine\u00bb spacing=\u00bb5&#8243; gap=\u00bb25&#8243; c_icon=\u00bbtriangle\u00bb active_section=\u00bb15&#8243; collapsible_all=\u00bbtrue\u00bb][vc_tta_section title=\u00bbConcejal\u00eda de Fiestas, Cultura y Promoci\u00f3n de la Ciudad: D. Javier Bravo S\u00e1nchez\u00bb tab_id=\u00bb1751445662424-09846476-0ee7&#8243;][vc_column_text css=\u00bb\u00bb] Le corresponde la facultad de dirigir los servicios correspondientes, as\u00ed como la de gestionarlos en&hellip;<\/p>\n","protected":false},"author":141,"featured_media":0,"parent":2510,"menu_order":0,"comment_status":"closed","ping_status":"closed","template":"","meta":{"_acf_changed":false,"footnotes":""},"class_list":["post-7283","page","type-page","status-publish","hentry","description-off"],"acf":[],"_links":{"self":[{"href":"https:\/\/www.lasgabias.es\/portal-transparencia\/wp-json\/wp\/v2\/pages\/7283","targetHints":{"allow":["GET"]}}],"collection":[{"href":"https:\/\/www.lasgabias.es\/portal-transparencia\/wp-json\/wp\/v2\/pages"}],"about":[{"href":"https:\/\/www.lasgabias.es\/portal-transparencia\/wp-json\/wp\/v2\/types\/page"}],"author":[{"embeddable":true,"href":"https:\/\/www.lasgabias.es\/portal-transparencia\/wp-json\/wp\/v2\/users\/141"}],"replies":[{"embeddable":true,"href":"https:\/\/www.lasgabias.es\/portal-transparencia\/wp-json\/wp\/v2\/comments?post=7283"}],"version-history":[{"count":25,"href":"https:\/\/www.lasgabias.es\/portal-transparencia\/wp-json\/wp\/v2\/pages\/7283\/revisions"}],"predecessor-version":[{"id":8039,"href":"https:\/\/www.lasgabias.es\/portal-transparencia\/wp-json\/wp\/v2\/pages\/7283\/revisions\/8039"}],"up":[{"embeddable":true,"href":"https:\/\/www.lasgabias.es\/portal-transparencia\/wp-json\/wp\/v2\/pages\/2510"}],"wp:attachment":[{"href":"https:\/\/www.lasgabias.es\/portal-transparencia\/wp-json\/wp\/v2\/media?parent=7283"}],"curies":[{"name":"wp","href":"https:\/\/api.w.org\/{rel}","templated":true}]}}