{"id":9,"date":"2016-01-29T10:14:02","date_gmt":"2016-01-29T10:14:02","guid":{"rendered":"https:\/\/the7.io\/beauty-studio\/?page_id=9"},"modified":"2023-06-15T09:12:11","modified_gmt":"2023-06-15T07:12:11","slug":"entradas-recientes","status":"publish","type":"page","link":"https:\/\/www.lasgabias.es\/portal-transparencia\/entradas-recientes\/","title":{"rendered":"Entradas Recientes"},"content":{"rendered":"<div class=\"wpb-content-wrapper\"><p>[vc_row type=\u00bbvc_default\u00bb css=\u00bb.vc_custom_1498223944066{padding-top: 60px !important;padding-bottom: 70px !important;}\u00bb][vc_column]<style type=\"text\/css\" data-type=\"the7_shortcodes-inline-css\">.blog-shortcode.blog-masonry-shortcode-id-5e00cae3d20fbbf2e51cf527e940f37a.dividers-on.classic-layout-list article {\n  padding-top: 0;\n}\n.blog-shortcode.blog-masonry-shortcode-id-5e00cae3d20fbbf2e51cf527e940f37a.dividers-on.classic-layout-list article:first-of-type {\n  margin-top: 0;\n  padding-top: 0;\n}\n.blog-shortcode.blog-masonry-shortcode-id-5e00cae3d20fbbf2e51cf527e940f37a.classic-layout-list.mode-list .post-entry-content {\n  width: calc(100% - );\n}\n.blog-shortcode.blog-masonry-shortcode-id-5e00cae3d20fbbf2e51cf527e940f37a.classic-layout-list.mode-list .no-img .post-entry-content {\n  width: 100%;\n}\n.blog-shortcode.blog-masonry-shortcode-id-5e00cae3d20fbbf2e51cf527e940f37a .filter {\n  margin-bottom: 40px;\n}\n.blog-shortcode.blog-masonry-shortcode-id-5e00cae3d20fbbf2e51cf527e940f37a .filter-bg-decoration .filter-categories a.act {\n  color: #fff;\n}\n.blog-shortcode.blog-masonry-shortcode-id-5e00cae3d20fbbf2e51cf527e940f37a:not(.mode-masonry) article:first-of-type,\n.blog-shortcode.blog-masonry-shortcode-id-5e00cae3d20fbbf2e51cf527e940f37a:not(.mode-masonry) article.visible.first:not(.product) {\n  margin-top: 0;\n}\n.blog-shortcode.blog-masonry-shortcode-id-5e00cae3d20fbbf2e51cf527e940f37a.dividers-on:not(.mode-masonry) article {\n  margin-top: 0;\n}\n.blog-shortcode.blog-masonry-shortcode-id-5e00cae3d20fbbf2e51cf527e940f37a.dividers-on:not(.mode-masonry) article:first-of-type,\n.blog-shortcode.blog-masonry-shortcode-id-5e00cae3d20fbbf2e51cf527e940f37a.dividers-on:not(.mode-masonry) article.visible.first:not(.product) {\n  margin-top: 0;\n  padding-top: 0;\n}\n.blog-shortcode.blog-masonry-shortcode-id-5e00cae3d20fbbf2e51cf527e940f37a .post-thumbnail-wrap {\n  padding: 0px 0px 0px 0px;\n}\n.blog-shortcode.blog-masonry-shortcode-id-5e00cae3d20fbbf2e51cf527e940f37a.enable-bg-rollover .post-thumbnail-rollover:after {\n  background: -webkit-linear-gradient();\n  background: linear-gradient();\n}\n.blog-shortcode.blog-masonry-shortcode-id-5e00cae3d20fbbf2e51cf527e940f37a .gallery-zoom-ico {\n  width: 44px;\n  height: 44px;\n  line-height: 44px;\n  border-radius: 100px;\n  margin: -22px 0 0 -22px;\n  border-width: 0px;\n  color: #ffffff;\n}\n.bottom-overlap-layout-list.blog-shortcode.blog-masonry-shortcode-id-5e00cae3d20fbbf2e51cf527e940f37a .gallery-zoom-ico {\n  margin-top: -72px;\n}\n.gradient-overlay-layout-list.blog-shortcode.blog-masonry-shortcode-id-5e00cae3d20fbbf2e51cf527e940f37a .gallery-zoom-ico,\n.content-rollover-layout-list.blog-shortcode.blog-masonry-shortcode-id-5e00cae3d20fbbf2e51cf527e940f37a .gallery-zoom-ico {\n  margin: 0 0 10px;\n}\n.content-align-center.gradient-overlay-layout-list.blog-shortcode.blog-masonry-shortcode-id-5e00cae3d20fbbf2e51cf527e940f37a .gallery-zoom-ico,\n.content-align-center.content-rollover-layout-list.blog-shortcode.blog-masonry-shortcode-id-5e00cae3d20fbbf2e51cf527e940f37a .gallery-zoom-ico {\n  margin: 0 auto 10px;\n}\n.dt-icon-bg-on.blog-shortcode.blog-masonry-shortcode-id-5e00cae3d20fbbf2e51cf527e940f37a .gallery-zoom-ico {\n  background: rgba(255,255,255,0.3);\n  box-shadow: none;\n}\n.blog-shortcode.blog-masonry-shortcode-id-5e00cae3d20fbbf2e51cf527e940f37a .gallery-zoom-ico > span,\n.blog-shortcode.blog-masonry-shortcode-id-5e00cae3d20fbbf2e51cf527e940f37a .gallery-zoom-ico:before {\n  font-size: 32px;\n  line-height: 44px;\n}\n.blog-shortcode.blog-masonry-shortcode-id-5e00cae3d20fbbf2e51cf527e940f37a .gallery-zoom-ico > span,\n.blog-shortcode.blog-masonry-shortcode-id-5e00cae3d20fbbf2e51cf527e940f37a .gallery-zoom-ico:before {\n  color: #ffffff;\n}\n.blog-shortcode.blog-masonry-shortcode-id-5e00cae3d20fbbf2e51cf527e940f37a .fancy-date a * {\n  color: #1f365c;\n}\n.blog-shortcode.blog-masonry-shortcode-id-5e00cae3d20fbbf2e51cf527e940f37a .entry-title,\n.blog-shortcode.blog-masonry-shortcode-id-5e00cae3d20fbbf2e51cf527e940f37a.owl-carousel .entry-title {\n  margin-bottom: 5px;\n  font-size: 20px;\n  line-height: 26px;\n  font-weight: bold;\n}\n.blog-shortcode.blog-masonry-shortcode-id-5e00cae3d20fbbf2e51cf527e940f37a .entry-meta {\n  margin-bottom: 15px;\n}\n.blog-shortcode.blog-masonry-shortcode-id-5e00cae3d20fbbf2e51cf527e940f37a .portfolio-categories {\n  margin-bottom: 15px;\n}\n.blog-shortcode.blog-masonry-shortcode-id-5e00cae3d20fbbf2e51cf527e940f37a .entry-excerpt {\n  margin-bottom: 5px;\n}\n.blog-shortcode.blog-masonry-shortcode-id-5e00cae3d20fbbf2e51cf527e940f37a:not(.centered-layout-list) .post-entry-content {\n  padding: 25px 0px 10px 0px;\n}\n.blog-shortcode.blog-masonry-shortcode-id-5e00cae3d20fbbf2e51cf527e940f37a:not(.centered-layout-list):not(.content-bg-on):not(.mode-list) .no-img .post-entry-content {\n  padding: 0;\n}\n@media screen and (max-width: ) {\n  .blog-shortcode.blog-masonry-shortcode-id-5e00cae3d20fbbf2e51cf527e940f37a article {\n    -ms-flex-flow: column nowrap;\n    flex-flow: column nowrap;\n    margin-top: 20px;\n  }\n  .blog-shortcode.blog-masonry-shortcode-id-5e00cae3d20fbbf2e51cf527e940f37a.dividers-on article {\n    border: none;\n  }\n  .blog-shortcode.blog-masonry-shortcode-id-5e00cae3d20fbbf2e51cf527e940f37a.content-bg-on.centered-layout-list article {\n    padding: 0;\n  }\n  .blog-shortcode.blog-masonry-shortcode-id-5e00cae3d20fbbf2e51cf527e940f37a.blog-shortcode.dividers-on article,\n  .blog-shortcode.blog-masonry-shortcode-id-5e00cae3d20fbbf2e51cf527e940f37a.dividers-on.classic-layout-list article {\n    margin-top: 20px;\n    padding: 0;\n  }\n  .blog-shortcode.blog-masonry-shortcode-id-5e00cae3d20fbbf2e51cf527e940f37a.blog-shortcode.dividers-on article:first-of-type,\n  .blog-shortcode.blog-masonry-shortcode-id-5e00cae3d20fbbf2e51cf527e940f37a.dividers-on.classic-layout-list article:first-of-type {\n    padding: 0;\n  }\n  #page .blog-shortcode.blog-masonry-shortcode-id-5e00cae3d20fbbf2e51cf527e940f37a .post-thumbnail-wrap,\n  #page .blog-shortcode.blog-masonry-shortcode-id-5e00cae3d20fbbf2e51cf527e940f37a .post-entry-content {\n    width: 100%;\n    margin: 0;\n    top: 0;\n  }\n  #page .blog-shortcode.blog-masonry-shortcode-id-5e00cae3d20fbbf2e51cf527e940f37a .post-thumbnail-wrap {\n    padding: 0;\n  }\n  #page .blog-shortcode.blog-masonry-shortcode-id-5e00cae3d20fbbf2e51cf527e940f37a .post-entry-content:after {\n    display: none;\n  }\n  #page .blog-shortcode.blog-masonry-shortcode-id-5e00cae3d20fbbf2e51cf527e940f37a .project-even .post-thumbnail-wrap,\n  #page .blog-shortcode.blog-masonry-shortcode-id-5e00cae3d20fbbf2e51cf527e940f37a.centered-layout-list .post-thumbnail-wrap {\n    -ms-flex-order: 0;\n    order: 0;\n  }\n  #page .blog-shortcode.blog-masonry-shortcode-id-5e00cae3d20fbbf2e51cf527e940f37a.centered-layout-list .post-entry-title-content {\n    -ms-flex-order: 1;\n    order: 1;\n    width: 100%;\n    padding: 20px 20px 0;\n  }\n  #page .blog-shortcode.blog-masonry-shortcode-id-5e00cae3d20fbbf2e51cf527e940f37a.centered-layout-list .post-entry-content {\n    -ms-flex-order: 2;\n    order: 2;\n    padding-top: 0;\n  }\n  #page .blog-shortcode.blog-masonry-shortcode-id-5e00cae3d20fbbf2e51cf527e940f37a .fancy-categories {\n    top: 10px;\n    left: 10px;\n    bottom: auto;\n    right: auto;\n  }\n  #page .blog-shortcode.blog-masonry-shortcode-id-5e00cae3d20fbbf2e51cf527e940f37a .fancy-date a {\n    top: 10px;\n    right: 10px;\n    left: auto;\n    bottom: auto;\n  }\n  #page .blog-shortcode.blog-masonry-shortcode-id-5e00cae3d20fbbf2e51cf527e940f37a .post-entry-content {\n    padding: 20px;\n  }\n  #page .blog-shortcode.blog-masonry-shortcode-id-5e00cae3d20fbbf2e51cf527e940f37a .entry-title {\n    margin: 3px 0 5px;\n    font-size: 20px;\n    line-height: 26px;\n  }\n  #page .blog-shortcode.blog-masonry-shortcode-id-5e00cae3d20fbbf2e51cf527e940f37a .entry-meta {\n    margin: 5px 0 5px;\n  }\n  #page .blog-shortcode.blog-masonry-shortcode-id-5e00cae3d20fbbf2e51cf527e940f37a .entry-excerpt {\n    margin: 15px 0 0;\n  }\n  #page .blog-shortcode.blog-masonry-shortcode-id-5e00cae3d20fbbf2e51cf527e940f37a .post-details {\n    margin: 5px 0 10px;\n  }\n  #page .blog-shortcode.blog-masonry-shortcode-id-5e00cae3d20fbbf2e51cf527e940f37a .post-details.details-type-link {\n    margin-bottom: 2px;\n  }\n}\n.blog-shortcode.blog-masonry-shortcode-id-5e00cae3d20fbbf2e51cf527e940f37a:not(.resize-by-browser-width) .dt-css-grid {\n  grid-row-gap: 50px;\n  grid-column-gap: 50px;\n  grid-template-columns: repeat(auto-fill,minmax(,1fr));\n}\n.blog-shortcode.blog-masonry-shortcode-id-5e00cae3d20fbbf2e51cf527e940f37a:not(.resize-by-browser-width) .dt-css-grid .double-width {\n  grid-column: span 2;\n}\n.cssgridlegacy.no-cssgrid .blog-shortcode.blog-masonry-shortcode-id-5e00cae3d20fbbf2e51cf527e940f37a:not(.resize-by-browser-width) .dt-css-grid,\n.no-cssgridlegacy.no-cssgrid .blog-shortcode.blog-masonry-shortcode-id-5e00cae3d20fbbf2e51cf527e940f37a:not(.resize-by-browser-width) .dt-css-grid {\n  display: flex;\n  flex-flow: row wrap;\n  margin: -25px;\n}\n.cssgridlegacy.no-cssgrid .blog-shortcode.blog-masonry-shortcode-id-5e00cae3d20fbbf2e51cf527e940f37a:not(.resize-by-browser-width) .dt-css-grid .wf-cell,\n.no-cssgridlegacy.no-cssgrid .blog-shortcode.blog-masonry-shortcode-id-5e00cae3d20fbbf2e51cf527e940f37a:not(.resize-by-browser-width) .dt-css-grid .wf-cell {\n  flex: 1 0 ;\n  max-width: 100%;\n  padding: 25px;\n  box-sizing: border-box;\n}\n.blog-shortcode.blog-masonry-shortcode-id-5e00cae3d20fbbf2e51cf527e940f37a.resize-by-browser-width .dt-css-grid {\n  grid-template-columns: repeat(4,1fr);\n  grid-template-rows: auto;\n  grid-column-gap: 50px;\n  grid-row-gap: 50px;\n}\n.blog-shortcode.blog-masonry-shortcode-id-5e00cae3d20fbbf2e51cf527e940f37a.resize-by-browser-width .dt-css-grid .double-width {\n  grid-column: span 2;\n}\n.cssgridlegacy.no-cssgrid .blog-shortcode.blog-masonry-shortcode-id-5e00cae3d20fbbf2e51cf527e940f37a.resize-by-browser-width .dt-css-grid {\n  margin: -25px;\n}\n.cssgridlegacy.no-cssgrid .blog-shortcode.blog-masonry-shortcode-id-5e00cae3d20fbbf2e51cf527e940f37a.resize-by-browser-width .dt-css-grid .wf-cell {\n  width: 25%;\n  padding: 25px;\n}\n.cssgridlegacy.no-cssgrid .blog-shortcode.blog-masonry-shortcode-id-5e00cae3d20fbbf2e51cf527e940f37a.resize-by-browser-width .dt-css-grid .wf-cell.double-width {\n  width: calc(25%) * 2;\n}\n.blog-shortcode.blog-masonry-shortcode-id-5e00cae3d20fbbf2e51cf527e940f37a.resize-by-browser-width:not(.centered-layout-list):not(.content-bg-on) .dt-css-grid {\n  grid-row-gap: 40px;\n}\n@media screen and (max-width: 1199px) {\n  .blog-shortcode.blog-masonry-shortcode-id-5e00cae3d20fbbf2e51cf527e940f37a.resize-by-browser-width .dt-css-grid {\n    grid-template-columns: repeat(3,1fr);\n  }\n  .cssgridlegacy.no-cssgrid .blog-shortcode.blog-masonry-shortcode-id-5e00cae3d20fbbf2e51cf527e940f37a.resize-by-browser-width .dt-css-grid .wf-cell,\n  .no-cssgridlegacy.no-cssgrid .blog-shortcode.blog-masonry-shortcode-id-5e00cae3d20fbbf2e51cf527e940f37a.resize-by-browser-width .dt-css-grid .wf-cell {\n    width: 33.333333333333%;\n  }\n  .cssgridlegacy.no-cssgrid .blog-shortcode.blog-masonry-shortcode-id-5e00cae3d20fbbf2e51cf527e940f37a.resize-by-browser-width .dt-css-grid .wf-cell.double-width,\n  .no-cssgridlegacy.no-cssgrid .blog-shortcode.blog-masonry-shortcode-id-5e00cae3d20fbbf2e51cf527e940f37a.resize-by-browser-width .dt-css-grid .wf-cell.double-width {\n    width: calc(33.333333333333%)*2;\n  }\n}\n@media screen and (max-width: 991px) {\n  .blog-shortcode.blog-masonry-shortcode-id-5e00cae3d20fbbf2e51cf527e940f37a.resize-by-browser-width .dt-css-grid {\n    grid-template-columns: repeat(2,1fr);\n  }\n  .cssgridlegacy.no-cssgrid .blog-shortcode.blog-masonry-shortcode-id-5e00cae3d20fbbf2e51cf527e940f37a.resize-by-browser-width .dt-css-grid .wf-cell,\n  .no-cssgridlegacy.no-cssgrid .blog-shortcode.blog-masonry-shortcode-id-5e00cae3d20fbbf2e51cf527e940f37a.resize-by-browser-width .dt-css-grid .wf-cell {\n    width: 50%;\n  }\n  .cssgridlegacy.no-cssgrid .blog-shortcode.blog-masonry-shortcode-id-5e00cae3d20fbbf2e51cf527e940f37a.resize-by-browser-width .dt-css-grid .wf-cell.double-width,\n  .no-cssgridlegacy.no-cssgrid .blog-shortcode.blog-masonry-shortcode-id-5e00cae3d20fbbf2e51cf527e940f37a.resize-by-browser-width .dt-css-grid .wf-cell.double-width {\n    width: calc(50%)*2;\n  }\n}\n@media screen and (max-width: 767px) {\n  .blog-shortcode.blog-masonry-shortcode-id-5e00cae3d20fbbf2e51cf527e940f37a.resize-by-browser-width .dt-css-grid {\n    grid-template-columns: repeat(1,1fr);\n  }\n  .blog-shortcode.blog-masonry-shortcode-id-5e00cae3d20fbbf2e51cf527e940f37a.resize-by-browser-width .dt-css-grid .double-width {\n    grid-column: span 1;\n  }\n  .cssgridlegacy.no-cssgrid .blog-shortcode.blog-masonry-shortcode-id-5e00cae3d20fbbf2e51cf527e940f37a.resize-by-browser-width .dt-css-grid .wf-cell,\n  .no-cssgridlegacy.no-cssgrid .blog-shortcode.blog-masonry-shortcode-id-5e00cae3d20fbbf2e51cf527e940f37a.resize-by-browser-width .dt-css-grid .wf-cell {\n    width: 100%;\n  }\n  .cssgridlegacy.no-cssgrid .blog-shortcode.blog-masonry-shortcode-id-5e00cae3d20fbbf2e51cf527e940f37a.resize-by-browser-width .dt-css-grid .wf-cell.double-width,\n  .no-cssgridlegacy.no-cssgrid .blog-shortcode.blog-masonry-shortcode-id-5e00cae3d20fbbf2e51cf527e940f37a.resize-by-browser-width .dt-css-grid .wf-cell.double-width {\n    width: calc(100%)*2;\n  }\n}<\/style><div class=\"blog-shortcode blog-masonry-shortcode-id-5e00cae3d20fbbf2e51cf527e940f37a mode-grid classic-layout-list jquery-filter vertical-fancy-style dt-css-grid-wrap dt-icon-bg-off resize-by-browser-width loading-effect-none description-under-image \" data-padding=\"25px\" data-cur-page=\"1\" data-post-limit=\"8\" data-pagination-mode=\"load-more\" aria-live=\"assertive\" data-desktop-columns-num=\"4\" data-v-tablet-columns-num=\"2\" data-h-tablet-columns-num=\"3\" data-phone-columns-num=\"1\" data-width=\"0px\" data-columns=\"0\"><div class=\"iso-filter css-grid-filter filter\"><div class=\"filter-categories\" data-default-order=\"desc\" data-default-orderby=\"date\"><a href=\"https:\/\/www.lasgabias.es\/portal-transparencia\/entradas-recientes\/?orderby=date&#038;order=desc\" class=\"show-all act\" data-filter=\"*\" aria-label=\"Apply filter: Ver todo\">Ver todo<\/a><a href=\"https:\/\/www.lasgabias.es\/portal-transparencia\/entradas-recientes\/?term=18&#038;orderby=date&#038;order=desc\" class=\"bolsa-de-empleo\" data-filter=\".category-18\" aria-label=\"Apply filter: Bolsa de empleo\">Bolsa de empleo<\/a><a href=\"https:\/\/www.lasgabias.es\/portal-transparencia\/entradas-recientes\/?term=2&#038;orderby=date&#038;order=desc\" class=\"empleo-publico\" data-filter=\".category-2\" aria-label=\"Apply filter: Empleo p\u00fablico\">Empleo p\u00fablico<\/a><a href=\"https:\/\/www.lasgabias.es\/portal-transparencia\/entradas-recientes\/?term=20&#038;orderby=date&#038;order=desc\" class=\"empleo-temporal\" data-filter=\".category-20\" aria-label=\"Apply filter: Empleo Temporal\">Empleo Temporal<\/a><a href=\"https:\/\/www.lasgabias.es\/portal-transparencia\/entradas-recientes\/?term=17&#038;orderby=date&#038;order=desc\" class=\"municipal\" data-filter=\".category-17\" aria-label=\"Apply filter: Municipal\">Municipal<\/a><a href=\"https:\/\/www.lasgabias.es\/portal-transparencia\/entradas-recientes\/?term=1&#038;orderby=date&#038;order=desc\" class=\"plenos-municipales\" data-filter=\".category-1\" aria-label=\"Apply filter: Plenos Municipales\">Plenos Municipales<\/a><a href=\"https:\/\/www.lasgabias.es\/portal-transparencia\/entradas-recientes\/?term=21&#038;orderby=date&#038;order=desc\" class=\"subgrupo-a2\" data-filter=\".category-21\" aria-label=\"Apply filter: Subgrupo A2\">Subgrupo A2<\/a><a href=\"https:\/\/www.lasgabias.es\/portal-transparencia\/entradas-recientes\/?term=22&#038;orderby=date&#038;order=desc\" class=\"subgrupo-c1\" data-filter=\".category-22\" aria-label=\"Apply filter: Subgrupo C1\">Subgrupo C1<\/a><a href=\"https:\/\/www.lasgabias.es\/portal-transparencia\/entradas-recientes\/?term=19&#038;orderby=date&#038;order=desc\" class=\"subgrupo-c2\" data-filter=\".category-19\" aria-label=\"Apply filter: Subgrupo C2\">Subgrupo C2<\/a><\/div><div class=\"filter-extras\"><div class=\"filter-by\"><a href=\"https:\/\/www.lasgabias.es\/portal-transparencia\/entradas-recientes\/?orderby=date&#038;order=desc\" class=\"sort-by-date act\" data-by=\"date\"><svg version=\"1.1\" xmlns=\"http:\/\/www.w3.org\/2000\/svg\" xmlns:xlink=\"http:\/\/www.w3.org\/1999\/xlink\" x=\"0px\" y=\"0px\" viewBox=\"0 0 16 16\" style=\"enable-background:new 0 0 16 16;\" xml:space=\"preserve\"><path d=\"M11,6.5C11,6.2,11.2,6,11.5,6h1C12.8,6,13,6.2,13,6.5v1C13,7.8,12.8,8,12.5,8h-1C11.2,8,11,7.8,11,7.5V6.5z M8,6.5C8,6.2,8.2,6,8.5,6h1C9.8,6,10,6.2,10,6.5v1C10,7.8,9.8,8,9.5,8h-1C8.2,8,8,7.8,8,7.5V6.5z M3,9.5C3,9.2,3.2,9,3.5,9h1C4.8,9,5,9.2,5,9.5v1C5,10.8,4.8,11,4.5,11h-1C3.2,11,3,10.8,3,10.5V9.5z M6,9.5C6,9.2,6.2,9,6.5,9h1C7.8,9,8,9.2,8,9.5v1C8,10.8,7.8,11,7.5,11h-1C6.2,11,6,10.8,6,10.5V9.5z\"\/><path d=\"M3.5,0C3.8,0,4,0.2,4,0.5V1h8V0.5C12,0.2,12.2,0,12.5,0S13,0.2,13,0.5V1h1c1.1,0,2,0.9,2,2v11c0,1.1-0.9,2-2,2H2c-1.1,0-2-0.9-2-2V3c0-1.1,0.9-2,2-2h1V0.5C3,0.2,3.2,0,3.5,0z M1,4v10c0,0.6,0.4,1,1,1h12c0.6,0,1-0.4,1-1V4H1z\"\/><\/svg><span class=\"filter-popup\">Ordenar por fecha<\/span><\/a><span class=\"filter-switch\"><\/span><a href=\"https:\/\/www.lasgabias.es\/portal-transparencia\/entradas-recientes\/?orderby=name&#038;order=desc\" class=\"sort-by-name\" data-by=\"name\"><svg version=\"1.1\" xmlns=\"http:\/\/www.w3.org\/2000\/svg\" xmlns:xlink=\"http:\/\/www.w3.org\/1999\/xlink\" x=\"0px\" y=\"0px\" viewBox=\"0 0 16 16\" style=\"enable-background:new 0 0 16 16;\" xml:space=\"preserve\"><path d=\"M2.2,13.1l0.9-2.8h3.5l0.9,2.8h1.3L5.5,3.8H4.3L1,13.1H2.2z M4.9,5.2l1.4,4.2H3.5L4.9,5.2C4.9,5.2,4.9,5.2,4.9,5.2z\"\/><g><path d=\"M10,12.4l2.8-3.6c0.3-0.3,0.5-0.6,0.8-1v0h-3.3V6.9h4.7l0,0.7l-2.7,3.6c-0.3,0.3-0.5,0.6-0.8,1v0H15v0.9h-5V12.4z\"\/><\/g><\/svg><span class=\"filter-popup\">Ordenar por nombre<\/span><\/a><\/div><div class=\"filter-sorting\"><a href=\"https:\/\/www.lasgabias.es\/portal-transparencia\/entradas-recientes\/?orderby=date&#038;order=desc\" class=\"sort-by-desc act\" data-sort=\"desc\"><svg version=\"1.1\" xmlns=\"http:\/\/www.w3.org\/2000\/svg\" xmlns:xlink=\"http:\/\/www.w3.org\/1999\/xlink\" x=\"0px\" y=\"0px\"viewBox=\"0 0 16 16\" style=\"enable-background:new 0 0 16 16;\" xml:space=\"preserve\"><path d=\"M3.5,2.5C3.5,2.2,3.3,2,3,2S2.5,2.2,2.5,2.5v8.8l-1.1-1.1c-0.2-0.2-0.5-0.2-0.7,0s-0.2,0.5,0,0.7l0,0l2,2l0,0c0.2,0.2,0.5,0.2,0.7,0l2-2c0.2-0.2,0.2-0.5,0-0.7c-0.2-0.2-0.5-0.2-0.7,0l-1.1,1.1V2.5z M7,3.5C7,3.2,7.2,3,7.5,3h7C14.8,3,15,3.2,15,3.5S14.8,4,14.5,4h-7C7.2,4,7,3.8,7,3.5z M7.5,6C7.2,6,7,6.2,7,6.5S7.2,7,7.5,7h5C12.8,7,13,6.8,13,6.5S12.8,6,12.5,6H7.5z M7.5,9C7.2,9,7,9.2,7,9.5S7.2,10,7.5,10h3c0.3,0,0.5-0.2,0.5-0.5S10.8,9,10.5,9H7.5z M7.5,12C7.2,12,7,12.2,7,12.5S7.2,13,7.5,13h1C8.8,13,9,12.8,9,12.5S8.8,12,8.5,12H7.5z\"\/><\/svg><span class=\"filter-popup\">Descendente<\/span><\/a><span class=\"filter-switch\"><\/span><a href=\"https:\/\/www.lasgabias.es\/portal-transparencia\/entradas-recientes\/?orderby=date&#038;order=asc\" class=\"sort-by-asc\" data-sort=\"asc\"><svg version=\"1.1\" xmlns=\"http:\/\/www.w3.org\/2000\/svg\" xmlns:xlink=\"http:\/\/www.w3.org\/1999\/xlink\" x=\"0px\" y=\"0px\" viewBox=\"0 0 16 16\" style=\"enable-background:new 0 0 16 16;\" xml:space=\"preserve\"><path d=\"M3.5,12.5C3.5,12.8,3.3,13,3,13s-0.5-0.2-0.5-0.5V3.7L1.4,4.9C1.2,5,0.8,5,0.6,4.9s-0.2-0.5,0-0.7l2-2l0,0C2.8,2,3.2,2,3.4,2.1l2,2c0.2,0.2,0.2,0.5,0,0.7S4.8,5,4.6,4.9L3.5,3.7V12.5z M7,3.5C7,3.2,7.2,3,7.5,3h7C14.8,3,15,3.2,15,3.5S14.8,4,14.5,4h-7C7.2,4,7,3.8,7,3.5z M7.5,6C7.2,6,7,6.2,7,6.5S7.2,7,7.5,7h5C12.8,7,13,6.8,13,6.5S12.8,6,12.5,6H7.5z M7.5,9C7.2,9,7,9.2,7,9.5S7.2,10,7.5,10h3c0.3,0,0.5-0.2,0.5-0.5S10.8,9,10.5,9H7.5z M7.5,12C7.2,12,7,12.2,7,12.5S7.2,13,7.5,13h1C8.8,13,9,12.8,9,12.5S8.8,12,8.5,12H7.5z\"\/><\/svg><span class=\"filter-popup\">Ascendente<\/span><\/a><\/div><\/div><\/div><div class=\"dt-css-grid\" ><div class=\"visible wf-cell category-2 category-19\" data-post-id=\"6856\" data-date=\"2025-02-26T09:09:19+01:00\" data-name=\"Anuncio de la nueva fecha de examen tres plazas de Auxiliar Administrativo\/a\"><article class=\"post project-odd visible post-6856 type-post status-publish format-standard has-post-thumbnail hentry category-empleo-publico category-subgrupo-c2 category-2 category-19\" data-name=\"Anuncio de la nueva fecha de examen tres plazas de Auxiliar Administrativo\/a\" data-date=\"2025-02-26T09:09:19+01:00\">\n\n<div class=\"post-thumbnail-wrap\">\n\t<div class=\"post-thumbnail\">\n\t\t\n\t\t\n\t\t<a href=\"https:\/\/www.lasgabias.es\/portal-transparencia\/anuncio-de-la-nueva-fecha-de-examen-tres-plazas-de-auxiliar-administrativo-a\/\" class=\"post-thumbnail-rollover layzr-bg layzr-bg\" ><img fetchpriority=\"high\" decoding=\"async\" class=\"iso-lazy-load preload-me iso-lazy-load aspect\" src=\"data:image\/svg+xml,%3Csvg%20xmlns%3D&#39;http%3A%2F%2Fwww.w3.org%2F2000%2Fsvg&#39;%20viewBox%3D&#39;0%200%20768%20768&#39;%2F%3E\" data-src=\"https:\/\/www.lasgabias.es\/portal-transparencia\/wp-content\/uploads\/sites\/8\/2017\/05\/s020-768x768.jpg\" data-srcset=\"https:\/\/www.lasgabias.es\/portal-transparencia\/wp-content\/uploads\/sites\/8\/2017\/05\/s020-768x768.jpg 768w, https:\/\/www.lasgabias.es\/portal-transparencia\/wp-content\/uploads\/sites\/8\/2017\/05\/s020-800x800.jpg 800w\" loading=\"eager\" style=\"--ratio: 768 \/ 768\" sizes=\"(max-width: 768px) 100vw, 768px\" alt=\"\"  width=\"768\" height=\"768\"  \/><\/a>\t<\/div>\n<\/div>\n\n\n<div class=\"post-entry-content\">\n\n\t<h3 class=\"entry-title\">\n\t\t<a href=\"https:\/\/www.lasgabias.es\/portal-transparencia\/anuncio-de-la-nueva-fecha-de-examen-tres-plazas-de-auxiliar-administrativo-a\/\" title=\"Anuncio de la nueva fecha de examen tres plazas de Auxiliar Administrativo\/a\" rel=\"bookmark\">Anuncio de la nueva fecha de examen tres plazas de Auxiliar Administrativo\/a<\/a>\n\t<\/h3>\n\n\t<div class=\"entry-meta\"><span class=\"category-link\"><a href=\"https:\/\/www.lasgabias.es\/portal-transparencia\/category\/empleo-publico\/\" >Empleo p\u00fablico<\/a>, <a href=\"https:\/\/www.lasgabias.es\/portal-transparencia\/category\/subgrupo-c2\/\" >Subgrupo C2<\/a><\/span><\/div>\n\t<div class=\"entry-excerpt\"><p>Publicaci\u00f3n del anuncio de la nueva fecha de examen para la convocatoria de tres plazas de Auxiliar Administrativo\/a por el procedimiento de oposici\u00f3n libre<\/p>\n<\/div>\n\t\n<a href=\"https:\/\/www.lasgabias.es\/portal-transparencia\/anuncio-de-la-nueva-fecha-de-examen-tres-plazas-de-auxiliar-administrativo-a\/\" class=\"post-details details-type-link\" aria-label=\"Read more about Anuncio de la nueva fecha de examen tres plazas de Auxiliar Administrativo\/a\">Leer m\u00e1s<i class=\"dt-icon-the7-arrow-03\" aria-hidden=\"true\"><\/i><\/a>\n\n<\/div><\/article><\/div><div class=\"visible wf-cell category-17\" data-post-id=\"7121\" data-date=\"2025-02-01T14:36:11+01:00\" data-name=\"Calendario d\u00edas festivos 2025\"><article class=\"post project-odd visible post-7121 type-post status-publish format-standard has-post-thumbnail hentry category-municipal category-17\" data-name=\"Calendario d\u00edas festivos 2025\" data-date=\"2025-02-01T14:36:11+01:00\">\n\n<div class=\"post-thumbnail-wrap\">\n\t<div class=\"post-thumbnail\">\n\t\t\n\t\t\n\t\t<a href=\"https:\/\/www.lasgabias.es\/portal-transparencia\/calendario-dias-festivos-2025\/\" class=\"post-thumbnail-rollover layzr-bg layzr-bg\" ><img decoding=\"async\" class=\"iso-lazy-load preload-me iso-lazy-load aspect\" src=\"data:image\/svg+xml,%3Csvg%20xmlns%3D&#39;http%3A%2F%2Fwww.w3.org%2F2000%2Fsvg&#39;%20viewBox%3D&#39;0%200%20768%20768&#39;%2F%3E\" data-src=\"https:\/\/www.lasgabias.es\/portal-transparencia\/wp-content\/uploads\/sites\/8\/2023\/02\/calendario-dias-festivos-lasgabias-768x768.jpg\" data-srcset=\"https:\/\/www.lasgabias.es\/portal-transparencia\/wp-content\/uploads\/sites\/8\/2023\/02\/calendario-dias-festivos-lasgabias-768x768.jpg 768w, https:\/\/www.lasgabias.es\/portal-transparencia\/wp-content\/uploads\/sites\/8\/2023\/02\/calendario-dias-festivos-lasgabias-976x976.jpg 976w\" loading=\"eager\" style=\"--ratio: 768 \/ 768\" sizes=\"(max-width: 768px) 100vw, 768px\" alt=\"\" title=\"calendario-dias-festivos-lasgabias\" width=\"768\" height=\"768\"  \/><\/a>\t<\/div>\n<\/div>\n\n\n<div class=\"post-entry-content\">\n\n\t<h3 class=\"entry-title\">\n\t\t<a href=\"https:\/\/www.lasgabias.es\/portal-transparencia\/calendario-dias-festivos-2025\/\" title=\"Calendario d\u00edas festivos 2025\" rel=\"bookmark\">Calendario d\u00edas festivos 2025<\/a>\n\t<\/h3>\n\n\t<div class=\"entry-meta\"><span class=\"category-link\"><a href=\"https:\/\/www.lasgabias.es\/portal-transparencia\/category\/municipal\/\" >Municipal<\/a><\/span><\/div>\n\t<div class=\"entry-excerpt\"><p>Publicaci\u00f3n del calendario de d\u00edas festivos en el municipio de Las Gabias durante el a\u00f1o 2025.<\/p>\n<\/div>\n\t\n<a href=\"https:\/\/www.lasgabias.es\/portal-transparencia\/calendario-dias-festivos-2025\/\" class=\"post-details details-type-link\" aria-label=\"Read more about Calendario d\u00edas festivos 2025\">Leer m\u00e1s<i class=\"dt-icon-the7-arrow-03\" aria-hidden=\"true\"><\/i><\/a>\n\n<\/div><\/article><\/div><div class=\"visible wf-cell category-2\" data-post-id=\"6643\" data-date=\"2025-01-24T13:34:55+01:00\" data-name=\"Puntuaci\u00f3n definitiva y propuesta de contrataci\u00f3n\"><article class=\"post project-odd visible post-6643 type-post status-publish format-standard has-post-thumbnail hentry category-empleo-publico category-2\" data-name=\"Puntuaci\u00f3n definitiva y propuesta de contrataci\u00f3n\" data-date=\"2025-01-24T13:34:55+01:00\">\n\n<div class=\"post-thumbnail-wrap\">\n\t<div class=\"post-thumbnail\">\n\t\t\n\t\t\n\t\t<a href=\"https:\/\/www.lasgabias.es\/portal-transparencia\/puntuacion-definitiva-y-propuesta-de-contratacion\/\" class=\"post-thumbnail-rollover layzr-bg layzr-bg\" ><img fetchpriority=\"high\" decoding=\"async\" class=\"iso-lazy-load preload-me iso-lazy-load aspect\" src=\"data:image\/svg+xml,%3Csvg%20xmlns%3D&#39;http%3A%2F%2Fwww.w3.org%2F2000%2Fsvg&#39;%20viewBox%3D&#39;0%200%20768%20768&#39;%2F%3E\" data-src=\"https:\/\/www.lasgabias.es\/portal-transparencia\/wp-content\/uploads\/sites\/8\/2017\/05\/s020-768x768.jpg\" data-srcset=\"https:\/\/www.lasgabias.es\/portal-transparencia\/wp-content\/uploads\/sites\/8\/2017\/05\/s020-768x768.jpg 768w, https:\/\/www.lasgabias.es\/portal-transparencia\/wp-content\/uploads\/sites\/8\/2017\/05\/s020-800x800.jpg 800w\" loading=\"eager\" style=\"--ratio: 768 \/ 768\" sizes=\"(max-width: 768px) 100vw, 768px\" alt=\"\"  width=\"768\" height=\"768\"  \/><\/a>\t<\/div>\n<\/div>\n\n\n<div class=\"post-entry-content\">\n\n\t<h3 class=\"entry-title\">\n\t\t<a href=\"https:\/\/www.lasgabias.es\/portal-transparencia\/puntuacion-definitiva-y-propuesta-de-contratacion\/\" title=\"Puntuaci\u00f3n definitiva y propuesta de contrataci\u00f3n\" rel=\"bookmark\">Puntuaci\u00f3n definitiva y propuesta de contrataci\u00f3n<\/a>\n\t<\/h3>\n\n\t<div class=\"entry-meta\"><span class=\"category-link\"><a href=\"https:\/\/www.lasgabias.es\/portal-transparencia\/category\/empleo-publico\/\" >Empleo p\u00fablico<\/a><\/span><\/div>\n\t<div class=\"entry-excerpt\"><p>Publicaci\u00f3n del anuncio con la puntuaci\u00f3n definitiva y propuesta de contrataci\u00f3n como personal laboral fijo.<\/p>\n<\/div>\n\t\n<a href=\"https:\/\/www.lasgabias.es\/portal-transparencia\/puntuacion-definitiva-y-propuesta-de-contratacion\/\" class=\"post-details details-type-link\" aria-label=\"Read more about Puntuaci\u00f3n definitiva y propuesta de contrataci\u00f3n\">Leer m\u00e1s<i class=\"dt-icon-the7-arrow-03\" aria-hidden=\"true\"><\/i><\/a>\n\n<\/div><\/article><\/div><div class=\"visible wf-cell category-2 category-22\" data-post-id=\"6574\" data-date=\"2025-01-07T10:37:38+01:00\" data-name=\"Listado definitivo admitidos\/excluidos para tres plazas de Polic\u00eda Local\"><article class=\"post project-odd visible post-6574 type-post status-publish format-standard has-post-thumbnail hentry category-empleo-publico category-subgrupo-c1 category-2 category-22\" data-name=\"Listado definitivo admitidos\/excluidos para tres plazas de Polic\u00eda Local\" data-date=\"2025-01-07T10:37:38+01:00\">\n\n<div class=\"post-thumbnail-wrap\">\n\t<div class=\"post-thumbnail\">\n\t\t\n\t\t\n\t\t<a href=\"https:\/\/www.lasgabias.es\/portal-transparencia\/listado-definitivo-admitidos-excluidos-para-tres-plazas-de-policia-local\/\" class=\"post-thumbnail-rollover layzr-bg layzr-bg\" ><img fetchpriority=\"high\" decoding=\"async\" class=\"iso-lazy-load preload-me iso-lazy-load aspect\" src=\"data:image\/svg+xml,%3Csvg%20xmlns%3D&#39;http%3A%2F%2Fwww.w3.org%2F2000%2Fsvg&#39;%20viewBox%3D&#39;0%200%20768%20768&#39;%2F%3E\" data-src=\"https:\/\/www.lasgabias.es\/portal-transparencia\/wp-content\/uploads\/sites\/8\/2017\/05\/s020-768x768.jpg\" data-srcset=\"https:\/\/www.lasgabias.es\/portal-transparencia\/wp-content\/uploads\/sites\/8\/2017\/05\/s020-768x768.jpg 768w, https:\/\/www.lasgabias.es\/portal-transparencia\/wp-content\/uploads\/sites\/8\/2017\/05\/s020-800x800.jpg 800w\" loading=\"eager\" style=\"--ratio: 768 \/ 768\" sizes=\"(max-width: 768px) 100vw, 768px\" alt=\"\"  width=\"768\" height=\"768\"  \/><\/a>\t<\/div>\n<\/div>\n\n\n<div class=\"post-entry-content\">\n\n\t<h3 class=\"entry-title\">\n\t\t<a href=\"https:\/\/www.lasgabias.es\/portal-transparencia\/listado-definitivo-admitidos-excluidos-para-tres-plazas-de-policia-local\/\" title=\"Listado definitivo admitidos\/excluidos para tres plazas de Polic\u00eda Local\" rel=\"bookmark\">Listado definitivo admitidos\/excluidos para tres plazas de Polic\u00eda Local<\/a>\n\t<\/h3>\n\n\t<div class=\"entry-meta\"><span class=\"category-link\"><a href=\"https:\/\/www.lasgabias.es\/portal-transparencia\/category\/empleo-publico\/\" >Empleo p\u00fablico<\/a>, <a href=\"https:\/\/www.lasgabias.es\/portal-transparencia\/category\/subgrupo-c1\/\" >Subgrupo C1<\/a><\/span><\/div>\n\t<div class=\"entry-excerpt\"><p>Publicaci\u00f3n del listado definitivo de admitidos y excluidos para tres plazas de Polic\u00eda Local y fecha del primer ejercicio de la oposici\u00f3n (aptitud f\u00edsica)<\/p>\n<\/div>\n\t\n<a href=\"https:\/\/www.lasgabias.es\/portal-transparencia\/listado-definitivo-admitidos-excluidos-para-tres-plazas-de-policia-local\/\" class=\"post-details details-type-link\" aria-label=\"Read more about Listado definitivo admitidos\/excluidos para tres plazas de Polic\u00eda Local\">Leer m\u00e1s<i class=\"dt-icon-the7-arrow-03\" aria-hidden=\"true\"><\/i><\/a>\n\n<\/div><\/article><\/div><div class=\"visible wf-cell category-2 category-21\" data-post-id=\"6429\" data-date=\"2024-12-03T13:35:31+01:00\" data-name=\"Plazo de presentaci\u00f3n de solicitudes de una plaza de Educador\/a Social\"><article class=\"post project-odd visible post-6429 type-post status-publish format-standard has-post-thumbnail hentry category-empleo-publico category-subgrupo-a2 category-2 category-21\" data-name=\"Plazo de presentaci\u00f3n de solicitudes de una plaza de Educador\/a Social\" data-date=\"2024-12-03T13:35:31+01:00\">\n\n<div class=\"post-thumbnail-wrap\">\n\t<div class=\"post-thumbnail\">\n\t\t\n\t\t\n\t\t<a href=\"https:\/\/www.lasgabias.es\/portal-transparencia\/plazo-de-presentacion-de-solicitudes-de-una-plaza-de-educador-a-social\/\" class=\"post-thumbnail-rollover layzr-bg layzr-bg\" ><img fetchpriority=\"high\" decoding=\"async\" class=\"iso-lazy-load preload-me iso-lazy-load aspect\" src=\"data:image\/svg+xml,%3Csvg%20xmlns%3D&#39;http%3A%2F%2Fwww.w3.org%2F2000%2Fsvg&#39;%20viewBox%3D&#39;0%200%20768%20768&#39;%2F%3E\" data-src=\"https:\/\/www.lasgabias.es\/portal-transparencia\/wp-content\/uploads\/sites\/8\/2017\/05\/s020-768x768.jpg\" data-srcset=\"https:\/\/www.lasgabias.es\/portal-transparencia\/wp-content\/uploads\/sites\/8\/2017\/05\/s020-768x768.jpg 768w, https:\/\/www.lasgabias.es\/portal-transparencia\/wp-content\/uploads\/sites\/8\/2017\/05\/s020-800x800.jpg 800w\" loading=\"eager\" style=\"--ratio: 768 \/ 768\" sizes=\"(max-width: 768px) 100vw, 768px\" alt=\"\"  width=\"768\" height=\"768\"  \/><\/a>\t<\/div>\n<\/div>\n\n\n<div class=\"post-entry-content\">\n\n\t<h3 class=\"entry-title\">\n\t\t<a href=\"https:\/\/www.lasgabias.es\/portal-transparencia\/plazo-de-presentacion-de-solicitudes-de-una-plaza-de-educador-a-social\/\" title=\"Plazo de presentaci\u00f3n de solicitudes de una plaza de Educador\/a Social\" rel=\"bookmark\">Plazo de presentaci\u00f3n de solicitudes de una plaza de Educador\/a Social<\/a>\n\t<\/h3>\n\n\t<div class=\"entry-meta\"><span class=\"category-link\"><a href=\"https:\/\/www.lasgabias.es\/portal-transparencia\/category\/empleo-publico\/\" >Empleo p\u00fablico<\/a>, <a href=\"https:\/\/www.lasgabias.es\/portal-transparencia\/category\/subgrupo-a2\/\" >Subgrupo A2<\/a><\/span><\/div>\n\t<div class=\"entry-excerpt\"><p>Publicaci\u00f3n de las bases y convocatoria para la provisi\u00f3n de una plaza de Educador\/a Social y plazo de presentaci\u00f3n de solicitudes<\/p>\n<\/div>\n\t\n<a href=\"https:\/\/www.lasgabias.es\/portal-transparencia\/plazo-de-presentacion-de-solicitudes-de-una-plaza-de-educador-a-social\/\" class=\"post-details details-type-link\" aria-label=\"Read more about Plazo de presentaci\u00f3n de solicitudes de una plaza de Educador\/a Social\">Leer m\u00e1s<i class=\"dt-icon-the7-arrow-03\" aria-hidden=\"true\"><\/i><\/a>\n\n<\/div><\/article><\/div><div class=\"visible wf-cell category-2 category-19\" data-post-id=\"6415\" data-date=\"2024-12-03T11:05:30+01:00\" data-name=\"Listado provisional de admitidos y excluidos para tres plazas de Auxiliar Administrativo\/a\"><article class=\"post project-odd visible post-6415 type-post status-publish format-standard has-post-thumbnail hentry category-empleo-publico category-subgrupo-c2 category-2 category-19\" data-name=\"Listado provisional de admitidos y excluidos para tres plazas de Auxiliar Administrativo\/a\" data-date=\"2024-12-03T11:05:30+01:00\">\n\n<div class=\"post-thumbnail-wrap\">\n\t<div class=\"post-thumbnail\">\n\t\t\n\t\t\n\t\t<a href=\"https:\/\/www.lasgabias.es\/portal-transparencia\/listado-provisional-de-admitidos-y-excluidos-para-tres-plazas-de-auxiliar-administrativo-a\/\" class=\"post-thumbnail-rollover layzr-bg layzr-bg\" ><img fetchpriority=\"high\" decoding=\"async\" class=\"iso-lazy-load preload-me iso-lazy-load aspect\" src=\"data:image\/svg+xml,%3Csvg%20xmlns%3D&#39;http%3A%2F%2Fwww.w3.org%2F2000%2Fsvg&#39;%20viewBox%3D&#39;0%200%20768%20768&#39;%2F%3E\" data-src=\"https:\/\/www.lasgabias.es\/portal-transparencia\/wp-content\/uploads\/sites\/8\/2017\/05\/s020-768x768.jpg\" data-srcset=\"https:\/\/www.lasgabias.es\/portal-transparencia\/wp-content\/uploads\/sites\/8\/2017\/05\/s020-768x768.jpg 768w, https:\/\/www.lasgabias.es\/portal-transparencia\/wp-content\/uploads\/sites\/8\/2017\/05\/s020-800x800.jpg 800w\" loading=\"eager\" style=\"--ratio: 768 \/ 768\" sizes=\"(max-width: 768px) 100vw, 768px\" alt=\"\"  width=\"768\" height=\"768\"  \/><\/a>\t<\/div>\n<\/div>\n\n\n<div class=\"post-entry-content\">\n\n\t<h3 class=\"entry-title\">\n\t\t<a href=\"https:\/\/www.lasgabias.es\/portal-transparencia\/listado-provisional-de-admitidos-y-excluidos-para-tres-plazas-de-auxiliar-administrativo-a\/\" title=\"Listado provisional de admitidos y excluidos para tres plazas de Auxiliar Administrativo\/a\" rel=\"bookmark\">Listado provisional de admitidos y excluidos para tres plazas de Auxiliar Administrativo\/a<\/a>\n\t<\/h3>\n\n\t<div class=\"entry-meta\"><span class=\"category-link\"><a href=\"https:\/\/www.lasgabias.es\/portal-transparencia\/category\/empleo-publico\/\" >Empleo p\u00fablico<\/a>, <a href=\"https:\/\/www.lasgabias.es\/portal-transparencia\/category\/subgrupo-c2\/\" >Subgrupo C2<\/a><\/span><\/div>\n\t<div class=\"entry-excerpt\"><p>Publicaci\u00f3n listado provisional admitidos y excluidos de tres plazas de Auxiliar Administrativo\/a por el procedimiento de oposici\u00f3n libre y plazo de alegaciones<\/p>\n<\/div>\n\t\n<a href=\"https:\/\/www.lasgabias.es\/portal-transparencia\/listado-provisional-de-admitidos-y-excluidos-para-tres-plazas-de-auxiliar-administrativo-a\/\" class=\"post-details details-type-link\" aria-label=\"Read more about Listado provisional de admitidos y excluidos para tres plazas de Auxiliar Administrativo\/a\">Leer m\u00e1s<i class=\"dt-icon-the7-arrow-03\" aria-hidden=\"true\"><\/i><\/a>\n\n<\/div><\/article><\/div><div class=\"visible wf-cell category-2 category-22\" data-post-id=\"6126\" data-date=\"2024-10-24T14:22:29+02:00\" data-name=\"Resoluci\u00f3n alegaciones, notas definitivas y propuesta nombramiento para una plaza de Administrativo\"><article class=\"post project-odd visible post-6126 type-post status-publish format-standard has-post-thumbnail hentry category-empleo-publico category-subgrupo-c1 category-2 category-22\" data-name=\"Resoluci\u00f3n alegaciones, notas definitivas y propuesta nombramiento para una plaza de Administrativo\" data-date=\"2024-10-24T14:22:29+02:00\">\n\n<div class=\"post-thumbnail-wrap\">\n\t<div class=\"post-thumbnail\">\n\t\t\n\t\t\n\t\t<a href=\"https:\/\/www.lasgabias.es\/portal-transparencia\/resolucion-alegaciones-notas-definitivas-y-propuesta-nombramiento-para-una-plaza-de-administrativo\/\" class=\"post-thumbnail-rollover layzr-bg layzr-bg\" ><img fetchpriority=\"high\" decoding=\"async\" class=\"iso-lazy-load preload-me iso-lazy-load aspect\" src=\"data:image\/svg+xml,%3Csvg%20xmlns%3D&#39;http%3A%2F%2Fwww.w3.org%2F2000%2Fsvg&#39;%20viewBox%3D&#39;0%200%20768%20768&#39;%2F%3E\" data-src=\"https:\/\/www.lasgabias.es\/portal-transparencia\/wp-content\/uploads\/sites\/8\/2017\/05\/s020-768x768.jpg\" data-srcset=\"https:\/\/www.lasgabias.es\/portal-transparencia\/wp-content\/uploads\/sites\/8\/2017\/05\/s020-768x768.jpg 768w, https:\/\/www.lasgabias.es\/portal-transparencia\/wp-content\/uploads\/sites\/8\/2017\/05\/s020-800x800.jpg 800w\" loading=\"eager\" style=\"--ratio: 768 \/ 768\" sizes=\"(max-width: 768px) 100vw, 768px\" alt=\"\"  width=\"768\" height=\"768\"  \/><\/a>\t<\/div>\n<\/div>\n\n\n<div class=\"post-entry-content\">\n\n\t<h3 class=\"entry-title\">\n\t\t<a href=\"https:\/\/www.lasgabias.es\/portal-transparencia\/resolucion-alegaciones-notas-definitivas-y-propuesta-nombramiento-para-una-plaza-de-administrativo\/\" title=\"Resoluci\u00f3n alegaciones, notas definitivas y propuesta nombramiento para una plaza de Administrativo\" rel=\"bookmark\">Resoluci\u00f3n alegaciones, notas definitivas y propuesta nombramiento para una plaza de Administrativo<\/a>\n\t<\/h3>\n\n\t<div class=\"entry-meta\"><span class=\"category-link\"><a href=\"https:\/\/www.lasgabias.es\/portal-transparencia\/category\/empleo-publico\/\" >Empleo p\u00fablico<\/a>, <a href=\"https:\/\/www.lasgabias.es\/portal-transparencia\/category\/subgrupo-c1\/\" >Subgrupo C1<\/a><\/span><\/div>\n\t<div class=\"entry-excerpt\"><p>Publicaci\u00f3n anuncio resoluci\u00f3n de alegaciones, notas definitivas y propuesta nombramiento de una plaza de Administrativo\/a por el procedimiento de oposici\u00f3n libre.<\/p>\n<\/div>\n\t\n<a href=\"https:\/\/www.lasgabias.es\/portal-transparencia\/resolucion-alegaciones-notas-definitivas-y-propuesta-nombramiento-para-una-plaza-de-administrativo\/\" class=\"post-details details-type-link\" aria-label=\"Read more about Resoluci\u00f3n alegaciones, notas definitivas y propuesta nombramiento para una plaza de Administrativo\">Leer m\u00e1s<i class=\"dt-icon-the7-arrow-03\" aria-hidden=\"true\"><\/i><\/a>\n\n<\/div><\/article><\/div><div class=\"visible wf-cell category-20 category-21\" data-post-id=\"6074\" data-date=\"2024-10-09T14:06:13+02:00\" data-name=\"Plazo de presentaci\u00f3n de solicitudes de un puesto de trabajo de Agente de Desarrollo Local\"><article class=\"post project-odd visible post-6074 type-post status-publish format-standard has-post-thumbnail hentry category-empleo-temporal category-subgrupo-a2 category-20 category-21\" data-name=\"Plazo de presentaci\u00f3n de solicitudes de un puesto de trabajo de Agente de Desarrollo Local\" data-date=\"2024-10-09T14:06:13+02:00\">\n\n<div class=\"post-thumbnail-wrap\">\n\t<div class=\"post-thumbnail\">\n\t\t\n\t\t\n\t\t<a href=\"https:\/\/www.lasgabias.es\/portal-transparencia\/plazo-de-presentacion-de-solicitudes-de-un-puesto-de-trabajo-de-agente-de-desarrollo-local\/\" class=\"post-thumbnail-rollover layzr-bg layzr-bg\" ><img fetchpriority=\"high\" decoding=\"async\" class=\"iso-lazy-load preload-me iso-lazy-load aspect\" src=\"data:image\/svg+xml,%3Csvg%20xmlns%3D&#39;http%3A%2F%2Fwww.w3.org%2F2000%2Fsvg&#39;%20viewBox%3D&#39;0%200%20768%20768&#39;%2F%3E\" data-src=\"https:\/\/www.lasgabias.es\/portal-transparencia\/wp-content\/uploads\/sites\/8\/2017\/05\/s020-768x768.jpg\" data-srcset=\"https:\/\/www.lasgabias.es\/portal-transparencia\/wp-content\/uploads\/sites\/8\/2017\/05\/s020-768x768.jpg 768w, https:\/\/www.lasgabias.es\/portal-transparencia\/wp-content\/uploads\/sites\/8\/2017\/05\/s020-800x800.jpg 800w\" loading=\"eager\" style=\"--ratio: 768 \/ 768\" sizes=\"(max-width: 768px) 100vw, 768px\" alt=\"\"  width=\"768\" height=\"768\"  \/><\/a>\t<\/div>\n<\/div>\n\n\n<div class=\"post-entry-content\">\n\n\t<h3 class=\"entry-title\">\n\t\t<a href=\"https:\/\/www.lasgabias.es\/portal-transparencia\/plazo-de-presentacion-de-solicitudes-de-un-puesto-de-trabajo-de-agente-de-desarrollo-local\/\" title=\"Plazo de presentaci\u00f3n de solicitudes de un puesto de trabajo de Agente de Desarrollo Local\" rel=\"bookmark\">Plazo de presentaci\u00f3n de solicitudes de un puesto de trabajo de Agente de Desarrollo Local<\/a>\n\t<\/h3>\n\n\t<div class=\"entry-meta\"><span class=\"category-link\"><a href=\"https:\/\/www.lasgabias.es\/portal-transparencia\/category\/empleo-temporal\/\" >Empleo Temporal<\/a>, <a href=\"https:\/\/www.lasgabias.es\/portal-transparencia\/category\/subgrupo-a2\/\" >Subgrupo A2<\/a><\/span><\/div>\n\t<div class=\"entry-excerpt\"><p>Plazo de presentaci\u00f3n de solicitudes de un puesto de trabajo de Agente de Desarrollo Local<\/p>\n<\/div>\n\t\n<a href=\"https:\/\/www.lasgabias.es\/portal-transparencia\/plazo-de-presentacion-de-solicitudes-de-un-puesto-de-trabajo-de-agente-de-desarrollo-local\/\" class=\"post-details details-type-link\" aria-label=\"Read more about Plazo de presentaci\u00f3n de solicitudes de un puesto de trabajo de Agente de Desarrollo Local\">Leer m\u00e1s<i class=\"dt-icon-the7-arrow-03\" aria-hidden=\"true\"><\/i><\/a>\n\n<\/div><\/article><\/div><div class=\"hidden wf-cell category-20 category-19\" data-post-id=\"6071\" data-date=\"2024-10-09T14:00:01+02:00\" data-name=\"Plazo de presentaci\u00f3n de solicitudes de dos puestos de trabajo de Dinamizador\/a Socio-Cultural\"><article class=\"post project-odd visible post-6071 type-post status-publish format-standard has-post-thumbnail hentry category-empleo-temporal category-subgrupo-c2 category-20 category-19\" data-name=\"Plazo de presentaci\u00f3n de solicitudes de dos puestos de trabajo de Dinamizador\/a Socio-Cultural\" data-date=\"2024-10-09T14:00:01+02:00\">\n\n<div class=\"post-thumbnail-wrap\">\n\t<div class=\"post-thumbnail\">\n\t\t\n\t\t\n\t\t<a href=\"https:\/\/www.lasgabias.es\/portal-transparencia\/plazo-de-presentacion-de-solicitudes-de-dos-puestos-de-trabajo-de-dinamizador-a-socio-cultural\/\" class=\"post-thumbnail-rollover layzr-bg layzr-bg\" ><img fetchpriority=\"high\" decoding=\"async\" class=\"iso-lazy-load preload-me iso-lazy-load aspect\" src=\"data:image\/svg+xml,%3Csvg%20xmlns%3D&#39;http%3A%2F%2Fwww.w3.org%2F2000%2Fsvg&#39;%20viewBox%3D&#39;0%200%20768%20768&#39;%2F%3E\" data-src=\"https:\/\/www.lasgabias.es\/portal-transparencia\/wp-content\/uploads\/sites\/8\/2017\/05\/s020-768x768.jpg\" data-srcset=\"https:\/\/www.lasgabias.es\/portal-transparencia\/wp-content\/uploads\/sites\/8\/2017\/05\/s020-768x768.jpg 768w, https:\/\/www.lasgabias.es\/portal-transparencia\/wp-content\/uploads\/sites\/8\/2017\/05\/s020-800x800.jpg 800w\" loading=\"eager\" style=\"--ratio: 768 \/ 768\" sizes=\"(max-width: 768px) 100vw, 768px\" alt=\"\"  width=\"768\" height=\"768\"  \/><\/a>\t<\/div>\n<\/div>\n\n\n<div class=\"post-entry-content\">\n\n\t<h3 class=\"entry-title\">\n\t\t<a href=\"https:\/\/www.lasgabias.es\/portal-transparencia\/plazo-de-presentacion-de-solicitudes-de-dos-puestos-de-trabajo-de-dinamizador-a-socio-cultural\/\" title=\"Plazo de presentaci\u00f3n de solicitudes de dos puestos de trabajo de Dinamizador\/a Socio-Cultural\" rel=\"bookmark\">Plazo de presentaci\u00f3n de solicitudes de dos puestos de trabajo de Dinamizador\/a Socio-Cultural<\/a>\n\t<\/h3>\n\n\t<div class=\"entry-meta\"><span class=\"category-link\"><a href=\"https:\/\/www.lasgabias.es\/portal-transparencia\/category\/empleo-temporal\/\" >Empleo Temporal<\/a>, <a href=\"https:\/\/www.lasgabias.es\/portal-transparencia\/category\/subgrupo-c2\/\" >Subgrupo C2<\/a><\/span><\/div>\n\t<div class=\"entry-excerpt\"><p>Plazo de presentaci\u00f3n de solicitudes de dos puestos de trabajo de Dinamizador\/a Socio-Cultural<\/p>\n<\/div>\n\t\n<a href=\"https:\/\/www.lasgabias.es\/portal-transparencia\/plazo-de-presentacion-de-solicitudes-de-dos-puestos-de-trabajo-de-dinamizador-a-socio-cultural\/\" class=\"post-details details-type-link\" aria-label=\"Read more about Plazo de presentaci\u00f3n de solicitudes de dos puestos de trabajo de Dinamizador\/a Socio-Cultural\">Leer m\u00e1s<i class=\"dt-icon-the7-arrow-03\" aria-hidden=\"true\"><\/i><\/a>\n\n<\/div><\/article><\/div><div class=\"hidden wf-cell category-2 category-22\" data-post-id=\"6030\" data-date=\"2024-10-04T13:15:15+02:00\" data-name=\"Resoluci\u00f3n alegaciones y notas provisionales para una plaza de Administrativo\"><article class=\"post project-odd visible post-6030 type-post status-publish format-standard has-post-thumbnail hentry category-empleo-publico category-subgrupo-c1 category-2 category-22\" data-name=\"Resoluci\u00f3n alegaciones y notas provisionales para una plaza de Administrativo\" data-date=\"2024-10-04T13:15:15+02:00\">\n\n<div class=\"post-thumbnail-wrap\">\n\t<div class=\"post-thumbnail\">\n\t\t\n\t\t\n\t\t<a href=\"https:\/\/www.lasgabias.es\/portal-transparencia\/resolucion-alegaciones-y-notas-provisionales-para-una-plaza-de-administrativo\/\" class=\"post-thumbnail-rollover layzr-bg layzr-bg\" ><img fetchpriority=\"high\" decoding=\"async\" class=\"iso-lazy-load preload-me iso-lazy-load aspect\" src=\"data:image\/svg+xml,%3Csvg%20xmlns%3D&#39;http%3A%2F%2Fwww.w3.org%2F2000%2Fsvg&#39;%20viewBox%3D&#39;0%200%20768%20768&#39;%2F%3E\" data-src=\"https:\/\/www.lasgabias.es\/portal-transparencia\/wp-content\/uploads\/sites\/8\/2017\/05\/s020-768x768.jpg\" data-srcset=\"https:\/\/www.lasgabias.es\/portal-transparencia\/wp-content\/uploads\/sites\/8\/2017\/05\/s020-768x768.jpg 768w, https:\/\/www.lasgabias.es\/portal-transparencia\/wp-content\/uploads\/sites\/8\/2017\/05\/s020-800x800.jpg 800w\" loading=\"eager\" style=\"--ratio: 768 \/ 768\" sizes=\"(max-width: 768px) 100vw, 768px\" alt=\"\"  width=\"768\" height=\"768\"  \/><\/a>\t<\/div>\n<\/div>\n\n\n<div class=\"post-entry-content\">\n\n\t<h3 class=\"entry-title\">\n\t\t<a href=\"https:\/\/www.lasgabias.es\/portal-transparencia\/resolucion-alegaciones-y-notas-provisionales-para-una-plaza-de-administrativo\/\" title=\"Resoluci\u00f3n alegaciones y notas provisionales para una plaza de Administrativo\" rel=\"bookmark\">Resoluci\u00f3n alegaciones y notas provisionales para una plaza de Administrativo<\/a>\n\t<\/h3>\n\n\t<div class=\"entry-meta\"><span class=\"category-link\"><a href=\"https:\/\/www.lasgabias.es\/portal-transparencia\/category\/empleo-publico\/\" >Empleo p\u00fablico<\/a>, <a href=\"https:\/\/www.lasgabias.es\/portal-transparencia\/category\/subgrupo-c1\/\" >Subgrupo C1<\/a><\/span><\/div>\n\t<div class=\"entry-excerpt\"><p>Publicaci\u00f3n anuncio resoluci\u00f3n de alegaciones y notas provisionales de una plaza de Administrativo\/a por el procedimiento de oposici\u00f3n libre.<\/p>\n<\/div>\n\t\n<a href=\"https:\/\/www.lasgabias.es\/portal-transparencia\/resolucion-alegaciones-y-notas-provisionales-para-una-plaza-de-administrativo\/\" class=\"post-details details-type-link\" aria-label=\"Read more about Resoluci\u00f3n alegaciones y notas provisionales para una plaza de Administrativo\">Leer m\u00e1s<i class=\"dt-icon-the7-arrow-03\" aria-hidden=\"true\"><\/i><\/a>\n\n<\/div><\/article><\/div><div class=\"hidden wf-cell category-2 category-22\" data-post-id=\"6016\" data-date=\"2024-09-26T09:13:50+02:00\" data-name=\"Bases y apertura de plazo de presentaci\u00f3n de solicitudes para tres plazas de Polic\u00eda Local\"><article class=\"post project-odd visible post-6016 type-post status-publish format-standard has-post-thumbnail hentry category-empleo-publico category-subgrupo-c1 category-2 category-22\" data-name=\"Bases y apertura de plazo de presentaci\u00f3n de solicitudes para tres plazas de Polic\u00eda Local\" data-date=\"2024-09-26T09:13:50+02:00\">\n\n<div class=\"post-thumbnail-wrap\">\n\t<div class=\"post-thumbnail\">\n\t\t\n\t\t\n\t\t<a href=\"https:\/\/www.lasgabias.es\/portal-transparencia\/bases-y-apertura-de-plazo-de-presentacion-de-solicitudes-para-tres-plazas-de-policia-local\/\" class=\"post-thumbnail-rollover layzr-bg layzr-bg\" ><img fetchpriority=\"high\" decoding=\"async\" class=\"iso-lazy-load preload-me iso-lazy-load aspect\" src=\"data:image\/svg+xml,%3Csvg%20xmlns%3D&#39;http%3A%2F%2Fwww.w3.org%2F2000%2Fsvg&#39;%20viewBox%3D&#39;0%200%20768%20768&#39;%2F%3E\" data-src=\"https:\/\/www.lasgabias.es\/portal-transparencia\/wp-content\/uploads\/sites\/8\/2017\/05\/s020-768x768.jpg\" data-srcset=\"https:\/\/www.lasgabias.es\/portal-transparencia\/wp-content\/uploads\/sites\/8\/2017\/05\/s020-768x768.jpg 768w, https:\/\/www.lasgabias.es\/portal-transparencia\/wp-content\/uploads\/sites\/8\/2017\/05\/s020-800x800.jpg 800w\" loading=\"eager\" style=\"--ratio: 768 \/ 768\" sizes=\"(max-width: 768px) 100vw, 768px\" alt=\"\"  width=\"768\" height=\"768\"  \/><\/a>\t<\/div>\n<\/div>\n\n\n<div class=\"post-entry-content\">\n\n\t<h3 class=\"entry-title\">\n\t\t<a href=\"https:\/\/www.lasgabias.es\/portal-transparencia\/bases-y-apertura-de-plazo-de-presentacion-de-solicitudes-para-tres-plazas-de-policia-local\/\" title=\"Bases y apertura de plazo de presentaci\u00f3n de solicitudes para tres plazas de Polic\u00eda Local\" rel=\"bookmark\">Bases y apertura de plazo de presentaci\u00f3n de solicitudes para tres plazas de Polic\u00eda Local<\/a>\n\t<\/h3>\n\n\t<div class=\"entry-meta\"><span class=\"category-link\"><a href=\"https:\/\/www.lasgabias.es\/portal-transparencia\/category\/empleo-publico\/\" >Empleo p\u00fablico<\/a>, <a href=\"https:\/\/www.lasgabias.es\/portal-transparencia\/category\/subgrupo-c1\/\" >Subgrupo C1<\/a><\/span><\/div>\n\t<div class=\"entry-excerpt\"><p>Publicaci\u00f3n de las bases y apertura de plazo de presentaci\u00f3n de solicitudes desde el 27 de septiembre 2024 hasta el 24 octubre de 2024 para tres plazas de Polic\u00eda Local.<\/p>\n<\/div>\n\t\n<a href=\"https:\/\/www.lasgabias.es\/portal-transparencia\/bases-y-apertura-de-plazo-de-presentacion-de-solicitudes-para-tres-plazas-de-policia-local\/\" class=\"post-details details-type-link\" aria-label=\"Read more about Bases y apertura de plazo de presentaci\u00f3n de solicitudes para tres plazas de Polic\u00eda Local\">Leer m\u00e1s<i class=\"dt-icon-the7-arrow-03\" aria-hidden=\"true\"><\/i><\/a>\n\n<\/div><\/article><\/div><div class=\"hidden wf-cell category-2 category-22\" data-post-id=\"5933\" data-date=\"2024-09-05T09:47:35+02:00\" data-name=\"Cuestionario tipo test y plantilla correctora\"><article class=\"post project-odd visible post-5933 type-post status-publish format-standard has-post-thumbnail hentry category-empleo-publico category-subgrupo-c1 category-2 category-22\" data-name=\"Cuestionario tipo test y plantilla correctora\" data-date=\"2024-09-05T09:47:35+02:00\">\n\n<div class=\"post-thumbnail-wrap\">\n\t<div class=\"post-thumbnail\">\n\t\t\n\t\t\n\t\t<a href=\"https:\/\/www.lasgabias.es\/portal-transparencia\/cuestionario-tipo-test-y-plantilla-correctora\/\" class=\"post-thumbnail-rollover layzr-bg layzr-bg\" ><img fetchpriority=\"high\" decoding=\"async\" class=\"iso-lazy-load preload-me iso-lazy-load aspect\" src=\"data:image\/svg+xml,%3Csvg%20xmlns%3D&#39;http%3A%2F%2Fwww.w3.org%2F2000%2Fsvg&#39;%20viewBox%3D&#39;0%200%20768%20768&#39;%2F%3E\" data-src=\"https:\/\/www.lasgabias.es\/portal-transparencia\/wp-content\/uploads\/sites\/8\/2017\/05\/s020-768x768.jpg\" data-srcset=\"https:\/\/www.lasgabias.es\/portal-transparencia\/wp-content\/uploads\/sites\/8\/2017\/05\/s020-768x768.jpg 768w, https:\/\/www.lasgabias.es\/portal-transparencia\/wp-content\/uploads\/sites\/8\/2017\/05\/s020-800x800.jpg 800w\" loading=\"eager\" style=\"--ratio: 768 \/ 768\" sizes=\"(max-width: 768px) 100vw, 768px\" alt=\"\"  width=\"768\" height=\"768\"  \/><\/a>\t<\/div>\n<\/div>\n\n\n<div class=\"post-entry-content\">\n\n\t<h3 class=\"entry-title\">\n\t\t<a href=\"https:\/\/www.lasgabias.es\/portal-transparencia\/cuestionario-tipo-test-y-plantilla-correctora\/\" title=\"Cuestionario tipo test y plantilla correctora\" rel=\"bookmark\">Cuestionario tipo test y plantilla correctora<\/a>\n\t<\/h3>\n\n\t<div class=\"entry-meta\"><span class=\"category-link\"><a href=\"https:\/\/www.lasgabias.es\/portal-transparencia\/category\/empleo-publico\/\" >Empleo p\u00fablico<\/a>, <a href=\"https:\/\/www.lasgabias.es\/portal-transparencia\/category\/subgrupo-c1\/\" >Subgrupo C1<\/a><\/span><\/div>\n\t<div class=\"entry-excerpt\"><p>Publicaci\u00f3n cuestionario tipo test y plantilla correctora de una plaza de Administrativo\/a por el procedimiento de oposici\u00f3n libre<\/p>\n<\/div>\n\t\n<a href=\"https:\/\/www.lasgabias.es\/portal-transparencia\/cuestionario-tipo-test-y-plantilla-correctora\/\" class=\"post-details details-type-link\" aria-label=\"Read more about Cuestionario tipo test y plantilla correctora\">Leer m\u00e1s<i class=\"dt-icon-the7-arrow-03\" aria-hidden=\"true\"><\/i><\/a>\n\n<\/div><\/article><\/div><div class=\"hidden wf-cell category-2\" data-post-id=\"3561\" data-date=\"2024-08-28T11:30:20+02:00\" data-name=\"Abierto plazo de presentaci\u00f3n de solicitudes para una plaza de Pe\u00f3n fontanero\/a\"><article class=\"post project-odd visible post-3561 type-post status-publish format-standard has-post-thumbnail hentry category-empleo-publico category-2\" data-name=\"Abierto plazo de presentaci\u00f3n de solicitudes para una plaza de Pe\u00f3n fontanero\/a\" data-date=\"2024-08-28T11:30:20+02:00\">\n\n<div class=\"post-thumbnail-wrap\">\n\t<div class=\"post-thumbnail\">\n\t\t\n\t\t\n\t\t<a href=\"https:\/\/www.lasgabias.es\/portal-transparencia\/abierto-plazo-presentacion-solicitudes-una-plaza-peon-fontanero\/\" class=\"post-thumbnail-rollover layzr-bg layzr-bg\" ><img fetchpriority=\"high\" decoding=\"async\" class=\"iso-lazy-load preload-me iso-lazy-load aspect\" src=\"data:image\/svg+xml,%3Csvg%20xmlns%3D&#39;http%3A%2F%2Fwww.w3.org%2F2000%2Fsvg&#39;%20viewBox%3D&#39;0%200%20768%20768&#39;%2F%3E\" data-src=\"https:\/\/www.lasgabias.es\/portal-transparencia\/wp-content\/uploads\/sites\/8\/2017\/05\/s020-768x768.jpg\" data-srcset=\"https:\/\/www.lasgabias.es\/portal-transparencia\/wp-content\/uploads\/sites\/8\/2017\/05\/s020-768x768.jpg 768w, https:\/\/www.lasgabias.es\/portal-transparencia\/wp-content\/uploads\/sites\/8\/2017\/05\/s020-800x800.jpg 800w\" loading=\"eager\" style=\"--ratio: 768 \/ 768\" sizes=\"(max-width: 768px) 100vw, 768px\" alt=\"\"  width=\"768\" height=\"768\"  \/><\/a>\t<\/div>\n<\/div>\n\n\n<div class=\"post-entry-content\">\n\n\t<h3 class=\"entry-title\">\n\t\t<a href=\"https:\/\/www.lasgabias.es\/portal-transparencia\/abierto-plazo-presentacion-solicitudes-una-plaza-peon-fontanero\/\" title=\"Abierto plazo de presentaci\u00f3n de solicitudes para una plaza de Pe\u00f3n fontanero\/a\" rel=\"bookmark\">Abierto plazo de presentaci\u00f3n de solicitudes para una plaza de Pe\u00f3n fontanero\/a<\/a>\n\t<\/h3>\n\n\t<div class=\"entry-meta\"><span class=\"category-link\"><a href=\"https:\/\/www.lasgabias.es\/portal-transparencia\/category\/empleo-publico\/\" >Empleo p\u00fablico<\/a><\/span><\/div>\n\t<div class=\"entry-excerpt\"><p>Publicaci\u00f3n de las bases y abierto plazo de presentaci\u00f3n de solicitudes desde el 29 de agosto hasta el 25 septiembre 2024 para una plaza de Pe\u00f3n fontanero\/a como personal laboral fijo.<\/p>\n<\/div>\n\t\n<a href=\"https:\/\/www.lasgabias.es\/portal-transparencia\/abierto-plazo-presentacion-solicitudes-una-plaza-peon-fontanero\/\" class=\"post-details details-type-link\" aria-label=\"Read more about Abierto plazo de presentaci\u00f3n de solicitudes para una plaza de Pe\u00f3n fontanero\/a\">Leer m\u00e1s<i class=\"dt-icon-the7-arrow-03\" aria-hidden=\"true\"><\/i><\/a>\n\n<\/div><\/article><\/div><div class=\"hidden wf-cell category-2 category-22\" data-post-id=\"5852\" data-date=\"2024-08-28T09:48:52+02:00\" data-name=\"Listado definitivo de admitidos y excluidos para una plaza de Administrativo\"><article class=\"post project-odd visible post-5852 type-post status-publish format-standard has-post-thumbnail hentry category-empleo-publico category-subgrupo-c1 category-2 category-22\" data-name=\"Listado definitivo de admitidos y excluidos para una plaza de Administrativo\" data-date=\"2024-08-28T09:48:52+02:00\">\n\n<div class=\"post-thumbnail-wrap\">\n\t<div class=\"post-thumbnail\">\n\t\t\n\t\t\n\t\t<a href=\"https:\/\/www.lasgabias.es\/portal-transparencia\/listado-definitivo-admitidos-excluidos-una-plaza-administrativo\/\" class=\"post-thumbnail-rollover layzr-bg layzr-bg\" ><img fetchpriority=\"high\" decoding=\"async\" class=\"iso-lazy-load preload-me iso-lazy-load aspect\" src=\"data:image\/svg+xml,%3Csvg%20xmlns%3D&#39;http%3A%2F%2Fwww.w3.org%2F2000%2Fsvg&#39;%20viewBox%3D&#39;0%200%20768%20768&#39;%2F%3E\" data-src=\"https:\/\/www.lasgabias.es\/portal-transparencia\/wp-content\/uploads\/sites\/8\/2017\/05\/s020-768x768.jpg\" data-srcset=\"https:\/\/www.lasgabias.es\/portal-transparencia\/wp-content\/uploads\/sites\/8\/2017\/05\/s020-768x768.jpg 768w, https:\/\/www.lasgabias.es\/portal-transparencia\/wp-content\/uploads\/sites\/8\/2017\/05\/s020-800x800.jpg 800w\" loading=\"eager\" style=\"--ratio: 768 \/ 768\" sizes=\"(max-width: 768px) 100vw, 768px\" alt=\"\"  width=\"768\" height=\"768\"  \/><\/a>\t<\/div>\n<\/div>\n\n\n<div class=\"post-entry-content\">\n\n\t<h3 class=\"entry-title\">\n\t\t<a href=\"https:\/\/www.lasgabias.es\/portal-transparencia\/listado-definitivo-admitidos-excluidos-una-plaza-administrativo\/\" title=\"Listado definitivo de admitidos y excluidos para una plaza de Administrativo\" rel=\"bookmark\">Listado definitivo de admitidos y excluidos para una plaza de Administrativo<\/a>\n\t<\/h3>\n\n\t<div class=\"entry-meta\"><span class=\"category-link\"><a href=\"https:\/\/www.lasgabias.es\/portal-transparencia\/category\/empleo-publico\/\" >Empleo p\u00fablico<\/a>, <a href=\"https:\/\/www.lasgabias.es\/portal-transparencia\/category\/subgrupo-c1\/\" >Subgrupo C1<\/a><\/span><\/div>\n\t<div class=\"entry-excerpt\"><p>Publicaci\u00f3n listado definitivo admitidos\/as y excluidos\/as de una plaza de Administrativo\/a por el procedimiento de oposici\u00f3n libre.<\/p>\n<\/div>\n\t\n<a href=\"https:\/\/www.lasgabias.es\/portal-transparencia\/listado-definitivo-admitidos-excluidos-una-plaza-administrativo\/\" class=\"post-details details-type-link\" aria-label=\"Read more about Listado definitivo de admitidos y excluidos para una plaza de Administrativo\">Leer m\u00e1s<i class=\"dt-icon-the7-arrow-03\" aria-hidden=\"true\"><\/i><\/a>\n\n<\/div><\/article><\/div><div class=\"hidden wf-cell category-2 category-22\" data-post-id=\"5451\" data-date=\"2024-04-25T12:36:09+02:00\" data-name=\"Publicadas bases y convocatoria para una plaza de Administrativo\/a\"><article class=\"post project-odd visible post-5451 type-post status-publish format-standard has-post-thumbnail hentry category-empleo-publico category-subgrupo-c1 category-2 category-22\" data-name=\"Publicadas bases y convocatoria para una plaza de Administrativo\/a\" data-date=\"2024-04-25T12:36:09+02:00\">\n\n<div class=\"post-thumbnail-wrap\">\n\t<div class=\"post-thumbnail\">\n\t\t\n\t\t\n\t\t<a href=\"https:\/\/www.lasgabias.es\/portal-transparencia\/publicadas-bases-y-convocatoria-para-una-plaza-de-administrativo-a\/\" class=\"post-thumbnail-rollover layzr-bg layzr-bg\" ><img fetchpriority=\"high\" decoding=\"async\" class=\"iso-lazy-load preload-me iso-lazy-load aspect\" src=\"data:image\/svg+xml,%3Csvg%20xmlns%3D&#39;http%3A%2F%2Fwww.w3.org%2F2000%2Fsvg&#39;%20viewBox%3D&#39;0%200%20768%20768&#39;%2F%3E\" data-src=\"https:\/\/www.lasgabias.es\/portal-transparencia\/wp-content\/uploads\/sites\/8\/2017\/05\/s020-768x768.jpg\" data-srcset=\"https:\/\/www.lasgabias.es\/portal-transparencia\/wp-content\/uploads\/sites\/8\/2017\/05\/s020-768x768.jpg 768w, https:\/\/www.lasgabias.es\/portal-transparencia\/wp-content\/uploads\/sites\/8\/2017\/05\/s020-800x800.jpg 800w\" loading=\"eager\" style=\"--ratio: 768 \/ 768\" sizes=\"(max-width: 768px) 100vw, 768px\" alt=\"\"  width=\"768\" height=\"768\"  \/><\/a>\t<\/div>\n<\/div>\n\n\n<div class=\"post-entry-content\">\n\n\t<h3 class=\"entry-title\">\n\t\t<a href=\"https:\/\/www.lasgabias.es\/portal-transparencia\/publicadas-bases-y-convocatoria-para-una-plaza-de-administrativo-a\/\" title=\"Publicadas bases y convocatoria para una plaza de Administrativo\/a\" rel=\"bookmark\">Publicadas bases y convocatoria para una plaza de Administrativo\/a<\/a>\n\t<\/h3>\n\n\t<div class=\"entry-meta\"><span class=\"category-link\"><a href=\"https:\/\/www.lasgabias.es\/portal-transparencia\/category\/empleo-publico\/\" >Empleo p\u00fablico<\/a>, <a href=\"https:\/\/www.lasgabias.es\/portal-transparencia\/category\/subgrupo-c1\/\" >Subgrupo C1<\/a><\/span><\/div>\n\t<div class=\"entry-excerpt\"><p>Publicaci\u00f3n de bases y convocatoria de 1 plaza de Administrativo\/a por el procedimiento de oposici\u00f3n libre.<\/p>\n<\/div>\n\t\n<a href=\"https:\/\/www.lasgabias.es\/portal-transparencia\/publicadas-bases-y-convocatoria-para-una-plaza-de-administrativo-a\/\" class=\"post-details details-type-link\" aria-label=\"Read more about Publicadas bases y convocatoria para una plaza de Administrativo\/a\">Leer m\u00e1s<i class=\"dt-icon-the7-arrow-03\" aria-hidden=\"true\"><\/i><\/a>\n\n<\/div><\/article><\/div><div class=\"hidden wf-cell category-2\" data-post-id=\"5375\" data-date=\"2024-04-17T09:32:42+02:00\" data-name=\"Publicado Anuncio puntuaciones provisionales del ejercicio tipo test y convocatoria para segundo ejercicio de la fase de oposici\u00f3n\"><article class=\"post project-odd visible post-5375 type-post status-publish format-standard has-post-thumbnail hentry category-empleo-publico category-2\" data-name=\"Publicado Anuncio puntuaciones provisionales del ejercicio tipo test y convocatoria para segundo ejercicio de la fase de oposici\u00f3n\" data-date=\"2024-04-17T09:32:42+02:00\">\n\n<div class=\"post-thumbnail-wrap\">\n\t<div class=\"post-thumbnail\">\n\t\t\n\t\t\n\t\t<a href=\"https:\/\/www.lasgabias.es\/portal-transparencia\/publicado-anuncio-puntuaciones-provisionales-del-ejercicio-tipo-test-y-convocatoria-para-segundo-ejercicio-de-la-fase-de-oposicion\/\" class=\"post-thumbnail-rollover layzr-bg layzr-bg\" ><img fetchpriority=\"high\" decoding=\"async\" class=\"iso-lazy-load preload-me iso-lazy-load aspect\" src=\"data:image\/svg+xml,%3Csvg%20xmlns%3D&#39;http%3A%2F%2Fwww.w3.org%2F2000%2Fsvg&#39;%20viewBox%3D&#39;0%200%20768%20768&#39;%2F%3E\" data-src=\"https:\/\/www.lasgabias.es\/portal-transparencia\/wp-content\/uploads\/sites\/8\/2017\/05\/s020-768x768.jpg\" data-srcset=\"https:\/\/www.lasgabias.es\/portal-transparencia\/wp-content\/uploads\/sites\/8\/2017\/05\/s020-768x768.jpg 768w, https:\/\/www.lasgabias.es\/portal-transparencia\/wp-content\/uploads\/sites\/8\/2017\/05\/s020-800x800.jpg 800w\" loading=\"eager\" style=\"--ratio: 768 \/ 768\" sizes=\"(max-width: 768px) 100vw, 768px\" alt=\"\"  width=\"768\" height=\"768\"  \/><\/a>\t<\/div>\n<\/div>\n\n\n<div class=\"post-entry-content\">\n\n\t<h3 class=\"entry-title\">\n\t\t<a href=\"https:\/\/www.lasgabias.es\/portal-transparencia\/publicado-anuncio-puntuaciones-provisionales-del-ejercicio-tipo-test-y-convocatoria-para-segundo-ejercicio-de-la-fase-de-oposicion\/\" title=\"Publicado Anuncio puntuaciones provisionales del ejercicio tipo test y convocatoria para segundo ejercicio de la fase de oposici\u00f3n\" rel=\"bookmark\">Publicado Anuncio puntuaciones provisionales del ejercicio tipo test y convocatoria para segundo ejercicio de la fase de oposici\u00f3n<\/a>\n\t<\/h3>\n\n\t<div class=\"entry-meta\"><span class=\"category-link\"><a href=\"https:\/\/www.lasgabias.es\/portal-transparencia\/category\/empleo-publico\/\" >Empleo p\u00fablico<\/a><\/span><\/div>\n\t<div class=\"entry-excerpt\"><p>Publicaci\u00f3n de Anuncio de puntuaciones provisionales del ejercicio tipo test de la fase de oposici\u00f3n &#8230;<\/p>\n<\/div>\n\t\n<a href=\"https:\/\/www.lasgabias.es\/portal-transparencia\/publicado-anuncio-puntuaciones-provisionales-del-ejercicio-tipo-test-y-convocatoria-para-segundo-ejercicio-de-la-fase-de-oposicion\/\" class=\"post-details details-type-link\" aria-label=\"Read more about Publicado Anuncio puntuaciones provisionales del ejercicio tipo test y convocatoria para segundo ejercicio de la fase de oposici\u00f3n\">Leer m\u00e1s<i class=\"dt-icon-the7-arrow-03\" aria-hidden=\"true\"><\/i><\/a>\n\n<\/div><\/article><\/div><div class=\"hidden wf-cell category-18 category-2\" data-post-id=\"5360\" data-date=\"2024-04-12T13:17:21+02:00\" data-name=\"Creaci\u00f3n de una bolsa de empleo de funcionario interino en la categor\u00eda de Trabajador\/a Social del Ayuntamiento de Las Gabias\"><article class=\"post project-odd visible post-5360 type-post status-publish format-standard has-post-thumbnail hentry category-bolsa-de-empleo category-empleo-publico category-18 category-2\" data-name=\"Creaci\u00f3n de una bolsa de empleo de funcionario interino en la categor\u00eda de Trabajador\/a Social del Ayuntamiento de Las Gabias\" data-date=\"2024-04-12T13:17:21+02:00\">\n\n<div class=\"post-thumbnail-wrap\">\n\t<div class=\"post-thumbnail\">\n\t\t\n\t\t\n\t\t<a href=\"https:\/\/www.lasgabias.es\/portal-transparencia\/creacion-bolsa-empleo-funcionarios-interinos-categoria-trabajador-social\/\" class=\"post-thumbnail-rollover layzr-bg layzr-bg\" ><img fetchpriority=\"high\" decoding=\"async\" class=\"iso-lazy-load preload-me iso-lazy-load aspect\" src=\"data:image\/svg+xml,%3Csvg%20xmlns%3D&#39;http%3A%2F%2Fwww.w3.org%2F2000%2Fsvg&#39;%20viewBox%3D&#39;0%200%20768%20768&#39;%2F%3E\" data-src=\"https:\/\/www.lasgabias.es\/portal-transparencia\/wp-content\/uploads\/sites\/8\/2017\/05\/s020-768x768.jpg\" data-srcset=\"https:\/\/www.lasgabias.es\/portal-transparencia\/wp-content\/uploads\/sites\/8\/2017\/05\/s020-768x768.jpg 768w, https:\/\/www.lasgabias.es\/portal-transparencia\/wp-content\/uploads\/sites\/8\/2017\/05\/s020-800x800.jpg 800w\" loading=\"eager\" style=\"--ratio: 768 \/ 768\" sizes=\"(max-width: 768px) 100vw, 768px\" alt=\"\"  width=\"768\" height=\"768\"  \/><\/a>\t<\/div>\n<\/div>\n\n\n<div class=\"post-entry-content\">\n\n\t<h3 class=\"entry-title\">\n\t\t<a href=\"https:\/\/www.lasgabias.es\/portal-transparencia\/creacion-bolsa-empleo-funcionarios-interinos-categoria-trabajador-social\/\" title=\"Creaci\u00f3n de una bolsa de empleo de funcionario interino en la categor\u00eda de Trabajador\/a Social del Ayuntamiento de Las Gabias\" rel=\"bookmark\">Creaci\u00f3n de una bolsa de empleo de funcionario interino en la categor\u00eda de Trabajador\/a Social del Ayuntamiento de Las Gabias<\/a>\n\t<\/h3>\n\n\t<div class=\"entry-meta\"><span class=\"category-link\"><a href=\"https:\/\/www.lasgabias.es\/portal-transparencia\/category\/empleo-publico\/bolsa-de-empleo\/\" >Bolsa de empleo<\/a>, <a href=\"https:\/\/www.lasgabias.es\/portal-transparencia\/category\/empleo-publico\/\" >Empleo p\u00fablico<\/a><\/span><\/div>\n\t<div class=\"entry-excerpt\"><p>Publicaci\u00f3n de Bases y plazo de presentaci\u00f3n de solicitudes para creaci\u00f3n de bolsa de empleo de funcionario interino en la categor\u00eda de Trabajador\/a Social<\/p>\n<\/div>\n\t\n<a href=\"https:\/\/www.lasgabias.es\/portal-transparencia\/creacion-bolsa-empleo-funcionarios-interinos-categoria-trabajador-social\/\" class=\"post-details details-type-link\" aria-label=\"Read more about Creaci\u00f3n de una bolsa de empleo de funcionario interino en la categor\u00eda de Trabajador\/a Social del Ayuntamiento de Las Gabias\">Leer m\u00e1s<i class=\"dt-icon-the7-arrow-03\" aria-hidden=\"true\"><\/i><\/a>\n\n<\/div><\/article><\/div><div class=\"hidden wf-cell category-2\" data-post-id=\"5307\" data-date=\"2024-04-11T11:34:09+02:00\" data-name=\"Publicado Anuncio del resultado de la correcci\u00f3n (con c\u00f3digos) del ejercicio test de la fase de oposici\u00f3n\"><article class=\"post project-odd visible post-5307 type-post status-publish format-standard has-post-thumbnail hentry category-empleo-publico category-2\" data-name=\"Publicado Anuncio del resultado de la correcci\u00f3n (con c\u00f3digos) del ejercicio test de la fase de oposici\u00f3n\" data-date=\"2024-04-11T11:34:09+02:00\">\n\n<div class=\"post-thumbnail-wrap\">\n\t<div class=\"post-thumbnail\">\n\t\t\n\t\t\n\t\t<a href=\"https:\/\/www.lasgabias.es\/portal-transparencia\/publicado-anuncio-del-resultado-de-la-correccion-con-codigos-del-ejercicio-test-de-la-fase-de-oposicion\/\" class=\"post-thumbnail-rollover layzr-bg layzr-bg\" ><img fetchpriority=\"high\" decoding=\"async\" class=\"iso-lazy-load preload-me iso-lazy-load aspect\" src=\"data:image\/svg+xml,%3Csvg%20xmlns%3D&#39;http%3A%2F%2Fwww.w3.org%2F2000%2Fsvg&#39;%20viewBox%3D&#39;0%200%20768%20768&#39;%2F%3E\" data-src=\"https:\/\/www.lasgabias.es\/portal-transparencia\/wp-content\/uploads\/sites\/8\/2017\/05\/s020-768x768.jpg\" data-srcset=\"https:\/\/www.lasgabias.es\/portal-transparencia\/wp-content\/uploads\/sites\/8\/2017\/05\/s020-768x768.jpg 768w, https:\/\/www.lasgabias.es\/portal-transparencia\/wp-content\/uploads\/sites\/8\/2017\/05\/s020-800x800.jpg 800w\" loading=\"eager\" style=\"--ratio: 768 \/ 768\" sizes=\"(max-width: 768px) 100vw, 768px\" alt=\"\"  width=\"768\" height=\"768\"  \/><\/a>\t<\/div>\n<\/div>\n\n\n<div class=\"post-entry-content\">\n\n\t<h3 class=\"entry-title\">\n\t\t<a href=\"https:\/\/www.lasgabias.es\/portal-transparencia\/publicado-anuncio-del-resultado-de-la-correccion-con-codigos-del-ejercicio-test-de-la-fase-de-oposicion\/\" title=\"Publicado Anuncio del resultado de la correcci\u00f3n (con c\u00f3digos) del ejercicio test de la fase de oposici\u00f3n\" rel=\"bookmark\">Publicado Anuncio del resultado de la correcci\u00f3n (con c\u00f3digos) del ejercicio test de la fase de oposici\u00f3n<\/a>\n\t<\/h3>\n\n\t<div class=\"entry-meta\"><span class=\"category-link\"><a href=\"https:\/\/www.lasgabias.es\/portal-transparencia\/category\/empleo-publico\/\" >Empleo p\u00fablico<\/a><\/span><\/div>\n\t<div class=\"entry-excerpt\"><p>Publicaci\u00f3n de Anuncio del resultado de la correci\u00f3n (con c\u00f3digos) del ejercicio test de la fase de oposici\u00f3n &#8230;<\/p>\n<\/div>\n\t\n<a href=\"https:\/\/www.lasgabias.es\/portal-transparencia\/publicado-anuncio-del-resultado-de-la-correccion-con-codigos-del-ejercicio-test-de-la-fase-de-oposicion\/\" class=\"post-details details-type-link\" aria-label=\"Read more about Publicado Anuncio del resultado de la correcci\u00f3n (con c\u00f3digos) del ejercicio test de la fase de oposici\u00f3n\">Leer m\u00e1s<i class=\"dt-icon-the7-arrow-03\" aria-hidden=\"true\"><\/i><\/a>\n\n<\/div><\/article><\/div><div class=\"hidden wf-cell category-2\" data-post-id=\"5220\" data-date=\"2024-03-21T13:01:58+01:00\" data-name=\"Publicada lista provisional admitidos\/as y excluidos\/as 1 plaza de T\u00e9cnico Gesti\u00f3n\"><article class=\"post project-odd visible post-5220 type-post status-publish format-standard has-post-thumbnail hentry category-empleo-publico category-2\" data-name=\"Publicada lista provisional admitidos\/as y excluidos\/as 1 plaza de T\u00e9cnico Gesti\u00f3n\" data-date=\"2024-03-21T13:01:58+01:00\">\n\n<div class=\"post-thumbnail-wrap\">\n\t<div class=\"post-thumbnail\">\n\t\t\n\t\t\n\t\t<a href=\"https:\/\/www.lasgabias.es\/portal-transparencia\/publicada-lista-provisional-admitidos-excluidos-1-plaza-tecnico-gestion\/\" class=\"post-thumbnail-rollover layzr-bg layzr-bg\" ><img fetchpriority=\"high\" decoding=\"async\" class=\"iso-lazy-load preload-me iso-lazy-load aspect\" src=\"data:image\/svg+xml,%3Csvg%20xmlns%3D&#39;http%3A%2F%2Fwww.w3.org%2F2000%2Fsvg&#39;%20viewBox%3D&#39;0%200%20768%20768&#39;%2F%3E\" data-src=\"https:\/\/www.lasgabias.es\/portal-transparencia\/wp-content\/uploads\/sites\/8\/2017\/05\/s020-768x768.jpg\" data-srcset=\"https:\/\/www.lasgabias.es\/portal-transparencia\/wp-content\/uploads\/sites\/8\/2017\/05\/s020-768x768.jpg 768w, https:\/\/www.lasgabias.es\/portal-transparencia\/wp-content\/uploads\/sites\/8\/2017\/05\/s020-800x800.jpg 800w\" loading=\"eager\" style=\"--ratio: 768 \/ 768\" sizes=\"(max-width: 768px) 100vw, 768px\" alt=\"\"  width=\"768\" height=\"768\"  \/><\/a>\t<\/div>\n<\/div>\n\n\n<div class=\"post-entry-content\">\n\n\t<h3 class=\"entry-title\">\n\t\t<a href=\"https:\/\/www.lasgabias.es\/portal-transparencia\/publicada-lista-provisional-admitidos-excluidos-1-plaza-tecnico-gestion\/\" title=\"Publicada lista provisional admitidos\/as y excluidos\/as 1 plaza de T\u00e9cnico Gesti\u00f3n\" rel=\"bookmark\">Publicada lista provisional admitidos\/as y excluidos\/as 1 plaza de T\u00e9cnico Gesti\u00f3n<\/a>\n\t<\/h3>\n\n\t<div class=\"entry-meta\"><span class=\"category-link\"><a href=\"https:\/\/www.lasgabias.es\/portal-transparencia\/category\/empleo-publico\/\" >Empleo p\u00fablico<\/a><\/span><\/div>\n\t<div class=\"entry-excerpt\"><p>Publicaci\u00f3n de lista provisional de admitidos\/as y excluidos\/as de 1 plaza de T\u00e9cnico de Gesti\u00f3n<\/p>\n<\/div>\n\t\n<a href=\"https:\/\/www.lasgabias.es\/portal-transparencia\/publicada-lista-provisional-admitidos-excluidos-1-plaza-tecnico-gestion\/\" class=\"post-details details-type-link\" aria-label=\"Read more about Publicada lista provisional admitidos\/as y excluidos\/as 1 plaza de T\u00e9cnico Gesti\u00f3n\">Leer m\u00e1s<i class=\"dt-icon-the7-arrow-03\" aria-hidden=\"true\"><\/i><\/a>\n\n<\/div><\/article><\/div><div class=\"hidden wf-cell category-2\" data-post-id=\"5191\" data-date=\"2024-03-21T10:23:41+01:00\" data-name=\"Publicada lista definitiva admitidos\/as y excluidos\/as 1 plaza de TAG y fecha de examen\"><article class=\"post project-odd visible post-5191 type-post status-publish format-standard has-post-thumbnail hentry category-empleo-publico category-2\" data-name=\"Publicada lista definitiva admitidos\/as y excluidos\/as 1 plaza de TAG y fecha de examen\" data-date=\"2024-03-21T10:23:41+01:00\">\n\n<div class=\"post-thumbnail-wrap\">\n\t<div class=\"post-thumbnail\">\n\t\t\n\t\t\n\t\t<a href=\"https:\/\/www.lasgabias.es\/portal-transparencia\/lista-definitiva-admitidos-excluidos-1-plaza-tag-fechaexamen\/\" class=\"post-thumbnail-rollover layzr-bg layzr-bg\" ><img fetchpriority=\"high\" decoding=\"async\" class=\"iso-lazy-load preload-me iso-lazy-load aspect\" src=\"data:image\/svg+xml,%3Csvg%20xmlns%3D&#39;http%3A%2F%2Fwww.w3.org%2F2000%2Fsvg&#39;%20viewBox%3D&#39;0%200%20768%20768&#39;%2F%3E\" data-src=\"https:\/\/www.lasgabias.es\/portal-transparencia\/wp-content\/uploads\/sites\/8\/2017\/05\/s020-768x768.jpg\" data-srcset=\"https:\/\/www.lasgabias.es\/portal-transparencia\/wp-content\/uploads\/sites\/8\/2017\/05\/s020-768x768.jpg 768w, https:\/\/www.lasgabias.es\/portal-transparencia\/wp-content\/uploads\/sites\/8\/2017\/05\/s020-800x800.jpg 800w\" loading=\"eager\" style=\"--ratio: 768 \/ 768\" sizes=\"(max-width: 768px) 100vw, 768px\" alt=\"\"  width=\"768\" height=\"768\"  \/><\/a>\t<\/div>\n<\/div>\n\n\n<div class=\"post-entry-content\">\n\n\t<h3 class=\"entry-title\">\n\t\t<a href=\"https:\/\/www.lasgabias.es\/portal-transparencia\/lista-definitiva-admitidos-excluidos-1-plaza-tag-fechaexamen\/\" title=\"Publicada lista definitiva admitidos\/as y excluidos\/as 1 plaza de TAG y fecha de examen\" rel=\"bookmark\">Publicada lista definitiva admitidos\/as y excluidos\/as 1 plaza de TAG y fecha de examen<\/a>\n\t<\/h3>\n\n\t<div class=\"entry-meta\"><span class=\"category-link\"><a href=\"https:\/\/www.lasgabias.es\/portal-transparencia\/category\/empleo-publico\/\" >Empleo p\u00fablico<\/a><\/span><\/div>\n\t<div class=\"entry-excerpt\"><p>Publicaci\u00f3n de lista definitiva de admitidos\/as y excluidos\/as de 1 plaza de T\u00e9cnico de Administraci\u00f3n General y fecha y lugar de examen.<\/p>\n<\/div>\n\t\n<a href=\"https:\/\/www.lasgabias.es\/portal-transparencia\/lista-definitiva-admitidos-excluidos-1-plaza-tag-fechaexamen\/\" class=\"post-details details-type-link\" aria-label=\"Read more about Publicada lista definitiva admitidos\/as y excluidos\/as 1 plaza de TAG y fecha de examen\">Leer m\u00e1s<i class=\"dt-icon-the7-arrow-03\" aria-hidden=\"true\"><\/i><\/a>\n\n<\/div><\/article><\/div><div class=\"hidden wf-cell category-2\" data-post-id=\"5047\" data-date=\"2024-02-21T13:21:37+01:00\" data-name=\"Publicada lista provisional admitidos\/as y excluidos\/as 1 plaza de TAG\"><article class=\"post project-odd visible post-5047 type-post status-publish format-standard has-post-thumbnail hentry category-empleo-publico category-2\" data-name=\"Publicada lista provisional admitidos\/as y excluidos\/as 1 plaza de TAG\" data-date=\"2024-02-21T13:21:37+01:00\">\n\n<div class=\"post-thumbnail-wrap\">\n\t<div class=\"post-thumbnail\">\n\t\t\n\t\t\n\t\t<a href=\"https:\/\/www.lasgabias.es\/portal-transparencia\/publicada-lista-provisional-admitidos-as-y-excluidos-as-1-plaza-de-tag\/\" class=\"post-thumbnail-rollover layzr-bg layzr-bg\" ><img fetchpriority=\"high\" decoding=\"async\" class=\"iso-lazy-load preload-me iso-lazy-load aspect\" src=\"data:image\/svg+xml,%3Csvg%20xmlns%3D&#39;http%3A%2F%2Fwww.w3.org%2F2000%2Fsvg&#39;%20viewBox%3D&#39;0%200%20768%20768&#39;%2F%3E\" data-src=\"https:\/\/www.lasgabias.es\/portal-transparencia\/wp-content\/uploads\/sites\/8\/2017\/05\/s020-768x768.jpg\" data-srcset=\"https:\/\/www.lasgabias.es\/portal-transparencia\/wp-content\/uploads\/sites\/8\/2017\/05\/s020-768x768.jpg 768w, https:\/\/www.lasgabias.es\/portal-transparencia\/wp-content\/uploads\/sites\/8\/2017\/05\/s020-800x800.jpg 800w\" loading=\"eager\" style=\"--ratio: 768 \/ 768\" sizes=\"(max-width: 768px) 100vw, 768px\" alt=\"\"  width=\"768\" height=\"768\"  \/><\/a>\t<\/div>\n<\/div>\n\n\n<div class=\"post-entry-content\">\n\n\t<h3 class=\"entry-title\">\n\t\t<a href=\"https:\/\/www.lasgabias.es\/portal-transparencia\/publicada-lista-provisional-admitidos-as-y-excluidos-as-1-plaza-de-tag\/\" title=\"Publicada lista provisional admitidos\/as y excluidos\/as 1 plaza de TAG\" rel=\"bookmark\">Publicada lista provisional admitidos\/as y excluidos\/as 1 plaza de TAG<\/a>\n\t<\/h3>\n\n\t<div class=\"entry-meta\"><span class=\"category-link\"><a href=\"https:\/\/www.lasgabias.es\/portal-transparencia\/category\/empleo-publico\/\" >Empleo p\u00fablico<\/a><\/span><\/div>\n\t<div class=\"entry-excerpt\"><p>Publicaci\u00f3n de lista provisional de admitidos\/as y excluidos\/as de 1 plaza de T\u00e9cnico de Administraci\u00f3n General<\/p>\n<\/div>\n\t\n<a href=\"https:\/\/www.lasgabias.es\/portal-transparencia\/publicada-lista-provisional-admitidos-as-y-excluidos-as-1-plaza-de-tag\/\" class=\"post-details details-type-link\" aria-label=\"Read more about Publicada lista provisional admitidos\/as y excluidos\/as 1 plaza de TAG\">Leer m\u00e1s<i class=\"dt-icon-the7-arrow-03\" aria-hidden=\"true\"><\/i><\/a>\n\n<\/div><\/article><\/div><div class=\"hidden wf-cell category-2\" data-post-id=\"4434\" data-date=\"2023-10-18T14:00:51+02:00\" data-name=\"Publicada lista definitiva admitidos\/as y excluidos\/as 1 plaza de Monitor\/a de Servicios a la Comunidad\"><article class=\"post project-odd visible post-4434 type-post status-publish format-standard has-post-thumbnail hentry category-empleo-publico category-2\" data-name=\"Publicada lista definitiva admitidos\/as y excluidos\/as 1 plaza de Monitor\/a de Servicios a la Comunidad\" data-date=\"2023-10-18T14:00:51+02:00\">\n\n<div class=\"post-thumbnail-wrap\">\n\t<div class=\"post-thumbnail\">\n\t\t\n\t\t\n\t\t<a href=\"https:\/\/www.lasgabias.es\/portal-transparencia\/publicada-lista-definitiva-admitidos-as-y-excluidos-as-1-plaza-de-monitor-a-de-servicios-a-la-comunidad\/\" class=\"post-thumbnail-rollover layzr-bg layzr-bg\" ><img fetchpriority=\"high\" decoding=\"async\" class=\"iso-lazy-load preload-me iso-lazy-load aspect\" src=\"data:image\/svg+xml,%3Csvg%20xmlns%3D&#39;http%3A%2F%2Fwww.w3.org%2F2000%2Fsvg&#39;%20viewBox%3D&#39;0%200%20768%20768&#39;%2F%3E\" data-src=\"https:\/\/www.lasgabias.es\/portal-transparencia\/wp-content\/uploads\/sites\/8\/2017\/05\/s020-768x768.jpg\" data-srcset=\"https:\/\/www.lasgabias.es\/portal-transparencia\/wp-content\/uploads\/sites\/8\/2017\/05\/s020-768x768.jpg 768w, https:\/\/www.lasgabias.es\/portal-transparencia\/wp-content\/uploads\/sites\/8\/2017\/05\/s020-800x800.jpg 800w\" loading=\"eager\" style=\"--ratio: 768 \/ 768\" sizes=\"(max-width: 768px) 100vw, 768px\" alt=\"\"  width=\"768\" height=\"768\"  \/><\/a>\t<\/div>\n<\/div>\n\n\n<div class=\"post-entry-content\">\n\n\t<h3 class=\"entry-title\">\n\t\t<a href=\"https:\/\/www.lasgabias.es\/portal-transparencia\/publicada-lista-definitiva-admitidos-as-y-excluidos-as-1-plaza-de-monitor-a-de-servicios-a-la-comunidad\/\" title=\"Publicada lista definitiva admitidos\/as y excluidos\/as 1 plaza de Monitor\/a de Servicios a la Comunidad\" rel=\"bookmark\">Publicada lista definitiva admitidos\/as y excluidos\/as 1 plaza de Monitor\/a de Servicios a la Comunidad<\/a>\n\t<\/h3>\n\n\t<div class=\"entry-meta\"><span class=\"category-link\"><a href=\"https:\/\/www.lasgabias.es\/portal-transparencia\/category\/empleo-publico\/\" >Empleo p\u00fablico<\/a><\/span><\/div>\n\t<div class=\"entry-excerpt\"><p>Publicaci\u00f3n de lista definitiva de admitidos\/as y excluidos\/as y plazo de alegaciones de 1 plaza de Monitor\/a de Servicios a la Comunidad por estabilizaci\u00f3n de empleo temporal.<\/p>\n<\/div>\n\t\n<a href=\"https:\/\/www.lasgabias.es\/portal-transparencia\/publicada-lista-definitiva-admitidos-as-y-excluidos-as-1-plaza-de-monitor-a-de-servicios-a-la-comunidad\/\" class=\"post-details details-type-link\" aria-label=\"Read more about Publicada lista definitiva admitidos\/as y excluidos\/as 1 plaza de Monitor\/a de Servicios a la Comunidad\">Leer m\u00e1s<i class=\"dt-icon-the7-arrow-03\" aria-hidden=\"true\"><\/i><\/a>\n\n<\/div><\/article><\/div><div class=\"hidden wf-cell category-2\" data-post-id=\"4432\" data-date=\"2023-10-18T14:00:41+02:00\" data-name=\"Publicada lista definitiva admitidos\/as y excluidos\/as 1 plaza de Monitor\/a de Inform\u00e1tica\"><article class=\"post project-odd visible post-4432 type-post status-publish format-standard has-post-thumbnail hentry category-empleo-publico category-2\" data-name=\"Publicada lista definitiva admitidos\/as y excluidos\/as 1 plaza de Monitor\/a de Inform\u00e1tica\" data-date=\"2023-10-18T14:00:41+02:00\">\n\n<div class=\"post-thumbnail-wrap\">\n\t<div class=\"post-thumbnail\">\n\t\t\n\t\t\n\t\t<a href=\"https:\/\/www.lasgabias.es\/portal-transparencia\/publicada-lista-definitiva-admitidos-excluidos-1-plaza-monitor-informatica\/\" class=\"post-thumbnail-rollover layzr-bg layzr-bg\" ><img fetchpriority=\"high\" decoding=\"async\" class=\"iso-lazy-load preload-me iso-lazy-load aspect\" src=\"data:image\/svg+xml,%3Csvg%20xmlns%3D&#39;http%3A%2F%2Fwww.w3.org%2F2000%2Fsvg&#39;%20viewBox%3D&#39;0%200%20768%20768&#39;%2F%3E\" data-src=\"https:\/\/www.lasgabias.es\/portal-transparencia\/wp-content\/uploads\/sites\/8\/2017\/05\/s020-768x768.jpg\" data-srcset=\"https:\/\/www.lasgabias.es\/portal-transparencia\/wp-content\/uploads\/sites\/8\/2017\/05\/s020-768x768.jpg 768w, https:\/\/www.lasgabias.es\/portal-transparencia\/wp-content\/uploads\/sites\/8\/2017\/05\/s020-800x800.jpg 800w\" loading=\"eager\" style=\"--ratio: 768 \/ 768\" sizes=\"(max-width: 768px) 100vw, 768px\" alt=\"\"  width=\"768\" height=\"768\"  \/><\/a>\t<\/div>\n<\/div>\n\n\n<div class=\"post-entry-content\">\n\n\t<h3 class=\"entry-title\">\n\t\t<a href=\"https:\/\/www.lasgabias.es\/portal-transparencia\/publicada-lista-definitiva-admitidos-excluidos-1-plaza-monitor-informatica\/\" title=\"Publicada lista definitiva admitidos\/as y excluidos\/as 1 plaza de Monitor\/a de Inform\u00e1tica\" rel=\"bookmark\">Publicada lista definitiva admitidos\/as y excluidos\/as 1 plaza de Monitor\/a de Inform\u00e1tica<\/a>\n\t<\/h3>\n\n\t<div class=\"entry-meta\"><span class=\"category-link\"><a href=\"https:\/\/www.lasgabias.es\/portal-transparencia\/category\/empleo-publico\/\" >Empleo p\u00fablico<\/a><\/span><\/div>\n\t<div class=\"entry-excerpt\"><p>Publicaci\u00f3n de lista definitiva de admitidos\/as y excluidos\/as y plazo de alegaciones de 1 plaza de Monitor\/a Inform\u00e1tica por estabilizaci\u00f3n de empleo temporal.<\/p>\n<\/div>\n\t\n<a href=\"https:\/\/www.lasgabias.es\/portal-transparencia\/publicada-lista-definitiva-admitidos-excluidos-1-plaza-monitor-informatica\/\" class=\"post-details details-type-link\" aria-label=\"Read more about Publicada lista definitiva admitidos\/as y excluidos\/as 1 plaza de Monitor\/a de Inform\u00e1tica\">Leer m\u00e1s<i class=\"dt-icon-the7-arrow-03\" aria-hidden=\"true\"><\/i><\/a>\n\n<\/div><\/article><\/div><div class=\"hidden wf-cell category-2\" data-post-id=\"4433\" data-date=\"2023-10-18T14:00:26+02:00\" data-name=\"Publicada lista definitiva admitidos\/as y excluidos\/as 1 plaza de Auxiliar de Biblioteca\"><article class=\"post project-odd visible post-4433 type-post status-publish format-standard has-post-thumbnail hentry category-empleo-publico category-2\" data-name=\"Publicada lista definitiva admitidos\/as y excluidos\/as 1 plaza de Auxiliar de Biblioteca\" data-date=\"2023-10-18T14:00:26+02:00\">\n\n<div class=\"post-thumbnail-wrap\">\n\t<div class=\"post-thumbnail\">\n\t\t\n\t\t\n\t\t<a href=\"https:\/\/www.lasgabias.es\/portal-transparencia\/publicada-lista-definitiva-admitidos-as-y-excluidos-as-1-plaza-de-auxiliar-de-biblioteca\/\" class=\"post-thumbnail-rollover layzr-bg layzr-bg\" ><img fetchpriority=\"high\" decoding=\"async\" class=\"iso-lazy-load preload-me iso-lazy-load aspect\" src=\"data:image\/svg+xml,%3Csvg%20xmlns%3D&#39;http%3A%2F%2Fwww.w3.org%2F2000%2Fsvg&#39;%20viewBox%3D&#39;0%200%20768%20768&#39;%2F%3E\" data-src=\"https:\/\/www.lasgabias.es\/portal-transparencia\/wp-content\/uploads\/sites\/8\/2017\/05\/s020-768x768.jpg\" data-srcset=\"https:\/\/www.lasgabias.es\/portal-transparencia\/wp-content\/uploads\/sites\/8\/2017\/05\/s020-768x768.jpg 768w, https:\/\/www.lasgabias.es\/portal-transparencia\/wp-content\/uploads\/sites\/8\/2017\/05\/s020-800x800.jpg 800w\" loading=\"eager\" style=\"--ratio: 768 \/ 768\" sizes=\"(max-width: 768px) 100vw, 768px\" alt=\"\"  width=\"768\" height=\"768\"  \/><\/a>\t<\/div>\n<\/div>\n\n\n<div class=\"post-entry-content\">\n\n\t<h3 class=\"entry-title\">\n\t\t<a href=\"https:\/\/www.lasgabias.es\/portal-transparencia\/publicada-lista-definitiva-admitidos-as-y-excluidos-as-1-plaza-de-auxiliar-de-biblioteca\/\" title=\"Publicada lista definitiva admitidos\/as y excluidos\/as 1 plaza de Auxiliar de Biblioteca\" rel=\"bookmark\">Publicada lista definitiva admitidos\/as y excluidos\/as 1 plaza de Auxiliar de Biblioteca<\/a>\n\t<\/h3>\n\n\t<div class=\"entry-meta\"><span class=\"category-link\"><a href=\"https:\/\/www.lasgabias.es\/portal-transparencia\/category\/empleo-publico\/\" >Empleo p\u00fablico<\/a><\/span><\/div>\n\t<div class=\"entry-excerpt\"><p>Publicaci\u00f3n de lista definitiva de admitidos\/as y excluidos\/as y plazo de alegaciones de 1 plaza de Auxiliar de Biblioteca por estabilizaci\u00f3n de empleo temporal.<\/p>\n<\/div>\n\t\n<a href=\"https:\/\/www.lasgabias.es\/portal-transparencia\/publicada-lista-definitiva-admitidos-as-y-excluidos-as-1-plaza-de-auxiliar-de-biblioteca\/\" class=\"post-details details-type-link\" aria-label=\"Read more about Publicada lista definitiva admitidos\/as y excluidos\/as 1 plaza de Auxiliar de Biblioteca\">Leer m\u00e1s<i class=\"dt-icon-the7-arrow-03\" aria-hidden=\"true\"><\/i><\/a>\n\n<\/div><\/article><\/div><div class=\"hidden wf-cell category-2\" data-post-id=\"4354\" data-date=\"2023-10-05T12:18:04+02:00\" data-name=\"Publicado anuncio de puntuaciones provisionales 4 plazas de Monitor\/a Nataci\u00f3n\"><article class=\"post project-odd visible post-4354 type-post status-publish format-standard has-post-thumbnail hentry category-empleo-publico category-2\" data-name=\"Publicado anuncio de puntuaciones provisionales 4 plazas de Monitor\/a Nataci\u00f3n\" data-date=\"2023-10-05T12:18:04+02:00\">\n\n<div class=\"post-thumbnail-wrap\">\n\t<div class=\"post-thumbnail\">\n\t\t\n\t\t\n\t\t<a href=\"https:\/\/www.lasgabias.es\/portal-transparencia\/publicado-anuncio-de-puntuaciones-provisionales-4-plazas-de-monitor-a-natacion\/\" class=\"post-thumbnail-rollover layzr-bg layzr-bg\" ><img fetchpriority=\"high\" decoding=\"async\" class=\"iso-lazy-load preload-me iso-lazy-load aspect\" src=\"data:image\/svg+xml,%3Csvg%20xmlns%3D&#39;http%3A%2F%2Fwww.w3.org%2F2000%2Fsvg&#39;%20viewBox%3D&#39;0%200%20768%20768&#39;%2F%3E\" data-src=\"https:\/\/www.lasgabias.es\/portal-transparencia\/wp-content\/uploads\/sites\/8\/2017\/05\/s020-768x768.jpg\" data-srcset=\"https:\/\/www.lasgabias.es\/portal-transparencia\/wp-content\/uploads\/sites\/8\/2017\/05\/s020-768x768.jpg 768w, https:\/\/www.lasgabias.es\/portal-transparencia\/wp-content\/uploads\/sites\/8\/2017\/05\/s020-800x800.jpg 800w\" loading=\"eager\" style=\"--ratio: 768 \/ 768\" sizes=\"(max-width: 768px) 100vw, 768px\" alt=\"\"  width=\"768\" height=\"768\"  \/><\/a>\t<\/div>\n<\/div>\n\n\n<div class=\"post-entry-content\">\n\n\t<h3 class=\"entry-title\">\n\t\t<a href=\"https:\/\/www.lasgabias.es\/portal-transparencia\/publicado-anuncio-de-puntuaciones-provisionales-4-plazas-de-monitor-a-natacion\/\" title=\"Publicado anuncio de puntuaciones provisionales 4 plazas de Monitor\/a Nataci\u00f3n\" rel=\"bookmark\">Publicado anuncio de puntuaciones provisionales 4 plazas de Monitor\/a Nataci\u00f3n<\/a>\n\t<\/h3>\n\n\t<div class=\"entry-meta\"><span class=\"category-link\"><a href=\"https:\/\/www.lasgabias.es\/portal-transparencia\/category\/empleo-publico\/\" >Empleo p\u00fablico<\/a><\/span><\/div>\n\t<div class=\"entry-excerpt\"><p>Publicado anuncio de puntuaciones provisionales de 4 Plazas Monitor\/a de Nataci\u00f3n<\/p>\n<\/div>\n\t\n<a href=\"https:\/\/www.lasgabias.es\/portal-transparencia\/publicado-anuncio-de-puntuaciones-provisionales-4-plazas-de-monitor-a-natacion\/\" class=\"post-details details-type-link\" aria-label=\"Read more about Publicado anuncio de puntuaciones provisionales 4 plazas de Monitor\/a Nataci\u00f3n\">Leer m\u00e1s<i class=\"dt-icon-the7-arrow-03\" aria-hidden=\"true\"><\/i><\/a>\n\n<\/div><\/article><\/div><div class=\"hidden wf-cell category-2\" data-post-id=\"4335\" data-date=\"2023-09-28T12:51:48+02:00\" data-name=\"Publicada puntuaci\u00f3n provisional de una plaza de Delineante\"><article class=\"post project-odd visible post-4335 type-post status-publish format-standard has-post-thumbnail hentry category-empleo-publico category-2\" data-name=\"Publicada puntuaci\u00f3n provisional de una plaza de Delineante\" data-date=\"2023-09-28T12:51:48+02:00\">\n\n<div class=\"post-thumbnail-wrap\">\n\t<div class=\"post-thumbnail\">\n\t\t\n\t\t\n\t\t<a href=\"https:\/\/www.lasgabias.es\/portal-transparencia\/publicada-puntuacion-provisional-de-una-plaza-de-delineante\/\" class=\"post-thumbnail-rollover layzr-bg layzr-bg\" ><img fetchpriority=\"high\" decoding=\"async\" class=\"iso-lazy-load preload-me iso-lazy-load aspect\" src=\"data:image\/svg+xml,%3Csvg%20xmlns%3D&#39;http%3A%2F%2Fwww.w3.org%2F2000%2Fsvg&#39;%20viewBox%3D&#39;0%200%20768%20768&#39;%2F%3E\" data-src=\"https:\/\/www.lasgabias.es\/portal-transparencia\/wp-content\/uploads\/sites\/8\/2017\/05\/s020-768x768.jpg\" data-srcset=\"https:\/\/www.lasgabias.es\/portal-transparencia\/wp-content\/uploads\/sites\/8\/2017\/05\/s020-768x768.jpg 768w, https:\/\/www.lasgabias.es\/portal-transparencia\/wp-content\/uploads\/sites\/8\/2017\/05\/s020-800x800.jpg 800w\" loading=\"eager\" style=\"--ratio: 768 \/ 768\" sizes=\"(max-width: 768px) 100vw, 768px\" alt=\"\"  width=\"768\" height=\"768\"  \/><\/a>\t<\/div>\n<\/div>\n\n\n<div class=\"post-entry-content\">\n\n\t<h3 class=\"entry-title\">\n\t\t<a href=\"https:\/\/www.lasgabias.es\/portal-transparencia\/publicada-puntuacion-provisional-de-una-plaza-de-delineante\/\" title=\"Publicada puntuaci\u00f3n provisional de una plaza de Delineante\" rel=\"bookmark\">Publicada puntuaci\u00f3n provisional de una plaza de Delineante<\/a>\n\t<\/h3>\n\n\t<div class=\"entry-meta\"><span class=\"category-link\"><a href=\"https:\/\/www.lasgabias.es\/portal-transparencia\/category\/empleo-publico\/\" >Empleo p\u00fablico<\/a><\/span><\/div>\n\t<div class=\"entry-excerpt\"><p>Publicaci\u00f3n de puntuaciones provisionales de 1 plaza de Delineante por estabilizaci\u00f3n de empleo temporal.<\/p>\n<\/div>\n\t\n<a href=\"https:\/\/www.lasgabias.es\/portal-transparencia\/publicada-puntuacion-provisional-de-una-plaza-de-delineante\/\" class=\"post-details details-type-link\" aria-label=\"Read more about Publicada puntuaci\u00f3n provisional de una plaza de Delineante\">Leer m\u00e1s<i class=\"dt-icon-the7-arrow-03\" aria-hidden=\"true\"><\/i><\/a>\n\n<\/div><\/article><\/div><div class=\"hidden wf-cell category-2\" data-post-id=\"4274\" data-date=\"2023-09-22T13:24:56+02:00\" data-name=\"Publicado anuncio resoluci\u00f3n alegaciones y propuesta de nombramiento del proceso de 3 plazas de Monitor\/a Deportivo\/a\"><article class=\"post project-odd visible post-4274 type-post status-publish format-standard has-post-thumbnail hentry category-empleo-publico category-2\" data-name=\"Publicado anuncio resoluci\u00f3n alegaciones y propuesta de nombramiento del proceso de 3 plazas de Monitor\/a Deportivo\/a\" data-date=\"2023-09-22T13:24:56+02:00\">\n\n<div class=\"post-thumbnail-wrap\">\n\t<div class=\"post-thumbnail\">\n\t\t\n\t\t\n\t\t<a href=\"https:\/\/www.lasgabias.es\/portal-transparencia\/publicado-anuncio-resolucion-alegaciones-propuesta-nombramiento-proceso-3-plazas-monitor-a-deportivo-a\/\" class=\"post-thumbnail-rollover layzr-bg layzr-bg\" ><img fetchpriority=\"high\" decoding=\"async\" class=\"iso-lazy-load preload-me iso-lazy-load aspect\" src=\"data:image\/svg+xml,%3Csvg%20xmlns%3D&#39;http%3A%2F%2Fwww.w3.org%2F2000%2Fsvg&#39;%20viewBox%3D&#39;0%200%20768%20768&#39;%2F%3E\" data-src=\"https:\/\/www.lasgabias.es\/portal-transparencia\/wp-content\/uploads\/sites\/8\/2017\/05\/s020-768x768.jpg\" data-srcset=\"https:\/\/www.lasgabias.es\/portal-transparencia\/wp-content\/uploads\/sites\/8\/2017\/05\/s020-768x768.jpg 768w, https:\/\/www.lasgabias.es\/portal-transparencia\/wp-content\/uploads\/sites\/8\/2017\/05\/s020-800x800.jpg 800w\" loading=\"eager\" style=\"--ratio: 768 \/ 768\" sizes=\"(max-width: 768px) 100vw, 768px\" alt=\"\"  width=\"768\" height=\"768\"  \/><\/a>\t<\/div>\n<\/div>\n\n\n<div class=\"post-entry-content\">\n\n\t<h3 class=\"entry-title\">\n\t\t<a href=\"https:\/\/www.lasgabias.es\/portal-transparencia\/publicado-anuncio-resolucion-alegaciones-propuesta-nombramiento-proceso-3-plazas-monitor-a-deportivo-a\/\" title=\"Publicado anuncio resoluci\u00f3n alegaciones y propuesta de nombramiento del proceso de 3 plazas de Monitor\/a Deportivo\/a\" rel=\"bookmark\">Publicado anuncio resoluci\u00f3n alegaciones y propuesta de nombramiento del proceso de 3 plazas de Monitor\/a Deportivo\/a<\/a>\n\t<\/h3>\n\n\t<div class=\"entry-meta\"><span class=\"category-link\"><a href=\"https:\/\/www.lasgabias.es\/portal-transparencia\/category\/empleo-publico\/\" >Empleo p\u00fablico<\/a><\/span><\/div>\n\t<div class=\"entry-excerpt\"><p>Publicado anuncio de baremaci\u00f3n definitiva y propuesta de nombramiento de 3 Plazas Monitor Deportivo<\/p>\n<\/div>\n\t\n<a href=\"https:\/\/www.lasgabias.es\/portal-transparencia\/publicado-anuncio-resolucion-alegaciones-propuesta-nombramiento-proceso-3-plazas-monitor-a-deportivo-a\/\" class=\"post-details details-type-link\" aria-label=\"Read more about Publicado anuncio resoluci\u00f3n alegaciones y propuesta de nombramiento del proceso de 3 plazas de Monitor\/a Deportivo\/a\">Leer m\u00e1s<i class=\"dt-icon-the7-arrow-03\" aria-hidden=\"true\"><\/i><\/a>\n\n<\/div><\/article><\/div><div class=\"hidden wf-cell category-2\" data-post-id=\"4267\" data-date=\"2023-09-21T11:05:35+02:00\" data-name=\"Publicada lista provisional admitidos\/as y excluidos\/as 1 plaza de Auxiliar de Biblioteca\"><article class=\"post project-odd visible post-4267 type-post status-publish format-standard has-post-thumbnail hentry category-empleo-publico category-2\" data-name=\"Publicada lista provisional admitidos\/as y excluidos\/as 1 plaza de Auxiliar de Biblioteca\" data-date=\"2023-09-21T11:05:35+02:00\">\n\n<div class=\"post-thumbnail-wrap\">\n\t<div class=\"post-thumbnail\">\n\t\t\n\t\t\n\t\t<a href=\"https:\/\/www.lasgabias.es\/portal-transparencia\/publicada-lista-provisional-admitidos-excluidos-1-plaza-auxiliar-biblioteca\/\" class=\"post-thumbnail-rollover layzr-bg layzr-bg\" ><img fetchpriority=\"high\" decoding=\"async\" class=\"iso-lazy-load preload-me iso-lazy-load aspect\" src=\"data:image\/svg+xml,%3Csvg%20xmlns%3D&#39;http%3A%2F%2Fwww.w3.org%2F2000%2Fsvg&#39;%20viewBox%3D&#39;0%200%20768%20768&#39;%2F%3E\" data-src=\"https:\/\/www.lasgabias.es\/portal-transparencia\/wp-content\/uploads\/sites\/8\/2017\/05\/s020-768x768.jpg\" data-srcset=\"https:\/\/www.lasgabias.es\/portal-transparencia\/wp-content\/uploads\/sites\/8\/2017\/05\/s020-768x768.jpg 768w, https:\/\/www.lasgabias.es\/portal-transparencia\/wp-content\/uploads\/sites\/8\/2017\/05\/s020-800x800.jpg 800w\" loading=\"eager\" style=\"--ratio: 768 \/ 768\" sizes=\"(max-width: 768px) 100vw, 768px\" alt=\"\"  width=\"768\" height=\"768\"  \/><\/a>\t<\/div>\n<\/div>\n\n\n<div class=\"post-entry-content\">\n\n\t<h3 class=\"entry-title\">\n\t\t<a href=\"https:\/\/www.lasgabias.es\/portal-transparencia\/publicada-lista-provisional-admitidos-excluidos-1-plaza-auxiliar-biblioteca\/\" title=\"Publicada lista provisional admitidos\/as y excluidos\/as 1 plaza de Auxiliar de Biblioteca\" rel=\"bookmark\">Publicada lista provisional admitidos\/as y excluidos\/as 1 plaza de Auxiliar de Biblioteca<\/a>\n\t<\/h3>\n\n\t<div class=\"entry-meta\"><span class=\"category-link\"><a href=\"https:\/\/www.lasgabias.es\/portal-transparencia\/category\/empleo-publico\/\" >Empleo p\u00fablico<\/a><\/span><\/div>\n\t<div class=\"entry-excerpt\"><p>Publicaci\u00f3n de lista provisional de admitidos\/as y excluidos\/as y plazo de alegaciones de 1 plaza de Auxiliar de Biblioteca por estabilizaci\u00f3n de empleo temporal.<\/p>\n<\/div>\n\t\n<a href=\"https:\/\/www.lasgabias.es\/portal-transparencia\/publicada-lista-provisional-admitidos-excluidos-1-plaza-auxiliar-biblioteca\/\" class=\"post-details details-type-link\" aria-label=\"Read more about Publicada lista provisional admitidos\/as y excluidos\/as 1 plaza de Auxiliar de Biblioteca\">Leer m\u00e1s<i class=\"dt-icon-the7-arrow-03\" aria-hidden=\"true\"><\/i><\/a>\n\n<\/div><\/article><\/div><div class=\"hidden wf-cell category-2\" data-post-id=\"4265\" data-date=\"2023-09-21T10:53:48+02:00\" data-name=\"Publicada lista provisional admitidos\/as y excluidos\/as 1 plaza de Monitor\/a de Servicios a la Comunidad\"><article class=\"post project-odd visible post-4265 type-post status-publish format-standard has-post-thumbnail hentry category-empleo-publico category-2\" data-name=\"Publicada lista provisional admitidos\/as y excluidos\/as 1 plaza de Monitor\/a de Servicios a la Comunidad\" data-date=\"2023-09-21T10:53:48+02:00\">\n\n<div class=\"post-thumbnail-wrap\">\n\t<div class=\"post-thumbnail\">\n\t\t\n\t\t\n\t\t<a href=\"https:\/\/www.lasgabias.es\/portal-transparencia\/publicada-lista-provisional-admitidos-excluidos-1-plaza-monitor-servicios-comunidad\/\" class=\"post-thumbnail-rollover layzr-bg layzr-bg\" ><img fetchpriority=\"high\" decoding=\"async\" class=\"iso-lazy-load preload-me iso-lazy-load aspect\" src=\"data:image\/svg+xml,%3Csvg%20xmlns%3D&#39;http%3A%2F%2Fwww.w3.org%2F2000%2Fsvg&#39;%20viewBox%3D&#39;0%200%20768%20768&#39;%2F%3E\" data-src=\"https:\/\/www.lasgabias.es\/portal-transparencia\/wp-content\/uploads\/sites\/8\/2017\/05\/s020-768x768.jpg\" data-srcset=\"https:\/\/www.lasgabias.es\/portal-transparencia\/wp-content\/uploads\/sites\/8\/2017\/05\/s020-768x768.jpg 768w, https:\/\/www.lasgabias.es\/portal-transparencia\/wp-content\/uploads\/sites\/8\/2017\/05\/s020-800x800.jpg 800w\" loading=\"eager\" style=\"--ratio: 768 \/ 768\" sizes=\"(max-width: 768px) 100vw, 768px\" alt=\"\"  width=\"768\" height=\"768\"  \/><\/a>\t<\/div>\n<\/div>\n\n\n<div class=\"post-entry-content\">\n\n\t<h3 class=\"entry-title\">\n\t\t<a href=\"https:\/\/www.lasgabias.es\/portal-transparencia\/publicada-lista-provisional-admitidos-excluidos-1-plaza-monitor-servicios-comunidad\/\" title=\"Publicada lista provisional admitidos\/as y excluidos\/as 1 plaza de Monitor\/a de Servicios a la Comunidad\" rel=\"bookmark\">Publicada lista provisional admitidos\/as y excluidos\/as 1 plaza de Monitor\/a de Servicios a la Comunidad<\/a>\n\t<\/h3>\n\n\t<div class=\"entry-meta\"><span class=\"category-link\"><a href=\"https:\/\/www.lasgabias.es\/portal-transparencia\/category\/empleo-publico\/\" >Empleo p\u00fablico<\/a><\/span><\/div>\n\t<div class=\"entry-excerpt\"><p>Publicaci\u00f3n de lista provisional de admitidos\/as y excluidos\/as y plazo de alegaciones de 1 plaza de Monitor\/a de Servicios a la Comunidad por estabilizaci\u00f3n de empleo temporal.<\/p>\n<\/div>\n\t\n<a href=\"https:\/\/www.lasgabias.es\/portal-transparencia\/publicada-lista-provisional-admitidos-excluidos-1-plaza-monitor-servicios-comunidad\/\" class=\"post-details details-type-link\" aria-label=\"Read more about Publicada lista provisional admitidos\/as y excluidos\/as 1 plaza de Monitor\/a de Servicios a la Comunidad\">Leer m\u00e1s<i class=\"dt-icon-the7-arrow-03\" aria-hidden=\"true\"><\/i><\/a>\n\n<\/div><\/article><\/div><div class=\"hidden wf-cell category-2\" data-post-id=\"4263\" data-date=\"2023-09-21T10:51:14+02:00\" data-name=\"Publicada lista provisional admitidos\/as y excluidos\/as 1 plaza de Monitor\/a de Inform\u00e1tica\"><article class=\"post project-odd visible post-4263 type-post status-publish format-standard has-post-thumbnail hentry category-empleo-publico category-2\" data-name=\"Publicada lista provisional admitidos\/as y excluidos\/as 1 plaza de Monitor\/a de Inform\u00e1tica\" data-date=\"2023-09-21T10:51:14+02:00\">\n\n<div class=\"post-thumbnail-wrap\">\n\t<div class=\"post-thumbnail\">\n\t\t\n\t\t\n\t\t<a href=\"https:\/\/www.lasgabias.es\/portal-transparencia\/publicada-lista-provisional-admitidos-excluidos-1-plaza-monitor-informatica\/\" class=\"post-thumbnail-rollover layzr-bg layzr-bg\" ><img fetchpriority=\"high\" decoding=\"async\" class=\"iso-lazy-load preload-me iso-lazy-load aspect\" src=\"data:image\/svg+xml,%3Csvg%20xmlns%3D&#39;http%3A%2F%2Fwww.w3.org%2F2000%2Fsvg&#39;%20viewBox%3D&#39;0%200%20768%20768&#39;%2F%3E\" data-src=\"https:\/\/www.lasgabias.es\/portal-transparencia\/wp-content\/uploads\/sites\/8\/2017\/05\/s020-768x768.jpg\" data-srcset=\"https:\/\/www.lasgabias.es\/portal-transparencia\/wp-content\/uploads\/sites\/8\/2017\/05\/s020-768x768.jpg 768w, https:\/\/www.lasgabias.es\/portal-transparencia\/wp-content\/uploads\/sites\/8\/2017\/05\/s020-800x800.jpg 800w\" loading=\"eager\" style=\"--ratio: 768 \/ 768\" sizes=\"(max-width: 768px) 100vw, 768px\" alt=\"\"  width=\"768\" height=\"768\"  \/><\/a>\t<\/div>\n<\/div>\n\n\n<div class=\"post-entry-content\">\n\n\t<h3 class=\"entry-title\">\n\t\t<a href=\"https:\/\/www.lasgabias.es\/portal-transparencia\/publicada-lista-provisional-admitidos-excluidos-1-plaza-monitor-informatica\/\" title=\"Publicada lista provisional admitidos\/as y excluidos\/as 1 plaza de Monitor\/a de Inform\u00e1tica\" rel=\"bookmark\">Publicada lista provisional admitidos\/as y excluidos\/as 1 plaza de Monitor\/a de Inform\u00e1tica<\/a>\n\t<\/h3>\n\n\t<div class=\"entry-meta\"><span class=\"category-link\"><a href=\"https:\/\/www.lasgabias.es\/portal-transparencia\/category\/empleo-publico\/\" >Empleo p\u00fablico<\/a><\/span><\/div>\n\t<div class=\"entry-excerpt\"><p>Publicaci\u00f3n de lista provisional de admitidos\/as y excluidos\/as y plazo de alegaciones de 1 plaza de Monitor\/a Inform\u00e1tica por estabilizaci\u00f3n de empleo temporal.<\/p>\n<\/div>\n\t\n<a href=\"https:\/\/www.lasgabias.es\/portal-transparencia\/publicada-lista-provisional-admitidos-excluidos-1-plaza-monitor-informatica\/\" class=\"post-details details-type-link\" aria-label=\"Read more about Publicada lista provisional admitidos\/as y excluidos\/as 1 plaza de Monitor\/a de Inform\u00e1tica\">Leer m\u00e1s<i class=\"dt-icon-the7-arrow-03\" aria-hidden=\"true\"><\/i><\/a>\n\n<\/div><\/article><\/div><div class=\"hidden wf-cell category-2\" data-post-id=\"3899\" data-date=\"2023-06-23T13:12:31+02:00\" data-name=\"Publicaci\u00f3n del anuncio de la puntuaci\u00f3n definitiva del ejercicio escrito de la fase de oposici\u00f3n 1 plaza de TAG\"><article class=\"post project-odd visible post-3899 type-post status-publish format-standard has-post-thumbnail hentry category-empleo-publico category-2\" data-name=\"Publicaci\u00f3n del anuncio de la puntuaci\u00f3n definitiva del ejercicio escrito de la fase de oposici\u00f3n 1 plaza de TAG\" data-date=\"2023-06-23T13:12:31+02:00\">\n\n<div class=\"post-thumbnail-wrap\">\n\t<div class=\"post-thumbnail\">\n\t\t\n\t\t\n\t\t<a href=\"https:\/\/www.lasgabias.es\/portal-transparencia\/publicacion-del-anuncio-de-la-puntuacion-definitiva-del-ejercicio-escrito-de-la-fase-de-oposicion-1-plaza-de-tag\/\" class=\"post-thumbnail-rollover layzr-bg layzr-bg\" ><img fetchpriority=\"high\" decoding=\"async\" class=\"iso-lazy-load preload-me iso-lazy-load aspect\" src=\"data:image\/svg+xml,%3Csvg%20xmlns%3D&#39;http%3A%2F%2Fwww.w3.org%2F2000%2Fsvg&#39;%20viewBox%3D&#39;0%200%20768%20768&#39;%2F%3E\" data-src=\"https:\/\/www.lasgabias.es\/portal-transparencia\/wp-content\/uploads\/sites\/8\/2017\/05\/s020-768x768.jpg\" data-srcset=\"https:\/\/www.lasgabias.es\/portal-transparencia\/wp-content\/uploads\/sites\/8\/2017\/05\/s020-768x768.jpg 768w, https:\/\/www.lasgabias.es\/portal-transparencia\/wp-content\/uploads\/sites\/8\/2017\/05\/s020-800x800.jpg 800w\" loading=\"eager\" style=\"--ratio: 768 \/ 768\" sizes=\"(max-width: 768px) 100vw, 768px\" alt=\"\"  width=\"768\" height=\"768\"  \/><\/a>\t<\/div>\n<\/div>\n\n\n<div class=\"post-entry-content\">\n\n\t<h3 class=\"entry-title\">\n\t\t<a href=\"https:\/\/www.lasgabias.es\/portal-transparencia\/publicacion-del-anuncio-de-la-puntuacion-definitiva-del-ejercicio-escrito-de-la-fase-de-oposicion-1-plaza-de-tag\/\" title=\"Publicaci\u00f3n del anuncio de la puntuaci\u00f3n definitiva del ejercicio escrito de la fase de oposici\u00f3n 1 plaza de TAG\" rel=\"bookmark\">Publicaci\u00f3n del anuncio de la puntuaci\u00f3n definitiva del ejercicio escrito de la fase de oposici\u00f3n 1 plaza de TAG<\/a>\n\t<\/h3>\n\n\t<div class=\"entry-meta\"><span class=\"category-link\"><a href=\"https:\/\/www.lasgabias.es\/portal-transparencia\/category\/empleo-publico\/\" >Empleo p\u00fablico<\/a><\/span><\/div>\n\t<div class=\"entry-excerpt\"><p>Publicaci\u00f3n anuncio de la puntuaci\u00f3n definitiva del ejercicio escrito de la fase de oposici\u00f3n y convocatoria ejercicio pr\u00e1ctico para 1 plaza de TAG<\/p>\n<\/div>\n\t\n<a href=\"https:\/\/www.lasgabias.es\/portal-transparencia\/publicacion-del-anuncio-de-la-puntuacion-definitiva-del-ejercicio-escrito-de-la-fase-de-oposicion-1-plaza-de-tag\/\" class=\"post-details details-type-link\" aria-label=\"Read more about Publicaci\u00f3n del anuncio de la puntuaci\u00f3n definitiva del ejercicio escrito de la fase de oposici\u00f3n 1 plaza de TAG\">Leer m\u00e1s<i class=\"dt-icon-the7-arrow-03\" aria-hidden=\"true\"><\/i><\/a>\n\n<\/div><\/article><\/div><div class=\"hidden wf-cell category-2\" data-post-id=\"3873\" data-date=\"2023-06-20T09:57:46+02:00\" data-name=\"Publicado anuncio resoluci\u00f3n alegaciones y propuesta de nombramiento del proceso de Ingeniero\/a de Caminos, canales y puertos\"><article class=\"post project-odd visible post-3873 type-post status-publish format-standard has-post-thumbnail hentry category-empleo-publico category-2\" data-name=\"Publicado anuncio resoluci\u00f3n alegaciones y propuesta de nombramiento del proceso de Ingeniero\/a de Caminos, canales y puertos\" data-date=\"2023-06-20T09:57:46+02:00\">\n\n<div class=\"post-thumbnail-wrap\">\n\t<div class=\"post-thumbnail\">\n\t\t\n\t\t\n\t\t<a href=\"https:\/\/www.lasgabias.es\/portal-transparencia\/publicado-anuncio-resolucion-alegaciones-y-propuesta-de-nombramiento-del-proceso-de-ingeniero-a-de-caminos-canales-y-puertos\/\" class=\"post-thumbnail-rollover layzr-bg layzr-bg\" ><img fetchpriority=\"high\" decoding=\"async\" class=\"iso-lazy-load preload-me iso-lazy-load aspect\" src=\"data:image\/svg+xml,%3Csvg%20xmlns%3D&#39;http%3A%2F%2Fwww.w3.org%2F2000%2Fsvg&#39;%20viewBox%3D&#39;0%200%20768%20768&#39;%2F%3E\" data-src=\"https:\/\/www.lasgabias.es\/portal-transparencia\/wp-content\/uploads\/sites\/8\/2017\/05\/s020-768x768.jpg\" data-srcset=\"https:\/\/www.lasgabias.es\/portal-transparencia\/wp-content\/uploads\/sites\/8\/2017\/05\/s020-768x768.jpg 768w, https:\/\/www.lasgabias.es\/portal-transparencia\/wp-content\/uploads\/sites\/8\/2017\/05\/s020-800x800.jpg 800w\" loading=\"eager\" style=\"--ratio: 768 \/ 768\" sizes=\"(max-width: 768px) 100vw, 768px\" alt=\"\"  width=\"768\" height=\"768\"  \/><\/a>\t<\/div>\n<\/div>\n\n\n<div class=\"post-entry-content\">\n\n\t<h3 class=\"entry-title\">\n\t\t<a href=\"https:\/\/www.lasgabias.es\/portal-transparencia\/publicado-anuncio-resolucion-alegaciones-y-propuesta-de-nombramiento-del-proceso-de-ingeniero-a-de-caminos-canales-y-puertos\/\" title=\"Publicado anuncio resoluci\u00f3n alegaciones y propuesta de nombramiento del proceso de Ingeniero\/a de Caminos, canales y puertos\" rel=\"bookmark\">Publicado anuncio resoluci\u00f3n alegaciones y propuesta de nombramiento del proceso de Ingeniero\/a de Caminos, canales y puertos<\/a>\n\t<\/h3>\n\n\t<div class=\"entry-meta\"><span class=\"category-link\"><a href=\"https:\/\/www.lasgabias.es\/portal-transparencia\/category\/empleo-publico\/\" >Empleo p\u00fablico<\/a><\/span><\/div>\n\t<div class=\"entry-excerpt\"><p>Publicado anuncio resoluci\u00f3n alegaciones ejercicio pr\u00e1ctico y propuesta nombramiento del proceso de una plaza de Ingeniero\/a de Caminos, Canales y Puertos.<\/p>\n<\/div>\n\t\n<a href=\"https:\/\/www.lasgabias.es\/portal-transparencia\/publicado-anuncio-resolucion-alegaciones-y-propuesta-de-nombramiento-del-proceso-de-ingeniero-a-de-caminos-canales-y-puertos\/\" class=\"post-details details-type-link\" aria-label=\"Read more about Publicado anuncio resoluci\u00f3n alegaciones y propuesta de nombramiento del proceso de Ingeniero\/a de Caminos, canales y puertos\">Leer m\u00e1s<i class=\"dt-icon-the7-arrow-03\" aria-hidden=\"true\"><\/i><\/a>\n\n<\/div><\/article><\/div><div class=\"hidden wf-cell category-2\" data-post-id=\"3833\" data-date=\"2023-06-13T13:16:36+02:00\" data-name=\"Publicada lista provisional admitidos\/as y excluidos\/as 3 plazas de Operario\"><article class=\"post project-odd visible post-3833 type-post status-publish format-standard has-post-thumbnail hentry category-empleo-publico category-2\" data-name=\"Publicada lista provisional admitidos\/as y excluidos\/as 3 plazas de Operario\" data-date=\"2023-06-13T13:16:36+02:00\">\n\n<div class=\"post-thumbnail-wrap\">\n\t<div class=\"post-thumbnail\">\n\t\t\n\t\t\n\t\t<a href=\"https:\/\/www.lasgabias.es\/portal-transparencia\/publicada-lista-provisional-admitidos-as-y-excluidos-as-3-plazas-de-operario\/\" class=\"post-thumbnail-rollover layzr-bg layzr-bg\" ><img fetchpriority=\"high\" decoding=\"async\" class=\"iso-lazy-load preload-me iso-lazy-load aspect\" src=\"data:image\/svg+xml,%3Csvg%20xmlns%3D&#39;http%3A%2F%2Fwww.w3.org%2F2000%2Fsvg&#39;%20viewBox%3D&#39;0%200%20768%20768&#39;%2F%3E\" data-src=\"https:\/\/www.lasgabias.es\/portal-transparencia\/wp-content\/uploads\/sites\/8\/2017\/05\/s020-768x768.jpg\" data-srcset=\"https:\/\/www.lasgabias.es\/portal-transparencia\/wp-content\/uploads\/sites\/8\/2017\/05\/s020-768x768.jpg 768w, https:\/\/www.lasgabias.es\/portal-transparencia\/wp-content\/uploads\/sites\/8\/2017\/05\/s020-800x800.jpg 800w\" loading=\"eager\" style=\"--ratio: 768 \/ 768\" sizes=\"(max-width: 768px) 100vw, 768px\" alt=\"\"  width=\"768\" height=\"768\"  \/><\/a>\t<\/div>\n<\/div>\n\n\n<div class=\"post-entry-content\">\n\n\t<h3 class=\"entry-title\">\n\t\t<a href=\"https:\/\/www.lasgabias.es\/portal-transparencia\/publicada-lista-provisional-admitidos-as-y-excluidos-as-3-plazas-de-operario\/\" title=\"Publicada lista provisional admitidos\/as y excluidos\/as 3 plazas de Operario\" rel=\"bookmark\">Publicada lista provisional admitidos\/as y excluidos\/as 3 plazas de Operario<\/a>\n\t<\/h3>\n\n\t<div class=\"entry-meta\"><span class=\"category-link\"><a href=\"https:\/\/www.lasgabias.es\/portal-transparencia\/category\/empleo-publico\/\" >Empleo p\u00fablico<\/a><\/span><\/div>\n\t<div class=\"entry-excerpt\"><p>Publicaci\u00f3n de lista provisional de admitidos\/as y excluidos\/as y plazo de alegaciones de 3 plazas de Operario por estabilizaci\u00f3n de empleo temporal.<\/p>\n<\/div>\n\t\n<a href=\"https:\/\/www.lasgabias.es\/portal-transparencia\/publicada-lista-provisional-admitidos-as-y-excluidos-as-3-plazas-de-operario\/\" class=\"post-details details-type-link\" aria-label=\"Read more about Publicada lista provisional admitidos\/as y excluidos\/as 3 plazas de Operario\">Leer m\u00e1s<i class=\"dt-icon-the7-arrow-03\" aria-hidden=\"true\"><\/i><\/a>\n\n<\/div><\/article><\/div><div class=\"hidden wf-cell category-2\" data-post-id=\"3795\" data-date=\"2023-06-06T10:59:43+02:00\" data-name=\"Publicada lista provisional admitidos\/as y excluidos\/as 1 plaza de Monitor\/a de Integraci\u00f3n Social\"><article class=\"post project-odd visible post-3795 type-post status-publish format-standard has-post-thumbnail hentry category-empleo-publico category-2\" data-name=\"Publicada lista provisional admitidos\/as y excluidos\/as 1 plaza de Monitor\/a de Integraci\u00f3n Social\" data-date=\"2023-06-06T10:59:43+02:00\">\n\n<div class=\"post-thumbnail-wrap\">\n\t<div class=\"post-thumbnail\">\n\t\t\n\t\t\n\t\t<a href=\"https:\/\/www.lasgabias.es\/portal-transparencia\/publicada-lista-provisional-admitidos-as-y-excluidos-as-1-plaza-de-monitor-a-de-integracion-social\/\" class=\"post-thumbnail-rollover layzr-bg layzr-bg\" ><img fetchpriority=\"high\" decoding=\"async\" class=\"iso-lazy-load preload-me iso-lazy-load aspect\" src=\"data:image\/svg+xml,%3Csvg%20xmlns%3D&#39;http%3A%2F%2Fwww.w3.org%2F2000%2Fsvg&#39;%20viewBox%3D&#39;0%200%20768%20768&#39;%2F%3E\" data-src=\"https:\/\/www.lasgabias.es\/portal-transparencia\/wp-content\/uploads\/sites\/8\/2017\/05\/s020-768x768.jpg\" data-srcset=\"https:\/\/www.lasgabias.es\/portal-transparencia\/wp-content\/uploads\/sites\/8\/2017\/05\/s020-768x768.jpg 768w, https:\/\/www.lasgabias.es\/portal-transparencia\/wp-content\/uploads\/sites\/8\/2017\/05\/s020-800x800.jpg 800w\" loading=\"eager\" style=\"--ratio: 768 \/ 768\" sizes=\"(max-width: 768px) 100vw, 768px\" alt=\"\"  width=\"768\" height=\"768\"  \/><\/a>\t<\/div>\n<\/div>\n\n\n<div class=\"post-entry-content\">\n\n\t<h3 class=\"entry-title\">\n\t\t<a href=\"https:\/\/www.lasgabias.es\/portal-transparencia\/publicada-lista-provisional-admitidos-as-y-excluidos-as-1-plaza-de-monitor-a-de-integracion-social\/\" title=\"Publicada lista provisional admitidos\/as y excluidos\/as 1 plaza de Monitor\/a de Integraci\u00f3n Social\" rel=\"bookmark\">Publicada lista provisional admitidos\/as y excluidos\/as 1 plaza de Monitor\/a de Integraci\u00f3n Social<\/a>\n\t<\/h3>\n\n\t<div class=\"entry-meta\"><span class=\"category-link\"><a href=\"https:\/\/www.lasgabias.es\/portal-transparencia\/category\/empleo-publico\/\" >Empleo p\u00fablico<\/a><\/span><\/div>\n\t<div class=\"entry-excerpt\"><p>Publicaci\u00f3n de lista provisional de admitidos\/as y excluidos\/as y plazo de alegaciones de 1 plaza de Monitor\/a Integraci\u00f3n Social por estabilizaci\u00f3n de empleo temporal.<\/p>\n<\/div>\n\t\n<a href=\"https:\/\/www.lasgabias.es\/portal-transparencia\/publicada-lista-provisional-admitidos-as-y-excluidos-as-1-plaza-de-monitor-a-de-integracion-social\/\" class=\"post-details details-type-link\" aria-label=\"Read more about Publicada lista provisional admitidos\/as y excluidos\/as 1 plaza de Monitor\/a de Integraci\u00f3n Social\">Leer m\u00e1s<i class=\"dt-icon-the7-arrow-03\" aria-hidden=\"true\"><\/i><\/a>\n\n<\/div><\/article><\/div><div class=\"hidden wf-cell category-1\" data-post-id=\"3684\" data-date=\"2023-05-30T11:44:37+02:00\" data-name=\"Pleno Sesi\u00f3n Ordinaria del 24 de abril de 2023\"><article class=\"post project-odd visible post-3684 type-post status-publish format-standard has-post-thumbnail hentry category-plenos-municipales category-1\" data-name=\"Pleno Sesi\u00f3n Ordinaria del 24 de abril de 2023\" data-date=\"2023-05-30T11:44:37+02:00\">\n\n<div class=\"post-thumbnail-wrap\">\n\t<div class=\"post-thumbnail\">\n\t\t\n\t\t\n\t\t<a href=\"https:\/\/www.lasgabias.es\/portal-transparencia\/pleno-sesion-ordinaria-del-24-de-abril-de-2023\/\" class=\"post-thumbnail-rollover layzr-bg layzr-bg\" ><img decoding=\"async\" class=\"iso-lazy-load preload-me iso-lazy-load aspect\" src=\"data:image\/svg+xml,%3Csvg%20xmlns%3D&#39;http%3A%2F%2Fwww.w3.org%2F2000%2Fsvg&#39;%20viewBox%3D&#39;0%200%20768%20768&#39;%2F%3E\" data-src=\"https:\/\/www.lasgabias.es\/portal-transparencia\/wp-content\/uploads\/sites\/8\/2023\/03\/pleno-768x768.jpg\" data-srcset=\"https:\/\/www.lasgabias.es\/portal-transparencia\/wp-content\/uploads\/sites\/8\/2023\/03\/pleno-768x768.jpg 768w, https:\/\/www.lasgabias.es\/portal-transparencia\/wp-content\/uploads\/sites\/8\/2023\/03\/pleno-800x800.jpg 800w\" loading=\"eager\" style=\"--ratio: 768 \/ 768\" sizes=\"(max-width: 768px) 100vw, 768px\" alt=\"\" title=\"pleno\" width=\"768\" height=\"768\"  \/><\/a>\t<\/div>\n<\/div>\n\n\n<div class=\"post-entry-content\">\n\n\t<h3 class=\"entry-title\">\n\t\t<a href=\"https:\/\/www.lasgabias.es\/portal-transparencia\/pleno-sesion-ordinaria-del-24-de-abril-de-2023\/\" title=\"Pleno Sesi\u00f3n Ordinaria del 24 de abril de 2023\" rel=\"bookmark\">Pleno Sesi\u00f3n Ordinaria del 24 de abril de 2023<\/a>\n\t<\/h3>\n\n\t<div class=\"entry-meta\"><span class=\"category-link\"><a href=\"https:\/\/www.lasgabias.es\/portal-transparencia\/category\/plenos-municipales\/\" >Plenos Municipales<\/a><\/span><\/div>\n\t<div class=\"entry-excerpt\"><p>Publicaci\u00f3n del acta y v\u00eddeoacta correspondiente a la sesi\u00f3n ordinaria de Pleno celebrada el 27 de marzo de 2023 en el Ayuntamiento de Las Gabias.<\/p>\n<\/div>\n\t\n<a href=\"https:\/\/www.lasgabias.es\/portal-transparencia\/pleno-sesion-ordinaria-del-24-de-abril-de-2023\/\" class=\"post-details details-type-link\" aria-label=\"Read more about Pleno Sesi\u00f3n Ordinaria del 24 de abril de 2023\">Leer m\u00e1s<i class=\"dt-icon-the7-arrow-03\" aria-hidden=\"true\"><\/i><\/a>\n\n<\/div><\/article><\/div><div class=\"hidden wf-cell category-1\" data-post-id=\"3682\" data-date=\"2023-05-30T11:34:36+02:00\" data-name=\"Pleno Sesi\u00f3n Ordinaria del 27 de marzo de 2023\"><article class=\"post project-odd visible post-3682 type-post status-publish format-standard has-post-thumbnail hentry category-plenos-municipales category-1\" data-name=\"Pleno Sesi\u00f3n Ordinaria del 27 de marzo de 2023\" data-date=\"2023-05-30T11:34:36+02:00\">\n\n<div class=\"post-thumbnail-wrap\">\n\t<div class=\"post-thumbnail\">\n\t\t\n\t\t\n\t\t<a href=\"https:\/\/www.lasgabias.es\/portal-transparencia\/pleno-sesion-ordinaria-del-27-de-marzo-de-2023\/\" class=\"post-thumbnail-rollover layzr-bg layzr-bg\" ><img decoding=\"async\" class=\"iso-lazy-load preload-me iso-lazy-load aspect\" src=\"data:image\/svg+xml,%3Csvg%20xmlns%3D&#39;http%3A%2F%2Fwww.w3.org%2F2000%2Fsvg&#39;%20viewBox%3D&#39;0%200%20768%20768&#39;%2F%3E\" data-src=\"https:\/\/www.lasgabias.es\/portal-transparencia\/wp-content\/uploads\/sites\/8\/2023\/03\/pleno-768x768.jpg\" data-srcset=\"https:\/\/www.lasgabias.es\/portal-transparencia\/wp-content\/uploads\/sites\/8\/2023\/03\/pleno-768x768.jpg 768w, https:\/\/www.lasgabias.es\/portal-transparencia\/wp-content\/uploads\/sites\/8\/2023\/03\/pleno-800x800.jpg 800w\" loading=\"eager\" style=\"--ratio: 768 \/ 768\" sizes=\"(max-width: 768px) 100vw, 768px\" alt=\"\" title=\"pleno\" width=\"768\" height=\"768\"  \/><\/a>\t<\/div>\n<\/div>\n\n\n<div class=\"post-entry-content\">\n\n\t<h3 class=\"entry-title\">\n\t\t<a href=\"https:\/\/www.lasgabias.es\/portal-transparencia\/pleno-sesion-ordinaria-del-27-de-marzo-de-2023\/\" title=\"Pleno Sesi\u00f3n Ordinaria del 27 de marzo de 2023\" rel=\"bookmark\">Pleno Sesi\u00f3n Ordinaria del 27 de marzo de 2023<\/a>\n\t<\/h3>\n\n\t<div class=\"entry-meta\"><span class=\"category-link\"><a href=\"https:\/\/www.lasgabias.es\/portal-transparencia\/category\/plenos-municipales\/\" >Plenos Municipales<\/a><\/span><\/div>\n\t<div class=\"entry-excerpt\"><p>Publicaci\u00f3n del acta y v\u00eddeoacta correspondiente a la sesi\u00f3n ordinaria de Pleno celebrada el 27 de marzo de 2023 en el Ayuntamiento de Las Gabias.<\/p>\n<\/div>\n\t\n<a href=\"https:\/\/www.lasgabias.es\/portal-transparencia\/pleno-sesion-ordinaria-del-27-de-marzo-de-2023\/\" class=\"post-details details-type-link\" aria-label=\"Read more about Pleno Sesi\u00f3n Ordinaria del 27 de marzo de 2023\">Leer m\u00e1s<i class=\"dt-icon-the7-arrow-03\" aria-hidden=\"true\"><\/i><\/a>\n\n<\/div><\/article><\/div><div class=\"hidden wf-cell category-2\" data-post-id=\"3676\" data-date=\"2023-05-30T11:12:18+02:00\" data-name=\"Publicado anuncio calificaci\u00f3n provisional ejercicio tipo test de una plaza de TAG\"><article class=\"post project-odd visible post-3676 type-post status-publish format-standard has-post-thumbnail hentry category-empleo-publico category-2\" data-name=\"Publicado anuncio calificaci\u00f3n provisional ejercicio tipo test de una plaza de TAG\" data-date=\"2023-05-30T11:12:18+02:00\">\n\n<div class=\"post-thumbnail-wrap\">\n\t<div class=\"post-thumbnail\">\n\t\t\n\t\t\n\t\t<a href=\"https:\/\/www.lasgabias.es\/portal-transparencia\/publicado-anuncio-calificacion-provisional-ejercicio-tipo-test-de-una-plaza-de-tag\/\" class=\"post-thumbnail-rollover layzr-bg layzr-bg\" ><img fetchpriority=\"high\" decoding=\"async\" class=\"iso-lazy-load preload-me iso-lazy-load aspect\" src=\"data:image\/svg+xml,%3Csvg%20xmlns%3D&#39;http%3A%2F%2Fwww.w3.org%2F2000%2Fsvg&#39;%20viewBox%3D&#39;0%200%20768%20768&#39;%2F%3E\" data-src=\"https:\/\/www.lasgabias.es\/portal-transparencia\/wp-content\/uploads\/sites\/8\/2017\/05\/s020-768x768.jpg\" data-srcset=\"https:\/\/www.lasgabias.es\/portal-transparencia\/wp-content\/uploads\/sites\/8\/2017\/05\/s020-768x768.jpg 768w, https:\/\/www.lasgabias.es\/portal-transparencia\/wp-content\/uploads\/sites\/8\/2017\/05\/s020-800x800.jpg 800w\" loading=\"eager\" style=\"--ratio: 768 \/ 768\" sizes=\"(max-width: 768px) 100vw, 768px\" alt=\"\"  width=\"768\" height=\"768\"  \/><\/a>\t<\/div>\n<\/div>\n\n\n<div class=\"post-entry-content\">\n\n\t<h3 class=\"entry-title\">\n\t\t<a href=\"https:\/\/www.lasgabias.es\/portal-transparencia\/publicado-anuncio-calificacion-provisional-ejercicio-tipo-test-de-una-plaza-de-tag\/\" title=\"Publicado anuncio calificaci\u00f3n provisional ejercicio tipo test de una plaza de TAG\" rel=\"bookmark\">Publicado anuncio calificaci\u00f3n provisional ejercicio tipo test de una plaza de TAG<\/a>\n\t<\/h3>\n\n\t<div class=\"entry-meta\"><span class=\"category-link\"><a href=\"https:\/\/www.lasgabias.es\/portal-transparencia\/category\/empleo-publico\/\" >Empleo p\u00fablico<\/a><\/span><\/div>\n\t<div class=\"entry-excerpt\"><p>Publicaci\u00f3n de anuncio con calificaci\u00f3n provisional del ejercicio tipo test de una plaza de T\u00e9cnico de Administraci\u00f3n General del Ayuntamiento de Las Gabias (OEP Extraordinaria de estabilizaci\u00f3n) y plazo de alegaciones.<\/p>\n<\/div>\n\t\n<a href=\"https:\/\/www.lasgabias.es\/portal-transparencia\/publicado-anuncio-calificacion-provisional-ejercicio-tipo-test-de-una-plaza-de-tag\/\" class=\"post-details details-type-link\" aria-label=\"Read more about Publicado anuncio calificaci\u00f3n provisional ejercicio tipo test de una plaza de TAG\">Leer m\u00e1s<i class=\"dt-icon-the7-arrow-03\" aria-hidden=\"true\"><\/i><\/a>\n\n<\/div><\/article><\/div><div class=\"hidden wf-cell category-2\" data-post-id=\"3658\" data-date=\"2023-05-26T13:40:08+02:00\" data-name=\"Publicada resoluci\u00f3n de alegaciones y aprobaci\u00f3n definitiva plantilla test de 1 plaza de TAG\"><article class=\"post project-odd visible post-3658 type-post status-publish format-standard has-post-thumbnail hentry category-empleo-publico category-2\" data-name=\"Publicada resoluci\u00f3n de alegaciones y aprobaci\u00f3n definitiva plantilla test de 1 plaza de TAG\" data-date=\"2023-05-26T13:40:08+02:00\">\n\n<div class=\"post-thumbnail-wrap\">\n\t<div class=\"post-thumbnail\">\n\t\t\n\t\t\n\t\t<a href=\"https:\/\/www.lasgabias.es\/portal-transparencia\/publicada-resolucion-de-alegaciones-y-aprobacion-definitiva-plantilla-test-de-1-plaza-de-tag\/\" class=\"post-thumbnail-rollover layzr-bg layzr-bg\" ><img fetchpriority=\"high\" decoding=\"async\" class=\"iso-lazy-load preload-me iso-lazy-load aspect\" src=\"data:image\/svg+xml,%3Csvg%20xmlns%3D&#39;http%3A%2F%2Fwww.w3.org%2F2000%2Fsvg&#39;%20viewBox%3D&#39;0%200%20768%20768&#39;%2F%3E\" data-src=\"https:\/\/www.lasgabias.es\/portal-transparencia\/wp-content\/uploads\/sites\/8\/2017\/05\/s020-768x768.jpg\" data-srcset=\"https:\/\/www.lasgabias.es\/portal-transparencia\/wp-content\/uploads\/sites\/8\/2017\/05\/s020-768x768.jpg 768w, https:\/\/www.lasgabias.es\/portal-transparencia\/wp-content\/uploads\/sites\/8\/2017\/05\/s020-800x800.jpg 800w\" loading=\"eager\" style=\"--ratio: 768 \/ 768\" sizes=\"(max-width: 768px) 100vw, 768px\" alt=\"\"  width=\"768\" height=\"768\"  \/><\/a>\t<\/div>\n<\/div>\n\n\n<div class=\"post-entry-content\">\n\n\t<h3 class=\"entry-title\">\n\t\t<a href=\"https:\/\/www.lasgabias.es\/portal-transparencia\/publicada-resolucion-de-alegaciones-y-aprobacion-definitiva-plantilla-test-de-1-plaza-de-tag\/\" title=\"Publicada resoluci\u00f3n de alegaciones y aprobaci\u00f3n definitiva plantilla test de 1 plaza de TAG\" rel=\"bookmark\">Publicada resoluci\u00f3n de alegaciones y aprobaci\u00f3n definitiva plantilla test de 1 plaza de TAG<\/a>\n\t<\/h3>\n\n\t<div class=\"entry-meta\"><span class=\"category-link\"><a href=\"https:\/\/www.lasgabias.es\/portal-transparencia\/category\/empleo-publico\/\" >Empleo p\u00fablico<\/a><\/span><\/div>\n\t<div class=\"entry-excerpt\"><p>Publicaci\u00f3n de la resoluci\u00f3n de alegaciones y aprobaci\u00f3n definitiva plantilla test de una plaza de T\u00e9cnico de Administraci\u00f3n General del Ayuntamiento de Las Gabias (OEP Extraordinaria de estabilizaci\u00f3n).<\/p>\n<\/div>\n\t\n<a href=\"https:\/\/www.lasgabias.es\/portal-transparencia\/publicada-resolucion-de-alegaciones-y-aprobacion-definitiva-plantilla-test-de-1-plaza-de-tag\/\" class=\"post-details details-type-link\" aria-label=\"Read more about Publicada resoluci\u00f3n de alegaciones y aprobaci\u00f3n definitiva plantilla test de 1 plaza de TAG\">Leer m\u00e1s<i class=\"dt-icon-the7-arrow-03\" aria-hidden=\"true\"><\/i><\/a>\n\n<\/div><\/article><\/div><div class=\"hidden wf-cell category-2\" data-post-id=\"3634\" data-date=\"2023-05-23T09:34:10+02:00\" data-name=\"Publicado anuncio puntuaci\u00f3n provisional del ejercicio pr\u00e1ctico del proceso de Ingeniero\/a de Caminos, canales y puertos\"><article class=\"post project-odd visible post-3634 type-post status-publish format-standard has-post-thumbnail hentry category-empleo-publico category-2\" data-name=\"Publicado anuncio puntuaci\u00f3n provisional del ejercicio pr\u00e1ctico del proceso de Ingeniero\/a de Caminos, canales y puertos\" data-date=\"2023-05-23T09:34:10+02:00\">\n\n<div class=\"post-thumbnail-wrap\">\n\t<div class=\"post-thumbnail\">\n\t\t\n\t\t\n\t\t<a href=\"https:\/\/www.lasgabias.es\/portal-transparencia\/publicado-anuncio-puntuacion-provisional-del-ejercicio-practico-del-proceso-de-ingeniero-a-de-caminos-canales-y-puertos\/\" class=\"post-thumbnail-rollover layzr-bg layzr-bg\" ><img fetchpriority=\"high\" decoding=\"async\" class=\"iso-lazy-load preload-me iso-lazy-load aspect\" src=\"data:image\/svg+xml,%3Csvg%20xmlns%3D&#39;http%3A%2F%2Fwww.w3.org%2F2000%2Fsvg&#39;%20viewBox%3D&#39;0%200%20768%20768&#39;%2F%3E\" data-src=\"https:\/\/www.lasgabias.es\/portal-transparencia\/wp-content\/uploads\/sites\/8\/2017\/05\/s020-768x768.jpg\" data-srcset=\"https:\/\/www.lasgabias.es\/portal-transparencia\/wp-content\/uploads\/sites\/8\/2017\/05\/s020-768x768.jpg 768w, https:\/\/www.lasgabias.es\/portal-transparencia\/wp-content\/uploads\/sites\/8\/2017\/05\/s020-800x800.jpg 800w\" loading=\"eager\" style=\"--ratio: 768 \/ 768\" sizes=\"(max-width: 768px) 100vw, 768px\" alt=\"\"  width=\"768\" height=\"768\"  \/><\/a>\t<\/div>\n<\/div>\n\n\n<div class=\"post-entry-content\">\n\n\t<h3 class=\"entry-title\">\n\t\t<a href=\"https:\/\/www.lasgabias.es\/portal-transparencia\/publicado-anuncio-puntuacion-provisional-del-ejercicio-practico-del-proceso-de-ingeniero-a-de-caminos-canales-y-puertos\/\" title=\"Publicado anuncio puntuaci\u00f3n provisional del ejercicio pr\u00e1ctico del proceso de Ingeniero\/a de Caminos, canales y puertos\" rel=\"bookmark\">Publicado anuncio puntuaci\u00f3n provisional del ejercicio pr\u00e1ctico del proceso de Ingeniero\/a de Caminos, canales y puertos<\/a>\n\t<\/h3>\n\n\t<div class=\"entry-meta\"><span class=\"category-link\"><a href=\"https:\/\/www.lasgabias.es\/portal-transparencia\/category\/empleo-publico\/\" >Empleo p\u00fablico<\/a><\/span><\/div>\n\t<div class=\"entry-excerpt\"><p>Publicado anuncio de la puntuaci\u00f3n provisonal del ejercicio pr\u00e1ctico del proceso de una plaza de Ingeniero\/a de Caminos, canales y puertos.<\/p>\n<\/div>\n\t\n<a href=\"https:\/\/www.lasgabias.es\/portal-transparencia\/publicado-anuncio-puntuacion-provisional-del-ejercicio-practico-del-proceso-de-ingeniero-a-de-caminos-canales-y-puertos\/\" class=\"post-details details-type-link\" aria-label=\"Read more about Publicado anuncio puntuaci\u00f3n provisional del ejercicio pr\u00e1ctico del proceso de Ingeniero\/a de Caminos, canales y puertos\">Leer m\u00e1s<i class=\"dt-icon-the7-arrow-03\" aria-hidden=\"true\"><\/i><\/a>\n\n<\/div><\/article><\/div><div class=\"hidden wf-cell category-2\" data-post-id=\"3606\" data-date=\"2023-05-17T12:51:05+02:00\" data-name=\"Publicado anuncio de la plantilla de correci\u00f3n del examen tipo test de dos plazas de Polic\u00eda Local\"><article class=\"post project-odd visible post-3606 type-post status-publish format-standard has-post-thumbnail hentry category-empleo-publico category-2\" data-name=\"Publicado anuncio de la plantilla de correci\u00f3n del examen tipo test de dos plazas de Polic\u00eda Local\" data-date=\"2023-05-17T12:51:05+02:00\">\n\n<div class=\"post-thumbnail-wrap\">\n\t<div class=\"post-thumbnail\">\n\t\t\n\t\t\n\t\t<a href=\"https:\/\/www.lasgabias.es\/portal-transparencia\/publicado-anuncio-de-la-plantilla-de-correcion-del-examen-tipo-test-de-dos-plazas-de-policia-local\/\" class=\"post-thumbnail-rollover layzr-bg layzr-bg\" ><img fetchpriority=\"high\" decoding=\"async\" class=\"iso-lazy-load preload-me iso-lazy-load aspect\" src=\"data:image\/svg+xml,%3Csvg%20xmlns%3D&#39;http%3A%2F%2Fwww.w3.org%2F2000%2Fsvg&#39;%20viewBox%3D&#39;0%200%20768%20768&#39;%2F%3E\" data-src=\"https:\/\/www.lasgabias.es\/portal-transparencia\/wp-content\/uploads\/sites\/8\/2017\/05\/s020-768x768.jpg\" data-srcset=\"https:\/\/www.lasgabias.es\/portal-transparencia\/wp-content\/uploads\/sites\/8\/2017\/05\/s020-768x768.jpg 768w, https:\/\/www.lasgabias.es\/portal-transparencia\/wp-content\/uploads\/sites\/8\/2017\/05\/s020-800x800.jpg 800w\" loading=\"eager\" style=\"--ratio: 768 \/ 768\" sizes=\"(max-width: 768px) 100vw, 768px\" alt=\"\"  width=\"768\" height=\"768\"  \/><\/a>\t<\/div>\n<\/div>\n\n\n<div class=\"post-entry-content\">\n\n\t<h3 class=\"entry-title\">\n\t\t<a href=\"https:\/\/www.lasgabias.es\/portal-transparencia\/publicado-anuncio-de-la-plantilla-de-correcion-del-examen-tipo-test-de-dos-plazas-de-policia-local\/\" title=\"Publicado anuncio de la plantilla de correci\u00f3n del examen tipo test de dos plazas de Polic\u00eda Local\" rel=\"bookmark\">Publicado anuncio de la plantilla de correci\u00f3n del examen tipo test de dos plazas de Polic\u00eda Local<\/a>\n\t<\/h3>\n\n\t<div class=\"entry-meta\"><span class=\"category-link\"><a href=\"https:\/\/www.lasgabias.es\/portal-transparencia\/category\/empleo-publico\/\" >Empleo p\u00fablico<\/a><\/span><\/div>\n\t<div class=\"entry-excerpt\"><p>Publicado anuncio de la plantilla de correci\u00f3n del examen tipo test de dos plazas de Polic\u00eda Local y plazo de alegaciones<\/p>\n<\/div>\n\t\n<a href=\"https:\/\/www.lasgabias.es\/portal-transparencia\/publicado-anuncio-de-la-plantilla-de-correcion-del-examen-tipo-test-de-dos-plazas-de-policia-local\/\" class=\"post-details details-type-link\" aria-label=\"Read more about Publicado anuncio de la plantilla de correci\u00f3n del examen tipo test de dos plazas de Polic\u00eda Local\">Leer m\u00e1s<i class=\"dt-icon-the7-arrow-03\" aria-hidden=\"true\"><\/i><\/a>\n\n<\/div><\/article><\/div><div class=\"hidden wf-cell category-2\" data-post-id=\"3595\" data-date=\"2023-05-16T09:57:59+02:00\" data-name=\"Publicaci\u00f3n del anuncio del resultado de la correcci\u00f3n del ejercicio escrito de la fase de oposici\u00f3n 1 plaza de TAG\"><article class=\"post project-odd visible post-3595 type-post status-publish format-standard has-post-thumbnail hentry category-empleo-publico category-2\" data-name=\"Publicaci\u00f3n del anuncio del resultado de la correcci\u00f3n del ejercicio escrito de la fase de oposici\u00f3n 1 plaza de TAG\" data-date=\"2023-05-16T09:57:59+02:00\">\n\n<div class=\"post-thumbnail-wrap\">\n\t<div class=\"post-thumbnail\">\n\t\t\n\t\t\n\t\t<a href=\"https:\/\/www.lasgabias.es\/portal-transparencia\/publicacion-del-anuncio-del-resultado-de-la-correccion-del-ejercicio-escrito-de-la-fase-de-oposicion-1-plaza-de-tag\/\" class=\"post-thumbnail-rollover layzr-bg layzr-bg\" ><img fetchpriority=\"high\" decoding=\"async\" class=\"iso-lazy-load preload-me iso-lazy-load aspect\" src=\"data:image\/svg+xml,%3Csvg%20xmlns%3D&#39;http%3A%2F%2Fwww.w3.org%2F2000%2Fsvg&#39;%20viewBox%3D&#39;0%200%20768%20768&#39;%2F%3E\" data-src=\"https:\/\/www.lasgabias.es\/portal-transparencia\/wp-content\/uploads\/sites\/8\/2017\/05\/s020-768x768.jpg\" data-srcset=\"https:\/\/www.lasgabias.es\/portal-transparencia\/wp-content\/uploads\/sites\/8\/2017\/05\/s020-768x768.jpg 768w, https:\/\/www.lasgabias.es\/portal-transparencia\/wp-content\/uploads\/sites\/8\/2017\/05\/s020-800x800.jpg 800w\" loading=\"eager\" style=\"--ratio: 768 \/ 768\" sizes=\"(max-width: 768px) 100vw, 768px\" alt=\"\"  width=\"768\" height=\"768\"  \/><\/a>\t<\/div>\n<\/div>\n\n\n<div class=\"post-entry-content\">\n\n\t<h3 class=\"entry-title\">\n\t\t<a href=\"https:\/\/www.lasgabias.es\/portal-transparencia\/publicacion-del-anuncio-del-resultado-de-la-correccion-del-ejercicio-escrito-de-la-fase-de-oposicion-1-plaza-de-tag\/\" title=\"Publicaci\u00f3n del anuncio del resultado de la correcci\u00f3n del ejercicio escrito de la fase de oposici\u00f3n 1 plaza de TAG\" rel=\"bookmark\">Publicaci\u00f3n del anuncio del resultado de la correcci\u00f3n del ejercicio escrito de la fase de oposici\u00f3n 1 plaza de TAG<\/a>\n\t<\/h3>\n\n\t<div class=\"entry-meta\"><span class=\"category-link\"><a href=\"https:\/\/www.lasgabias.es\/portal-transparencia\/category\/empleo-publico\/\" >Empleo p\u00fablico<\/a><\/span><\/div>\n\t<div class=\"entry-excerpt\"><p>Publicaci\u00f3n del anuncio del resultado de la correcci\u00f3n del ejercicio test de la fase de oposici\u00f3n 1 plaza de TAG<\/p>\n<\/div>\n\t\n<a href=\"https:\/\/www.lasgabias.es\/portal-transparencia\/publicacion-del-anuncio-del-resultado-de-la-correccion-del-ejercicio-escrito-de-la-fase-de-oposicion-1-plaza-de-tag\/\" class=\"post-details details-type-link\" aria-label=\"Read more about Publicaci\u00f3n del anuncio del resultado de la correcci\u00f3n del ejercicio escrito de la fase de oposici\u00f3n 1 plaza de TAG\">Leer m\u00e1s<i class=\"dt-icon-the7-arrow-03\" aria-hidden=\"true\"><\/i><\/a>\n\n<\/div><\/article><\/div><div class=\"hidden wf-cell category-2\" data-post-id=\"3576\" data-date=\"2023-05-09T13:40:18+02:00\" data-name=\"Publicado anuncio puntuaci\u00f3n ejercicio tipo test del proceso de Ingeniero\/a de Caminos, canales y puertos\"><article class=\"post project-odd visible post-3576 type-post status-publish format-standard has-post-thumbnail hentry category-empleo-publico category-2\" data-name=\"Publicado anuncio puntuaci\u00f3n ejercicio tipo test del proceso de Ingeniero\/a de Caminos, canales y puertos\" data-date=\"2023-05-09T13:40:18+02:00\">\n\n<div class=\"post-thumbnail-wrap\">\n\t<div class=\"post-thumbnail\">\n\t\t\n\t\t\n\t\t<a href=\"https:\/\/www.lasgabias.es\/portal-transparencia\/publicado-anuncio-puntuacion-ejercicio-tipo-test-del-proceso-de-ingeniero-a-de-caminos-canales-y-puertos\/\" class=\"post-thumbnail-rollover layzr-bg layzr-bg\" ><img fetchpriority=\"high\" decoding=\"async\" class=\"iso-lazy-load preload-me iso-lazy-load aspect\" src=\"data:image\/svg+xml,%3Csvg%20xmlns%3D&#39;http%3A%2F%2Fwww.w3.org%2F2000%2Fsvg&#39;%20viewBox%3D&#39;0%200%20768%20768&#39;%2F%3E\" data-src=\"https:\/\/www.lasgabias.es\/portal-transparencia\/wp-content\/uploads\/sites\/8\/2017\/05\/s020-768x768.jpg\" data-srcset=\"https:\/\/www.lasgabias.es\/portal-transparencia\/wp-content\/uploads\/sites\/8\/2017\/05\/s020-768x768.jpg 768w, https:\/\/www.lasgabias.es\/portal-transparencia\/wp-content\/uploads\/sites\/8\/2017\/05\/s020-800x800.jpg 800w\" loading=\"eager\" style=\"--ratio: 768 \/ 768\" sizes=\"(max-width: 768px) 100vw, 768px\" alt=\"\"  width=\"768\" height=\"768\"  \/><\/a>\t<\/div>\n<\/div>\n\n\n<div class=\"post-entry-content\">\n\n\t<h3 class=\"entry-title\">\n\t\t<a href=\"https:\/\/www.lasgabias.es\/portal-transparencia\/publicado-anuncio-puntuacion-ejercicio-tipo-test-del-proceso-de-ingeniero-a-de-caminos-canales-y-puertos\/\" title=\"Publicado anuncio puntuaci\u00f3n ejercicio tipo test del proceso de Ingeniero\/a de Caminos, canales y puertos\" rel=\"bookmark\">Publicado anuncio puntuaci\u00f3n ejercicio tipo test del proceso de Ingeniero\/a de Caminos, canales y puertos<\/a>\n\t<\/h3>\n\n\t<div class=\"entry-meta\"><span class=\"category-link\"><a href=\"https:\/\/www.lasgabias.es\/portal-transparencia\/category\/empleo-publico\/\" >Empleo p\u00fablico<\/a><\/span><\/div>\n\t<div class=\"entry-excerpt\"><p>Publicado anuncio de la puntuaci\u00f3n definitiva del ejercicio tipo test y convocatoria del segundo ejercicio del proceso de una plaza de Ingeniero\/a de Caminos, canales y puertos.<\/p>\n<\/div>\n\t\n<a href=\"https:\/\/www.lasgabias.es\/portal-transparencia\/publicado-anuncio-puntuacion-ejercicio-tipo-test-del-proceso-de-ingeniero-a-de-caminos-canales-y-puertos\/\" class=\"post-details details-type-link\" aria-label=\"Read more about Publicado anuncio puntuaci\u00f3n ejercicio tipo test del proceso de Ingeniero\/a de Caminos, canales y puertos\">Leer m\u00e1s<i class=\"dt-icon-the7-arrow-03\" aria-hidden=\"true\"><\/i><\/a>\n\n<\/div><\/article><\/div><div class=\"hidden wf-cell category-2\" data-post-id=\"3526\" data-date=\"2023-04-28T09:50:12+02:00\" data-name=\"Publicada puntuaci\u00f3n provisional de la fase de concurso de 1 plaza de TAG\"><article class=\"post project-odd visible post-3526 type-post status-publish format-standard has-post-thumbnail hentry category-empleo-publico category-2\" data-name=\"Publicada puntuaci\u00f3n provisional de la fase de concurso de 1 plaza de TAG\" data-date=\"2023-04-28T09:50:12+02:00\">\n\n<div class=\"post-thumbnail-wrap\">\n\t<div class=\"post-thumbnail\">\n\t\t\n\t\t\n\t\t<a href=\"https:\/\/www.lasgabias.es\/portal-transparencia\/publicada-puntuacion-provisional-de-la-fase-de-concurso-de-1-plaza-de-tag\/\" class=\"post-thumbnail-rollover layzr-bg layzr-bg\" ><img fetchpriority=\"high\" decoding=\"async\" class=\"iso-lazy-load preload-me iso-lazy-load aspect\" src=\"data:image\/svg+xml,%3Csvg%20xmlns%3D&#39;http%3A%2F%2Fwww.w3.org%2F2000%2Fsvg&#39;%20viewBox%3D&#39;0%200%20768%20768&#39;%2F%3E\" data-src=\"https:\/\/www.lasgabias.es\/portal-transparencia\/wp-content\/uploads\/sites\/8\/2017\/05\/s020-768x768.jpg\" data-srcset=\"https:\/\/www.lasgabias.es\/portal-transparencia\/wp-content\/uploads\/sites\/8\/2017\/05\/s020-768x768.jpg 768w, https:\/\/www.lasgabias.es\/portal-transparencia\/wp-content\/uploads\/sites\/8\/2017\/05\/s020-800x800.jpg 800w\" loading=\"eager\" style=\"--ratio: 768 \/ 768\" sizes=\"(max-width: 768px) 100vw, 768px\" alt=\"\"  width=\"768\" height=\"768\"  \/><\/a>\t<\/div>\n<\/div>\n\n\n<div class=\"post-entry-content\">\n\n\t<h3 class=\"entry-title\">\n\t\t<a href=\"https:\/\/www.lasgabias.es\/portal-transparencia\/publicada-puntuacion-provisional-de-la-fase-de-concurso-de-1-plaza-de-tag\/\" title=\"Publicada puntuaci\u00f3n provisional de la fase de concurso de 1 plaza de TAG\" rel=\"bookmark\">Publicada puntuaci\u00f3n provisional de la fase de concurso de 1 plaza de TAG<\/a>\n\t<\/h3>\n\n\t<div class=\"entry-meta\"><span class=\"category-link\"><a href=\"https:\/\/www.lasgabias.es\/portal-transparencia\/category\/empleo-publico\/\" >Empleo p\u00fablico<\/a><\/span><\/div>\n\t<div class=\"entry-excerpt\"><p>Publicaci\u00f3n de la puntuaci\u00f3n provisional de la fase de concurso para la provisi\u00f3n en propiedad de una plaza de T\u00e9cnico de Administraci\u00f3n General del Ayuntamiento de Las Gabias (OEP Extraordinaria de estabilizaci\u00f3n).<\/p>\n<\/div>\n\t\n<a href=\"https:\/\/www.lasgabias.es\/portal-transparencia\/publicada-puntuacion-provisional-de-la-fase-de-concurso-de-1-plaza-de-tag\/\" class=\"post-details details-type-link\" aria-label=\"Read more about Publicada puntuaci\u00f3n provisional de la fase de concurso de 1 plaza de TAG\">Leer m\u00e1s<i class=\"dt-icon-the7-arrow-03\" aria-hidden=\"true\"><\/i><\/a>\n\n<\/div><\/article><\/div><div class=\"hidden wf-cell category-2\" data-post-id=\"3495\" data-date=\"2023-04-25T10:59:00+02:00\" data-name=\"Publicaci\u00f3n del anuncio del resultado de la correcci\u00f3n del ejercicio test de la fase de oposici\u00f3n 1 plaza de TAG\"><article class=\"post project-odd visible post-3495 type-post status-publish format-standard has-post-thumbnail hentry category-empleo-publico category-2\" data-name=\"Publicaci\u00f3n del anuncio del resultado de la correcci\u00f3n del ejercicio test de la fase de oposici\u00f3n 1 plaza de TAG\" data-date=\"2023-04-25T10:59:00+02:00\">\n\n<div class=\"post-thumbnail-wrap\">\n\t<div class=\"post-thumbnail\">\n\t\t\n\t\t\n\t\t<a href=\"https:\/\/www.lasgabias.es\/portal-transparencia\/publicacion-del-anuncio-del-resultado-de-la-correcion-del-ejercicio-test-de-la-fase-de-oposicion-1-plaza-de-tag\/\" class=\"post-thumbnail-rollover layzr-bg layzr-bg\" ><img fetchpriority=\"high\" decoding=\"async\" class=\"iso-lazy-load preload-me iso-lazy-load aspect\" src=\"data:image\/svg+xml,%3Csvg%20xmlns%3D&#39;http%3A%2F%2Fwww.w3.org%2F2000%2Fsvg&#39;%20viewBox%3D&#39;0%200%20768%20768&#39;%2F%3E\" data-src=\"https:\/\/www.lasgabias.es\/portal-transparencia\/wp-content\/uploads\/sites\/8\/2017\/05\/s020-768x768.jpg\" data-srcset=\"https:\/\/www.lasgabias.es\/portal-transparencia\/wp-content\/uploads\/sites\/8\/2017\/05\/s020-768x768.jpg 768w, https:\/\/www.lasgabias.es\/portal-transparencia\/wp-content\/uploads\/sites\/8\/2017\/05\/s020-800x800.jpg 800w\" loading=\"eager\" style=\"--ratio: 768 \/ 768\" sizes=\"(max-width: 768px) 100vw, 768px\" alt=\"\"  width=\"768\" height=\"768\"  \/><\/a>\t<\/div>\n<\/div>\n\n\n<div class=\"post-entry-content\">\n\n\t<h3 class=\"entry-title\">\n\t\t<a href=\"https:\/\/www.lasgabias.es\/portal-transparencia\/publicacion-del-anuncio-del-resultado-de-la-correcion-del-ejercicio-test-de-la-fase-de-oposicion-1-plaza-de-tag\/\" title=\"Publicaci\u00f3n del anuncio del resultado de la correcci\u00f3n del ejercicio test de la fase de oposici\u00f3n 1 plaza de TAG\" rel=\"bookmark\">Publicaci\u00f3n del anuncio del resultado de la correcci\u00f3n del ejercicio test de la fase de oposici\u00f3n 1 plaza de TAG<\/a>\n\t<\/h3>\n\n\t<div class=\"entry-meta\"><span class=\"category-link\"><a href=\"https:\/\/www.lasgabias.es\/portal-transparencia\/category\/empleo-publico\/\" >Empleo p\u00fablico<\/a><\/span><\/div>\n\t<div class=\"entry-excerpt\"><p>Publicaci\u00f3n del anuncio del resultado de la correcci\u00f3n del ejercicio test de la fase de oposici\u00f3n 1 plaza de TAG<\/p>\n<\/div>\n\t\n<a href=\"https:\/\/www.lasgabias.es\/portal-transparencia\/publicacion-del-anuncio-del-resultado-de-la-correcion-del-ejercicio-test-de-la-fase-de-oposicion-1-plaza-de-tag\/\" class=\"post-details details-type-link\" aria-label=\"Read more about Publicaci\u00f3n del anuncio del resultado de la correcci\u00f3n del ejercicio test de la fase de oposici\u00f3n 1 plaza de TAG\">Leer m\u00e1s<i class=\"dt-icon-the7-arrow-03\" aria-hidden=\"true\"><\/i><\/a>\n\n<\/div><\/article><\/div><div class=\"hidden wf-cell category-2\" data-post-id=\"3489\" data-date=\"2023-04-25T09:27:46+02:00\" data-name=\"Publicada lista definitiva admitidos\/as y excluidos\/as 1 plaza de TAG y fecha de examen\"><article class=\"post project-odd visible post-3489 type-post status-publish format-standard has-post-thumbnail hentry category-empleo-publico category-2\" data-name=\"Publicada lista definitiva admitidos\/as y excluidos\/as 1 plaza de TAG y fecha de examen\" data-date=\"2023-04-25T09:27:46+02:00\">\n\n<div class=\"post-thumbnail-wrap\">\n\t<div class=\"post-thumbnail\">\n\t\t\n\t\t\n\t\t<a href=\"https:\/\/www.lasgabias.es\/portal-transparencia\/publicada-lista-definitiva-admitidos-as-y-excluidos-as-1-plaza-de-tag-y-fecha-de-examen\/\" class=\"post-thumbnail-rollover layzr-bg layzr-bg\" ><img fetchpriority=\"high\" decoding=\"async\" class=\"iso-lazy-load preload-me iso-lazy-load aspect\" src=\"data:image\/svg+xml,%3Csvg%20xmlns%3D&#39;http%3A%2F%2Fwww.w3.org%2F2000%2Fsvg&#39;%20viewBox%3D&#39;0%200%20768%20768&#39;%2F%3E\" data-src=\"https:\/\/www.lasgabias.es\/portal-transparencia\/wp-content\/uploads\/sites\/8\/2017\/05\/s020-768x768.jpg\" data-srcset=\"https:\/\/www.lasgabias.es\/portal-transparencia\/wp-content\/uploads\/sites\/8\/2017\/05\/s020-768x768.jpg 768w, https:\/\/www.lasgabias.es\/portal-transparencia\/wp-content\/uploads\/sites\/8\/2017\/05\/s020-800x800.jpg 800w\" loading=\"eager\" style=\"--ratio: 768 \/ 768\" sizes=\"(max-width: 768px) 100vw, 768px\" alt=\"\"  width=\"768\" height=\"768\"  \/><\/a>\t<\/div>\n<\/div>\n\n\n<div class=\"post-entry-content\">\n\n\t<h3 class=\"entry-title\">\n\t\t<a href=\"https:\/\/www.lasgabias.es\/portal-transparencia\/publicada-lista-definitiva-admitidos-as-y-excluidos-as-1-plaza-de-tag-y-fecha-de-examen\/\" title=\"Publicada lista definitiva admitidos\/as y excluidos\/as 1 plaza de TAG y fecha de examen\" rel=\"bookmark\">Publicada lista definitiva admitidos\/as y excluidos\/as 1 plaza de TAG y fecha de examen<\/a>\n\t<\/h3>\n\n\t<div class=\"entry-meta\"><span class=\"category-link\"><a href=\"https:\/\/www.lasgabias.es\/portal-transparencia\/category\/empleo-publico\/\" >Empleo p\u00fablico<\/a><\/span><\/div>\n\t<div class=\"entry-excerpt\"><p>Publicaci\u00f3n de lista definitiva de admitidos\/as y excluidos\/as y fecha de examen del primer ejercicio de la oposici\u00f3n de 1 plaza de TAG por estabilizaci\u00f3n.<\/p>\n<\/div>\n\t\n<a href=\"https:\/\/www.lasgabias.es\/portal-transparencia\/publicada-lista-definitiva-admitidos-as-y-excluidos-as-1-plaza-de-tag-y-fecha-de-examen\/\" class=\"post-details details-type-link\" aria-label=\"Read more about Publicada lista definitiva admitidos\/as y excluidos\/as 1 plaza de TAG y fecha de examen\">Leer m\u00e1s<i class=\"dt-icon-the7-arrow-03\" aria-hidden=\"true\"><\/i><\/a>\n\n<\/div><\/article><\/div><div class=\"hidden wf-cell category-2\" data-post-id=\"3447\" data-date=\"2023-04-19T13:08:46+02:00\" data-name=\"Publicado anuncio de citaci\u00f3n a las entrevistas del ejercicio psicot\u00e9cnico de dos plazas de Polic\u00eda Local\"><article class=\"post project-odd visible post-3447 type-post status-publish format-standard has-post-thumbnail hentry category-empleo-publico category-2\" data-name=\"Publicado anuncio de citaci\u00f3n a las entrevistas del ejercicio psicot\u00e9cnico de dos plazas de Polic\u00eda Local\" data-date=\"2023-04-19T13:08:46+02:00\">\n\n<div class=\"post-thumbnail-wrap\">\n\t<div class=\"post-thumbnail\">\n\t\t\n\t\t\n\t\t<a href=\"https:\/\/www.lasgabias.es\/portal-transparencia\/publicado-anuncio-de-citacion-a-las-entrevistas-del-ejercicio-psicotecnico\/\" class=\"post-thumbnail-rollover layzr-bg layzr-bg\" ><img fetchpriority=\"high\" decoding=\"async\" class=\"iso-lazy-load preload-me iso-lazy-load aspect\" src=\"data:image\/svg+xml,%3Csvg%20xmlns%3D&#39;http%3A%2F%2Fwww.w3.org%2F2000%2Fsvg&#39;%20viewBox%3D&#39;0%200%20768%20768&#39;%2F%3E\" data-src=\"https:\/\/www.lasgabias.es\/portal-transparencia\/wp-content\/uploads\/sites\/8\/2017\/05\/s020-768x768.jpg\" data-srcset=\"https:\/\/www.lasgabias.es\/portal-transparencia\/wp-content\/uploads\/sites\/8\/2017\/05\/s020-768x768.jpg 768w, https:\/\/www.lasgabias.es\/portal-transparencia\/wp-content\/uploads\/sites\/8\/2017\/05\/s020-800x800.jpg 800w\" loading=\"eager\" style=\"--ratio: 768 \/ 768\" sizes=\"(max-width: 768px) 100vw, 768px\" alt=\"\"  width=\"768\" height=\"768\"  \/><\/a>\t<\/div>\n<\/div>\n\n\n<div class=\"post-entry-content\">\n\n\t<h3 class=\"entry-title\">\n\t\t<a href=\"https:\/\/www.lasgabias.es\/portal-transparencia\/publicado-anuncio-de-citacion-a-las-entrevistas-del-ejercicio-psicotecnico\/\" title=\"Publicado anuncio de citaci\u00f3n a las entrevistas del ejercicio psicot\u00e9cnico de dos plazas de Polic\u00eda Local\" rel=\"bookmark\">Publicado anuncio de citaci\u00f3n a las entrevistas del ejercicio psicot\u00e9cnico de dos plazas de Polic\u00eda Local<\/a>\n\t<\/h3>\n\n\t<div class=\"entry-meta\"><span class=\"category-link\"><a href=\"https:\/\/www.lasgabias.es\/portal-transparencia\/category\/empleo-publico\/\" >Empleo p\u00fablico<\/a><\/span><\/div>\n\t<div class=\"entry-excerpt\"><p>Publicado anuncio de citaci\u00f3n a las entrevistas del ejercicio psicot\u00e9cnico de dos plazas de Polic\u00eda Local<\/p>\n<\/div>\n\t\n<a href=\"https:\/\/www.lasgabias.es\/portal-transparencia\/publicado-anuncio-de-citacion-a-las-entrevistas-del-ejercicio-psicotecnico\/\" class=\"post-details details-type-link\" aria-label=\"Read more about Publicado anuncio de citaci\u00f3n a las entrevistas del ejercicio psicot\u00e9cnico de dos plazas de Polic\u00eda Local\">Leer m\u00e1s<i class=\"dt-icon-the7-arrow-03\" aria-hidden=\"true\"><\/i><\/a>\n\n<\/div><\/article><\/div><div class=\"hidden wf-cell category-2\" data-post-id=\"3381\" data-date=\"2023-04-12T10:16:01+02:00\" data-name=\"Publicado anuncio de correcci\u00f3n del listado de admitidos\/as y excluidos\/as para la selecci\u00f3n de dos plazas de Polic\u00eda Local\"><article class=\"post project-odd visible post-3381 type-post status-publish format-standard has-post-thumbnail hentry category-empleo-publico category-2\" data-name=\"Publicado anuncio de correcci\u00f3n del listado de admitidos\/as y excluidos\/as para la selecci\u00f3n de dos plazas de Polic\u00eda Local\" data-date=\"2023-04-12T10:16:01+02:00\">\n\n<div class=\"post-thumbnail-wrap\">\n\t<div class=\"post-thumbnail\">\n\t\t\n\t\t\n\t\t<a href=\"https:\/\/www.lasgabias.es\/portal-transparencia\/publicado-anuncio-de-correccion-del-listado-de-admitidos-as-y-excluidos-as-para-la-seleccion-de-dos-plazas-de-policia-local\/\" class=\"post-thumbnail-rollover layzr-bg layzr-bg\" ><img fetchpriority=\"high\" decoding=\"async\" class=\"iso-lazy-load preload-me iso-lazy-load aspect\" src=\"data:image\/svg+xml,%3Csvg%20xmlns%3D&#39;http%3A%2F%2Fwww.w3.org%2F2000%2Fsvg&#39;%20viewBox%3D&#39;0%200%20768%20768&#39;%2F%3E\" data-src=\"https:\/\/www.lasgabias.es\/portal-transparencia\/wp-content\/uploads\/sites\/8\/2017\/05\/s020-768x768.jpg\" data-srcset=\"https:\/\/www.lasgabias.es\/portal-transparencia\/wp-content\/uploads\/sites\/8\/2017\/05\/s020-768x768.jpg 768w, https:\/\/www.lasgabias.es\/portal-transparencia\/wp-content\/uploads\/sites\/8\/2017\/05\/s020-800x800.jpg 800w\" loading=\"eager\" style=\"--ratio: 768 \/ 768\" sizes=\"(max-width: 768px) 100vw, 768px\" alt=\"\"  width=\"768\" height=\"768\"  \/><\/a>\t<\/div>\n<\/div>\n\n\n<div class=\"post-entry-content\">\n\n\t<h3 class=\"entry-title\">\n\t\t<a href=\"https:\/\/www.lasgabias.es\/portal-transparencia\/publicado-anuncio-de-correccion-del-listado-de-admitidos-as-y-excluidos-as-para-la-seleccion-de-dos-plazas-de-policia-local\/\" title=\"Publicado anuncio de correcci\u00f3n del listado de admitidos\/as y excluidos\/as para la selecci\u00f3n de dos plazas de Polic\u00eda Local\" rel=\"bookmark\">Publicado anuncio de correcci\u00f3n del listado de admitidos\/as y excluidos\/as para la selecci\u00f3n de dos plazas de Polic\u00eda Local<\/a>\n\t<\/h3>\n\n\t<div class=\"entry-meta\"><span class=\"category-link\"><a href=\"https:\/\/www.lasgabias.es\/portal-transparencia\/category\/empleo-publico\/\" >Empleo p\u00fablico<\/a><\/span><\/div>\n\t<div class=\"entry-excerpt\"><p>Se ha publicado anuncio del Bolet\u00edn Oficial de la Provincia en el que se publica correcci\u00f3n del listado de admitidos\/as y excluidos\/as de dos plazas de Polic\u00eda Local, del Ayuntamiento de Las Gabias. Granada.<\/p>\n<\/div>\n\t\n<a href=\"https:\/\/www.lasgabias.es\/portal-transparencia\/publicado-anuncio-de-correccion-del-listado-de-admitidos-as-y-excluidos-as-para-la-seleccion-de-dos-plazas-de-policia-local\/\" class=\"post-details details-type-link\" aria-label=\"Read more about Publicado anuncio de correcci\u00f3n del listado de admitidos\/as y excluidos\/as para la selecci\u00f3n de dos plazas de Polic\u00eda Local\">Leer m\u00e1s<i class=\"dt-icon-the7-arrow-03\" aria-hidden=\"true\"><\/i><\/a>\n\n<\/div><\/article><\/div><div class=\"hidden wf-cell category-1\" data-post-id=\"3366\" data-date=\"2023-04-11T11:58:09+02:00\" data-name=\"Pleno Sesi\u00f3n Ordinaria del 27 de febrero de 2023\"><article class=\"post project-odd visible post-3366 type-post status-publish format-standard has-post-thumbnail hentry category-plenos-municipales category-1\" data-name=\"Pleno Sesi\u00f3n Ordinaria del 27 de febrero de 2023\" data-date=\"2023-04-11T11:58:09+02:00\">\n\n<div class=\"post-thumbnail-wrap\">\n\t<div class=\"post-thumbnail\">\n\t\t\n\t\t\n\t\t<a href=\"https:\/\/www.lasgabias.es\/portal-transparencia\/pleno-sesion-ordinaria-del-27-de-febrero-de-2023\/\" class=\"post-thumbnail-rollover layzr-bg layzr-bg\" ><img decoding=\"async\" class=\"iso-lazy-load preload-me iso-lazy-load aspect\" src=\"data:image\/svg+xml,%3Csvg%20xmlns%3D&#39;http%3A%2F%2Fwww.w3.org%2F2000%2Fsvg&#39;%20viewBox%3D&#39;0%200%20768%20768&#39;%2F%3E\" data-src=\"https:\/\/www.lasgabias.es\/portal-transparencia\/wp-content\/uploads\/sites\/8\/2023\/03\/pleno-768x768.jpg\" data-srcset=\"https:\/\/www.lasgabias.es\/portal-transparencia\/wp-content\/uploads\/sites\/8\/2023\/03\/pleno-768x768.jpg 768w, https:\/\/www.lasgabias.es\/portal-transparencia\/wp-content\/uploads\/sites\/8\/2023\/03\/pleno-800x800.jpg 800w\" loading=\"eager\" style=\"--ratio: 768 \/ 768\" sizes=\"(max-width: 768px) 100vw, 768px\" alt=\"\" title=\"pleno\" width=\"768\" height=\"768\"  \/><\/a>\t<\/div>\n<\/div>\n\n\n<div class=\"post-entry-content\">\n\n\t<h3 class=\"entry-title\">\n\t\t<a href=\"https:\/\/www.lasgabias.es\/portal-transparencia\/pleno-sesion-ordinaria-del-27-de-febrero-de-2023\/\" title=\"Pleno Sesi\u00f3n Ordinaria del 27 de febrero de 2023\" rel=\"bookmark\">Pleno Sesi\u00f3n Ordinaria del 27 de febrero de 2023<\/a>\n\t<\/h3>\n\n\t<div class=\"entry-meta\"><span class=\"category-link\"><a href=\"https:\/\/www.lasgabias.es\/portal-transparencia\/category\/plenos-municipales\/\" >Plenos Municipales<\/a><\/span><\/div>\n\t<div class=\"entry-excerpt\"><p>Publicaci\u00f3n del acta y v\u00eddeoacta correspondiente a la sesi\u00f3n ordinaria de Pleno celebrada el 27 de febrero de 2023 en el Ayuntamiento de Las Gabias.<\/p>\n<\/div>\n\t\n<a href=\"https:\/\/www.lasgabias.es\/portal-transparencia\/pleno-sesion-ordinaria-del-27-de-febrero-de-2023\/\" class=\"post-details details-type-link\" aria-label=\"Read more about Pleno Sesi\u00f3n Ordinaria del 27 de febrero de 2023\">Leer m\u00e1s<i class=\"dt-icon-the7-arrow-03\" aria-hidden=\"true\"><\/i><\/a>\n\n<\/div><\/article><\/div><div class=\"hidden wf-cell category-1\" data-post-id=\"3364\" data-date=\"2023-04-11T11:56:57+02:00\" data-name=\"Pleno Sesi\u00f3n Extraordinaria y Urgente del 22 de febrero de 2023\"><article class=\"post project-odd visible post-3364 type-post status-publish format-standard has-post-thumbnail hentry category-plenos-municipales category-1\" data-name=\"Pleno Sesi\u00f3n Extraordinaria y Urgente del 22 de febrero de 2023\" data-date=\"2023-04-11T11:56:57+02:00\">\n\n<div class=\"post-thumbnail-wrap\">\n\t<div class=\"post-thumbnail\">\n\t\t\n\t\t\n\t\t<a href=\"https:\/\/www.lasgabias.es\/portal-transparencia\/pleno-sesion-extraordinaria-y-urgente-del-22-de-febrero-de-2023\/\" class=\"post-thumbnail-rollover layzr-bg layzr-bg\" ><img decoding=\"async\" class=\"iso-lazy-load preload-me iso-lazy-load aspect\" src=\"data:image\/svg+xml,%3Csvg%20xmlns%3D&#39;http%3A%2F%2Fwww.w3.org%2F2000%2Fsvg&#39;%20viewBox%3D&#39;0%200%20768%20768&#39;%2F%3E\" data-src=\"https:\/\/www.lasgabias.es\/portal-transparencia\/wp-content\/uploads\/sites\/8\/2023\/03\/pleno-768x768.jpg\" data-srcset=\"https:\/\/www.lasgabias.es\/portal-transparencia\/wp-content\/uploads\/sites\/8\/2023\/03\/pleno-768x768.jpg 768w, https:\/\/www.lasgabias.es\/portal-transparencia\/wp-content\/uploads\/sites\/8\/2023\/03\/pleno-800x800.jpg 800w\" loading=\"eager\" style=\"--ratio: 768 \/ 768\" sizes=\"(max-width: 768px) 100vw, 768px\" alt=\"\" title=\"pleno\" width=\"768\" height=\"768\"  \/><\/a>\t<\/div>\n<\/div>\n\n\n<div class=\"post-entry-content\">\n\n\t<h3 class=\"entry-title\">\n\t\t<a href=\"https:\/\/www.lasgabias.es\/portal-transparencia\/pleno-sesion-extraordinaria-y-urgente-del-22-de-febrero-de-2023\/\" title=\"Pleno Sesi\u00f3n Extraordinaria y Urgente del 22 de febrero de 2023\" rel=\"bookmark\">Pleno Sesi\u00f3n Extraordinaria y Urgente del 22 de febrero de 2023<\/a>\n\t<\/h3>\n\n\t<div class=\"entry-meta\"><span class=\"category-link\"><a href=\"https:\/\/www.lasgabias.es\/portal-transparencia\/category\/plenos-municipales\/\" >Plenos Municipales<\/a><\/span><\/div>\n\t<div class=\"entry-excerpt\"><p>Publicaci\u00f3n del acta y v\u00eddeoacta correspondiente a la sesi\u00f3n extraordinaria y urgente de Pleno celebrada el 22 de febrero de 2023 en el Ayuntamiento de Las Gabias.<\/p>\n<\/div>\n\t\n<a href=\"https:\/\/www.lasgabias.es\/portal-transparencia\/pleno-sesion-extraordinaria-y-urgente-del-22-de-febrero-de-2023\/\" class=\"post-details details-type-link\" aria-label=\"Read more about Pleno Sesi\u00f3n Extraordinaria y Urgente del 22 de febrero de 2023\">Leer m\u00e1s<i class=\"dt-icon-the7-arrow-03\" aria-hidden=\"true\"><\/i><\/a>\n\n<\/div><\/article><\/div><div class=\"hidden wf-cell category-2\" data-post-id=\"3361\" data-date=\"2023-04-11T11:52:10+02:00\" data-name=\"Publicado cuestionario tipo test y plantilla de correcci\u00f3n del ejercicio del proceso de Ingeniero\/a de Caminos, canales y puertos\"><article class=\"post project-odd visible post-3361 type-post status-publish format-standard has-post-thumbnail hentry category-empleo-publico category-2\" data-name=\"Publicado cuestionario tipo test y plantilla de correcci\u00f3n del ejercicio del proceso de Ingeniero\/a de Caminos, canales y puertos\" data-date=\"2023-04-11T11:52:10+02:00\">\n\n<div class=\"post-thumbnail-wrap\">\n\t<div class=\"post-thumbnail\">\n\t\t\n\t\t\n\t\t<a href=\"https:\/\/www.lasgabias.es\/portal-transparencia\/publicado-cuestionario-tipo-test-y-plantilla-de-correccion-del-ejercicio-del-proceso-de-ingeniero-a-de-caminos-canales-y-puertos\/\" class=\"post-thumbnail-rollover layzr-bg layzr-bg\" ><img fetchpriority=\"high\" decoding=\"async\" class=\"iso-lazy-load preload-me iso-lazy-load aspect\" src=\"data:image\/svg+xml,%3Csvg%20xmlns%3D&#39;http%3A%2F%2Fwww.w3.org%2F2000%2Fsvg&#39;%20viewBox%3D&#39;0%200%20768%20768&#39;%2F%3E\" data-src=\"https:\/\/www.lasgabias.es\/portal-transparencia\/wp-content\/uploads\/sites\/8\/2017\/05\/s020-768x768.jpg\" data-srcset=\"https:\/\/www.lasgabias.es\/portal-transparencia\/wp-content\/uploads\/sites\/8\/2017\/05\/s020-768x768.jpg 768w, https:\/\/www.lasgabias.es\/portal-transparencia\/wp-content\/uploads\/sites\/8\/2017\/05\/s020-800x800.jpg 800w\" loading=\"eager\" style=\"--ratio: 768 \/ 768\" sizes=\"(max-width: 768px) 100vw, 768px\" alt=\"\"  width=\"768\" height=\"768\"  \/><\/a>\t<\/div>\n<\/div>\n\n\n<div class=\"post-entry-content\">\n\n\t<h3 class=\"entry-title\">\n\t\t<a href=\"https:\/\/www.lasgabias.es\/portal-transparencia\/publicado-cuestionario-tipo-test-y-plantilla-de-correccion-del-ejercicio-del-proceso-de-ingeniero-a-de-caminos-canales-y-puertos\/\" title=\"Publicado cuestionario tipo test y plantilla de correcci\u00f3n del ejercicio del proceso de Ingeniero\/a de Caminos, canales y puertos\" rel=\"bookmark\">Publicado cuestionario tipo test y plantilla de correcci\u00f3n del ejercicio del proceso de Ingeniero\/a de Caminos, canales y puertos<\/a>\n\t<\/h3>\n\n\t<div class=\"entry-meta\"><span class=\"category-link\"><a href=\"https:\/\/www.lasgabias.es\/portal-transparencia\/category\/empleo-publico\/\" >Empleo p\u00fablico<\/a><\/span><\/div>\n\t<div class=\"entry-excerpt\"><p>Publicado cuestionario tipo test y plantilla de correcci\u00f3n del ejercicio del proceso de Ingeniero\/a de Caminos, canales y puertos<\/p>\n<\/div>\n\t\n<a href=\"https:\/\/www.lasgabias.es\/portal-transparencia\/publicado-cuestionario-tipo-test-y-plantilla-de-correccion-del-ejercicio-del-proceso-de-ingeniero-a-de-caminos-canales-y-puertos\/\" class=\"post-details details-type-link\" aria-label=\"Read more about Publicado cuestionario tipo test y plantilla de correcci\u00f3n del ejercicio del proceso de Ingeniero\/a de Caminos, canales y puertos\">Leer m\u00e1s<i class=\"dt-icon-the7-arrow-03\" aria-hidden=\"true\"><\/i><\/a>\n\n<\/div><\/article><\/div><div class=\"hidden wf-cell category-2\" data-post-id=\"3341\" data-date=\"2023-04-03T16:45:13+02:00\" data-name=\"Publicado anuncio de las normas de funcionamiento del \u00d3rgano de selecci\u00f3n de dos plazas de Polic\u00eda Local\"><article class=\"post project-odd visible post-3341 type-post status-publish format-standard has-post-thumbnail hentry category-empleo-publico category-2\" data-name=\"Publicado anuncio de las normas de funcionamiento del \u00d3rgano de selecci\u00f3n de dos plazas de Polic\u00eda Local\" data-date=\"2023-04-03T16:45:13+02:00\">\n\n<div class=\"post-thumbnail-wrap\">\n\t<div class=\"post-thumbnail\">\n\t\t\n\t\t\n\t\t<a href=\"https:\/\/www.lasgabias.es\/portal-transparencia\/publicado-anuncio-de-las-normas-de-funcionamiento-del-tribunal-de-dos-plazas-de-policia-local\/\" class=\"post-thumbnail-rollover layzr-bg layzr-bg\" ><img fetchpriority=\"high\" decoding=\"async\" class=\"iso-lazy-load preload-me iso-lazy-load aspect\" src=\"data:image\/svg+xml,%3Csvg%20xmlns%3D&#39;http%3A%2F%2Fwww.w3.org%2F2000%2Fsvg&#39;%20viewBox%3D&#39;0%200%20768%20768&#39;%2F%3E\" data-src=\"https:\/\/www.lasgabias.es\/portal-transparencia\/wp-content\/uploads\/sites\/8\/2017\/05\/s020-768x768.jpg\" data-srcset=\"https:\/\/www.lasgabias.es\/portal-transparencia\/wp-content\/uploads\/sites\/8\/2017\/05\/s020-768x768.jpg 768w, https:\/\/www.lasgabias.es\/portal-transparencia\/wp-content\/uploads\/sites\/8\/2017\/05\/s020-800x800.jpg 800w\" loading=\"eager\" style=\"--ratio: 768 \/ 768\" sizes=\"(max-width: 768px) 100vw, 768px\" alt=\"\"  width=\"768\" height=\"768\"  \/><\/a>\t<\/div>\n<\/div>\n\n\n<div class=\"post-entry-content\">\n\n\t<h3 class=\"entry-title\">\n\t\t<a href=\"https:\/\/www.lasgabias.es\/portal-transparencia\/publicado-anuncio-de-las-normas-de-funcionamiento-del-tribunal-de-dos-plazas-de-policia-local\/\" title=\"Publicado anuncio de las normas de funcionamiento del \u00d3rgano de selecci\u00f3n de dos plazas de Polic\u00eda Local\" rel=\"bookmark\">Publicado anuncio de las normas de funcionamiento del \u00d3rgano de selecci\u00f3n de dos plazas de Polic\u00eda Local<\/a>\n\t<\/h3>\n\n\t<div class=\"entry-meta\"><span class=\"category-link\"><a href=\"https:\/\/www.lasgabias.es\/portal-transparencia\/category\/empleo-publico\/\" >Empleo p\u00fablico<\/a><\/span><\/div>\n\t<div class=\"entry-excerpt\"><p>Publicado anuncio de las normas de funcionamiento del \u00d3rgano de selecci\u00f3n de dos plazas de Polic\u00eda Local<\/p>\n<\/div>\n\t\n<a href=\"https:\/\/www.lasgabias.es\/portal-transparencia\/publicado-anuncio-de-las-normas-de-funcionamiento-del-tribunal-de-dos-plazas-de-policia-local\/\" class=\"post-details details-type-link\" aria-label=\"Read more about Publicado anuncio de las normas de funcionamiento del \u00d3rgano de selecci\u00f3n de dos plazas de Polic\u00eda Local\">Leer m\u00e1s<i class=\"dt-icon-the7-arrow-03\" aria-hidden=\"true\"><\/i><\/a>\n\n<\/div><\/article><\/div><div class=\"hidden wf-cell category-2\" data-post-id=\"2876\" data-date=\"2023-03-22T08:42:19+01:00\" data-name=\"Publicada lista definitiva admitidos\/as y excluidos\/as 1 plaza de TAG\"><article class=\"post project-odd visible post-2876 type-post status-publish format-standard has-post-thumbnail hentry category-empleo-publico category-2\" data-name=\"Publicada lista definitiva admitidos\/as y excluidos\/as 1 plaza de TAG\" data-date=\"2023-03-22T08:42:19+01:00\">\n\n<div class=\"post-thumbnail-wrap\">\n\t<div class=\"post-thumbnail\">\n\t\t\n\t\t\n\t\t<a href=\"https:\/\/www.lasgabias.es\/portal-transparencia\/publicada-lista-definitiva-admitidos-as-y-excluidos-as-1-plaza-de-tag\/\" class=\"post-thumbnail-rollover layzr-bg layzr-bg\" ><img fetchpriority=\"high\" decoding=\"async\" class=\"iso-lazy-load preload-me iso-lazy-load aspect\" src=\"data:image\/svg+xml,%3Csvg%20xmlns%3D&#39;http%3A%2F%2Fwww.w3.org%2F2000%2Fsvg&#39;%20viewBox%3D&#39;0%200%20768%20768&#39;%2F%3E\" data-src=\"https:\/\/www.lasgabias.es\/portal-transparencia\/wp-content\/uploads\/sites\/8\/2017\/05\/s020-768x768.jpg\" data-srcset=\"https:\/\/www.lasgabias.es\/portal-transparencia\/wp-content\/uploads\/sites\/8\/2017\/05\/s020-768x768.jpg 768w, https:\/\/www.lasgabias.es\/portal-transparencia\/wp-content\/uploads\/sites\/8\/2017\/05\/s020-800x800.jpg 800w\" loading=\"eager\" style=\"--ratio: 768 \/ 768\" sizes=\"(max-width: 768px) 100vw, 768px\" alt=\"\"  width=\"768\" height=\"768\"  \/><\/a>\t<\/div>\n<\/div>\n\n\n<div class=\"post-entry-content\">\n\n\t<h3 class=\"entry-title\">\n\t\t<a href=\"https:\/\/www.lasgabias.es\/portal-transparencia\/publicada-lista-definitiva-admitidos-as-y-excluidos-as-1-plaza-de-tag\/\" title=\"Publicada lista definitiva admitidos\/as y excluidos\/as 1 plaza de TAG\" rel=\"bookmark\">Publicada lista definitiva admitidos\/as y excluidos\/as 1 plaza de TAG<\/a>\n\t<\/h3>\n\n\t<div class=\"entry-meta\"><span class=\"category-link\"><a href=\"https:\/\/www.lasgabias.es\/portal-transparencia\/category\/empleo-publico\/\" >Empleo p\u00fablico<\/a><\/span><\/div>\n\t<div class=\"entry-excerpt\"><p>Publicaci\u00f3n de lista definitiva de admitidos y excluidos con fecha de examen de 1 plaza de TAG<\/p>\n<\/div>\n\t\n<a href=\"https:\/\/www.lasgabias.es\/portal-transparencia\/publicada-lista-definitiva-admitidos-as-y-excluidos-as-1-plaza-de-tag\/\" class=\"post-details details-type-link\" aria-label=\"Read more about Publicada lista definitiva admitidos\/as y excluidos\/as 1 plaza de TAG\">Leer m\u00e1s<i class=\"dt-icon-the7-arrow-03\" aria-hidden=\"true\"><\/i><\/a>\n\n<\/div><\/article><\/div><div class=\"hidden wf-cell category-1\" data-post-id=\"2862\" data-date=\"2023-03-03T14:10:19+01:00\" data-name=\"Pleno Sesi\u00f3n Ordinaria del 30 de enero de 2023\"><article class=\"post project-odd visible post-2862 type-post status-publish format-standard has-post-thumbnail hentry category-plenos-municipales category-1\" data-name=\"Pleno Sesi\u00f3n Ordinaria del 30 de enero de 2023\" data-date=\"2023-03-03T14:10:19+01:00\">\n\n<div class=\"post-thumbnail-wrap\">\n\t<div class=\"post-thumbnail\">\n\t\t\n\t\t\n\t\t<a href=\"https:\/\/www.lasgabias.es\/portal-transparencia\/pleno-sesion-ordinaria-del-30-de-enero-de-2023\/\" class=\"post-thumbnail-rollover layzr-bg layzr-bg\" ><img decoding=\"async\" class=\"iso-lazy-load preload-me iso-lazy-load aspect\" src=\"data:image\/svg+xml,%3Csvg%20xmlns%3D&#39;http%3A%2F%2Fwww.w3.org%2F2000%2Fsvg&#39;%20viewBox%3D&#39;0%200%20768%20768&#39;%2F%3E\" data-src=\"https:\/\/www.lasgabias.es\/portal-transparencia\/wp-content\/uploads\/sites\/8\/2023\/03\/pleno-768x768.jpg\" data-srcset=\"https:\/\/www.lasgabias.es\/portal-transparencia\/wp-content\/uploads\/sites\/8\/2023\/03\/pleno-768x768.jpg 768w, https:\/\/www.lasgabias.es\/portal-transparencia\/wp-content\/uploads\/sites\/8\/2023\/03\/pleno-800x800.jpg 800w\" loading=\"eager\" style=\"--ratio: 768 \/ 768\" sizes=\"(max-width: 768px) 100vw, 768px\" alt=\"\" title=\"pleno\" width=\"768\" height=\"768\"  \/><\/a>\t<\/div>\n<\/div>\n\n\n<div class=\"post-entry-content\">\n\n\t<h3 class=\"entry-title\">\n\t\t<a href=\"https:\/\/www.lasgabias.es\/portal-transparencia\/pleno-sesion-ordinaria-del-30-de-enero-de-2023\/\" title=\"Pleno Sesi\u00f3n Ordinaria del 30 de enero de 2023\" rel=\"bookmark\">Pleno Sesi\u00f3n Ordinaria del 30 de enero de 2023<\/a>\n\t<\/h3>\n\n\t<div class=\"entry-meta\"><span class=\"category-link\"><a href=\"https:\/\/www.lasgabias.es\/portal-transparencia\/category\/plenos-municipales\/\" >Plenos Municipales<\/a><\/span><\/div>\n\t<div class=\"entry-excerpt\"><p>Publicaci\u00f3n del acta y v\u00eddeo correspondiente a la sesi\u00f3n ordinaria de Pleno celebrada el 30 de enero de 2023 en el Ayuntamiento de Las Gabias.<\/p>\n<\/div>\n\t\n<a href=\"https:\/\/www.lasgabias.es\/portal-transparencia\/pleno-sesion-ordinaria-del-30-de-enero-de-2023\/\" class=\"post-details details-type-link\" aria-label=\"Read more about Pleno Sesi\u00f3n Ordinaria del 30 de enero de 2023\">Leer m\u00e1s<i class=\"dt-icon-the7-arrow-03\" aria-hidden=\"true\"><\/i><\/a>\n\n<\/div><\/article><\/div><div class=\"hidden wf-cell category-2\" data-post-id=\"2870\" data-date=\"2023-02-14T10:00:25+01:00\" data-name=\"Plazo de presentaci\u00f3n de solicitudes de una plaza de T\u00e9cnico de Administraci\u00f3n General (TAG)\"><article class=\"post project-odd visible post-2870 type-post status-publish format-standard has-post-thumbnail hentry category-empleo-publico category-2\" data-name=\"Plazo de presentaci\u00f3n de solicitudes de una plaza de T\u00e9cnico de Administraci\u00f3n General (TAG)\" data-date=\"2023-02-14T10:00:25+01:00\">\n\n<div class=\"post-thumbnail-wrap\">\n\t<div class=\"post-thumbnail\">\n\t\t\n\t\t\n\t\t<a href=\"https:\/\/www.lasgabias.es\/portal-transparencia\/plazo-de-presentacion-de-solicitudes-de-una-plaza-de-tecnico-de-administracion-general-tag\/\" class=\"post-thumbnail-rollover layzr-bg layzr-bg\" ><img fetchpriority=\"high\" decoding=\"async\" class=\"iso-lazy-load preload-me iso-lazy-load aspect\" src=\"data:image\/svg+xml,%3Csvg%20xmlns%3D&#39;http%3A%2F%2Fwww.w3.org%2F2000%2Fsvg&#39;%20viewBox%3D&#39;0%200%20768%20768&#39;%2F%3E\" data-src=\"https:\/\/www.lasgabias.es\/portal-transparencia\/wp-content\/uploads\/sites\/8\/2017\/05\/s020-768x768.jpg\" data-srcset=\"https:\/\/www.lasgabias.es\/portal-transparencia\/wp-content\/uploads\/sites\/8\/2017\/05\/s020-768x768.jpg 768w, https:\/\/www.lasgabias.es\/portal-transparencia\/wp-content\/uploads\/sites\/8\/2017\/05\/s020-800x800.jpg 800w\" loading=\"eager\" style=\"--ratio: 768 \/ 768\" sizes=\"(max-width: 768px) 100vw, 768px\" alt=\"\"  width=\"768\" height=\"768\"  \/><\/a>\t<\/div>\n<\/div>\n\n\n<div class=\"post-entry-content\">\n\n\t<h3 class=\"entry-title\">\n\t\t<a href=\"https:\/\/www.lasgabias.es\/portal-transparencia\/plazo-de-presentacion-de-solicitudes-de-una-plaza-de-tecnico-de-administracion-general-tag\/\" title=\"Plazo de presentaci\u00f3n de solicitudes de una plaza de T\u00e9cnico de Administraci\u00f3n General (TAG)\" rel=\"bookmark\">Plazo de presentaci\u00f3n de solicitudes de una plaza de T\u00e9cnico de Administraci\u00f3n General (TAG)<\/a>\n\t<\/h3>\n\n\t<div class=\"entry-meta\"><span class=\"category-link\"><a href=\"https:\/\/www.lasgabias.es\/portal-transparencia\/category\/empleo-publico\/\" >Empleo p\u00fablico<\/a><\/span><\/div>\n\t<div class=\"entry-excerpt\"><p>Plazo de presentaci\u00f3n de solicitudes de una plaza de T\u00e9cnico de Administraci\u00f3n General (TAG)<\/p>\n<\/div>\n\t\n<a href=\"https:\/\/www.lasgabias.es\/portal-transparencia\/plazo-de-presentacion-de-solicitudes-de-una-plaza-de-tecnico-de-administracion-general-tag\/\" class=\"post-details details-type-link\" aria-label=\"Read more about Plazo de presentaci\u00f3n de solicitudes de una plaza de T\u00e9cnico de Administraci\u00f3n General (TAG)\">Leer m\u00e1s<i class=\"dt-icon-the7-arrow-03\" aria-hidden=\"true\"><\/i><\/a>\n\n<\/div><\/article><\/div><div class=\"hidden wf-cell category-17\" data-post-id=\"2866\" data-date=\"2023-02-01T09:12:03+01:00\" data-name=\"Calendario d\u00edas festivos 2023\"><article class=\"post project-odd visible post-2866 type-post status-publish format-standard has-post-thumbnail hentry category-municipal category-17\" data-name=\"Calendario d\u00edas festivos 2023\" data-date=\"2023-02-01T09:12:03+01:00\">\n\n<div class=\"post-thumbnail-wrap\">\n\t<div class=\"post-thumbnail\">\n\t\t\n\t\t\n\t\t<a href=\"https:\/\/www.lasgabias.es\/portal-transparencia\/calendario-dias-festivos-2023\/\" class=\"post-thumbnail-rollover layzr-bg layzr-bg\" ><img decoding=\"async\" class=\"iso-lazy-load preload-me iso-lazy-load aspect\" src=\"data:image\/svg+xml,%3Csvg%20xmlns%3D&#39;http%3A%2F%2Fwww.w3.org%2F2000%2Fsvg&#39;%20viewBox%3D&#39;0%200%20768%20768&#39;%2F%3E\" data-src=\"https:\/\/www.lasgabias.es\/portal-transparencia\/wp-content\/uploads\/sites\/8\/2023\/02\/calendario-dias-festivos-lasgabias-768x768.jpg\" data-srcset=\"https:\/\/www.lasgabias.es\/portal-transparencia\/wp-content\/uploads\/sites\/8\/2023\/02\/calendario-dias-festivos-lasgabias-768x768.jpg 768w, https:\/\/www.lasgabias.es\/portal-transparencia\/wp-content\/uploads\/sites\/8\/2023\/02\/calendario-dias-festivos-lasgabias-976x976.jpg 976w\" loading=\"eager\" style=\"--ratio: 768 \/ 768\" sizes=\"(max-width: 768px) 100vw, 768px\" alt=\"\" title=\"calendario-dias-festivos-lasgabias\" width=\"768\" height=\"768\"  \/><\/a>\t<\/div>\n<\/div>\n\n\n<div class=\"post-entry-content\">\n\n\t<h3 class=\"entry-title\">\n\t\t<a href=\"https:\/\/www.lasgabias.es\/portal-transparencia\/calendario-dias-festivos-2023\/\" title=\"Calendario d\u00edas festivos 2023\" rel=\"bookmark\">Calendario d\u00edas festivos 2023<\/a>\n\t<\/h3>\n\n\t<div class=\"entry-meta\"><span class=\"category-link\"><a href=\"https:\/\/www.lasgabias.es\/portal-transparencia\/category\/municipal\/\" >Municipal<\/a><\/span><\/div>\n\t<div class=\"entry-excerpt\"><p>Publicaci\u00f3n del calendario de d\u00edas festivos en el municipio de Las Gabias durante el a\u00f1o 2023.<\/p>\n<\/div>\n\t\n<a href=\"https:\/\/www.lasgabias.es\/portal-transparencia\/calendario-dias-festivos-2023\/\" class=\"post-details details-type-link\" aria-label=\"Read more about Calendario d\u00edas festivos 2023\">Leer m\u00e1s<i class=\"dt-icon-the7-arrow-03\" aria-hidden=\"true\"><\/i><\/a>\n\n<\/div><\/article><\/div><\/div><!-- iso-container|iso-grid --><div class=\"paginator paginator-more-button\">\n\t\t\t\t<a class=\"button-load-more \" href=\"javascript:void(0);\" data-dt-page=\"1\" ><span class=\"stick\"><\/span><span class=\"stick\"><\/span><span class=\"stick\"><\/span><span class=\"button-caption\">Cargar m\u00e1s<\/span><\/a>\n\t\t\t<\/div><\/div>[\/vc_column][\/vc_row]<\/p>\n<\/div>","protected":false},"excerpt":{"rendered":"<p>[vc_row type=\u00bbvc_default\u00bb css=\u00bb.vc_custom_1498223944066{padding-top: 60px !important;padding-bottom: 70px !important;}\u00bb][vc_column][\/vc_column][\/vc_row]<\/p>\n","protected":false},"author":141,"featured_media":0,"parent":0,"menu_order":400,"comment_status":"closed","ping_status":"closed","template":"","meta":{"_acf_changed":false,"footnotes":""},"class_list":["post-9","page","type-page","status-publish","hentry","description-off"],"acf":[],"_links":{"self":[{"href":"https:\/\/www.lasgabias.es\/portal-transparencia\/wp-json\/wp\/v2\/pages\/9","targetHints":{"allow":["GET"]}}],"collection":[{"href":"https:\/\/www.lasgabias.es\/portal-transparencia\/wp-json\/wp\/v2\/pages"}],"about":[{"href":"https:\/\/www.lasgabias.es\/portal-transparencia\/wp-json\/wp\/v2\/types\/page"}],"author":[{"embeddable":true,"href":"https:\/\/www.lasgabias.es\/portal-transparencia\/wp-json\/wp\/v2\/users\/141"}],"replies":[{"embeddable":true,"href":"https:\/\/www.lasgabias.es\/portal-transparencia\/wp-json\/wp\/v2\/comments?post=9"}],"version-history":[{"count":2,"href":"https:\/\/www.lasgabias.es\/portal-transparencia\/wp-json\/wp\/v2\/pages\/9\/revisions"}],"predecessor-version":[{"id":3296,"href":"https:\/\/www.lasgabias.es\/portal-transparencia\/wp-json\/wp\/v2\/pages\/9\/revisions\/3296"}],"wp:attachment":[{"href":"https:\/\/www.lasgabias.es\/portal-transparencia\/wp-json\/wp\/v2\/media?parent=9"}],"curies":[{"name":"wp","href":"https:\/\/api.w.org\/{rel}","templated":true}]}}